{"version":"1.0","provider_name":"IMREDD - C\u00f4te d'Azur University","provider_url":"https:\/\/imredd.fr\/en","author_name":"Antonio Barros","author_url":"https:\/\/imredd.fr\/en\/author\/imredd-com\/","title":"L'IMREDD d\u00e9ploie son parc de bornes de recharge \u00e9lectrique","type":"rich","width":600,"height":338,"html":"<blockquote class=\"wp-embedded-content\" data-secret=\"CEg6E2ovVQ\"><a href=\"https:\/\/imredd.fr\/en\/limredd-deploie-son-parc-de-bornes-de-recharge-electriques\/\">IMREDD rolls out its range of electric charging points<\/a><\/blockquote><iframe sandbox=\"allow-scripts\" security=\"restricted\" src=\"https:\/\/imredd.fr\/en\/limredd-deploie-son-parc-de-bornes-de-recharge-electriques\/embed\/#?secret=CEg6E2ovVQ\" width=\"600\" height=\"338\" title=\"&#8220;L&rsquo;IMREDD d\u00e9ploie son parc de bornes de recharge \u00e9lectrique&#8221; &#8212; IMREDD - Universit\u00e9 C\u00f4te d&#039;Azur\" data-secret=\"CEg6E2ovVQ\" frameborder=\"0\" marginwidth=\"0\" marginheight=\"0\" scrolling=\"no\" class=\"wp-embedded-content\"><\/iframe><script>\n\/*! This file is auto-generated *\/\n!function(d,l){\"use strict\";l.querySelector&&d.addEventListener&&\"undefined\"!=typeof URL&&(d.wp=d.wp||{},d.wp.receiveEmbedMessage||(d.wp.receiveEmbedMessage=function(e){var t=e.data;if((t||t.secret||t.message||t.value)&&!\/[^a-zA-Z0-9]\/.test(t.secret)){for(var s,r,n,a=l.querySelectorAll('iframe[data-secret=\"'+t.secret+'\"]'),o=l.querySelectorAll('blockquote[data-secret=\"'+t.secret+'\"]'),c=new RegExp(\"^https?:$\",\"i\"),i=0;i<o.length;i++)o[i].style.display=\"none\";for(i=0;i<a.length;i++)s=a[i],e.source===s.contentWindow&&(s.removeAttribute(\"style\"),\"height\"===t.message?(1e3<(r=parseInt(t.value,10))?r=1e3:~~r<200&&(r=200),s.height=r):\"link\"===t.message&&(r=new URL(s.getAttribute(\"src\")),n=new URL(t.value),c.test(n.protocol))&&n.host===r.host&&l.activeElement===s&&(d.top.location.href=t.value))}},d.addEventListener(\"message\",d.wp.receiveEmbedMessage,!1),l.addEventListener(\"DOMContentLoaded\",function(){for(var e,t,s=l.querySelectorAll(\"iframe.wp-embedded-content\"),r=0;r<s.length;r++)(t=(e=s[r]).getAttribute(\"data-secret\"))||(t=Math.random().toString(36).substring(2,12),e.src+=\"#?secret=\"+t,e.setAttribute(\"data-secret\",t)),e.contentWindow.postMessage({message:\"ready\",secret:t},\"*\")},!1)))}(window,document);\n\/\/# sourceURL=https:\/\/imredd.fr\/wp-includes\/js\/wp-embed.min.js\n<\/script>","thumbnail_url":"https:\/\/imredd.fr\/wp-content\/uploads\/2021\/06\/bornes_de_recharge2.png","thumbnail_width":900,"thumbnail_height":600,"description":"L\u2019IMREDD d\u00e9ploie son infrastructure de recharge pour v\u00e9hicules \u00e9lectriques. Cette installation est une \u00e9tape-cl\u00e9 suppl\u00e9mentaire dans la d\u00e9marche r\u00e9solument engag\u00e9e de l\u2019IMREDD vers une transition \u00e9nerg\u00e9tique bas\u00e9e sur la mobilit\u00e9 d\u00e9carbon\u00e9e."}