{"id":26860,"date":"2026-01-23T16:48:21","date_gmt":"2026-01-23T15:48:21","guid":{"rendered":"https:\/\/imredd.fr\/reservez-votre-evenement\/"},"modified":"2026-02-26T16:26:35","modified_gmt":"2026-02-26T15:26:35","slug":"book-your-event","status":"publish","type":"page","link":"https:\/\/imredd.fr\/en\/reservez-votre-evenement\/","title":{"rendered":"Book your event"},"content":{"rendered":"<!--themify_builder_content-->\n<div id=\"themify_builder_content-26860\" data-postid=\"26860\" class=\"themify_builder_content themify_builder_content-26860 themify_builder tf_clear\">\n                    <div  data-lazy=\"1\" class=\"module_row themify_builder_row tb_vimb088 tb_first tf_w\">\n            <span  class=\"builder_row_cover tf_abs\" data-lazy=\"1\"><\/span>            <div class=\"row_inner col_align_top tb_col_count_1 tf_box tf_rel\">\n                        <div  data-lazy=\"1\" class=\"module_column tb-column col-full tb_mrca711 first\">\n                    <!-- module text -->\n<div  class=\"module module-text tb_37cv838\" data-lazy=\"1\">\n        <div  class=\"tb_text_wrap\">\n        <h1>Organising an event or visit<\/h1>    <\/div>\n<\/div>\n<!-- \/module text -->        <\/div>\n                        <\/div>\n        <\/div>\n                        <div  data-lazy=\"1\" class=\"module_row themify_builder_row tb_4cm6030 tf_w\">\n                        <div class=\"row_inner col_align_top tb_col_count_1 tf_box tf_rel\">\n                        <div  data-lazy=\"1\" class=\"module_column tb-column col-full tb_51hm403 first\">\n                    <!-- Breadcrumbs module -->\n<div  class=\"module module-breadcrumbs tb_3nvi801\" data-lazy=\"1\">\n\t<nav role=\"navigation\" aria-label=\"Breadcrumbs\" class=\"tbp_breadcrumb_trail\"><ul class=\"tbp_trail_items\" itemscope itemtype=\"http:\/\/schema.org\/BreadcrumbList\"><meta name=\"numberOfItems\" content=\"1\" \/><meta name=\"itemListOrder\" content=\"Ascending\" \/><li itemprop=\"itemListElement\" itemscope itemtype=\"https:\/\/schema.org\/ListItem\" class=\"tbp_trail_item tbp_trail_end\"><a itemprop=\"item\" href=\"https:\/\/imredd.fr\/en\/\" rel=\"home\"><span itemprop=\"name\">Home<\/span><\/a><meta itemprop=\"position\" content=\"1\" \/><\/li><\/ul><\/nav><\/div><!-- \/Breadcrumbs module -->\n        <\/div>\n                        <\/div>\n        <\/div>\n                        <div  data-lazy=\"1\" class=\"module_row themify_builder_row tb_cmuk195 tf_w\">\n            <span  class=\"builder_row_cover tf_abs\" data-lazy=\"1\"><\/span>            <div class=\"row_inner col_align_top tb_col_count_1 tf_box tf_rel\">\n                        <div  data-lazy=\"1\" class=\"module_column tb-column col-full tb_s0b9110 first\">\n                            <div  data-lazy=\"1\" class=\"module_subrow themify_builder_sub_row tf_w col_align_top tb_col_count_1 tb_ku83178\">\n                <div  data-lazy=\"1\" class=\"module_column sub_column col-full tb_dwfw898 first\">\n                    <!-- module text -->\n<div  class=\"module module-text tb_gmuu390 title_line\" data-lazy=\"1\">\n        <div  class=\"tb_text_wrap\">\n        <h2>An innovation institute serving local and regional transitions<\/h2>    <\/div>\n<\/div>\n<!-- \/module text -->        <\/div>\n                    <\/div>\n                <div  data-lazy=\"1\" class=\"module_subrow themify_builder_sub_row tf_w col_align_top tb_col_count_2 tb_ez9t099\">\n                <div  data-lazy=\"1\" class=\"module_column sub_column col4-2 tb_hoq2303 first\">\n                    <!-- module text -->\n<div  class=\"module module-text tb_oesn300\" data-lazy=\"1\">\n        <div  class=\"tb_text_wrap\">\n        <p>Acting as an interface between the academic world, the socio-economic sector, and the general public, IMREDD is also a hub for facilitating encounters and exchanges within the ecosystem, and for leveraging the University's expertise in terms of teaching, research, and innovation.<\/p>\n<p>IMREDD organises and hosts events falling within its thematic remit in connection with its Strategic Areas of Activity: energy, mobility, risks and crises, the environment, and the territory of tomorrow.<\/p>\n<p>You wish to book our event spaces, please present your event project to us and we will study its feasibility.<\/p>    <\/div>\n<\/div>\n<!-- \/module text -->        <\/div>\n                    <div  data-lazy=\"1\" class=\"module_column sub_column col4-2 tb_8m4p080 last\">\n                    <!-- module image pro -->\n<div  class=\"module module-pro-image tb_jmic300 filter- effect-   tf_textc   entrance-effect-fadeIn\" data-lazy=\"1\" data-entrance-effect=\"fadeIn\" data-exit-effect=\"fadeOut\" >\n\t\n    <div class=\"image-pro-wrap tf_rel tf_overflow tf_inline_b\">\n\t\t\t\t<div class=\"image-pro-flip-box-wrap tf_rel tf_w tf_overflow\">\n\t\t\t<div class=\"image-pro-flip-box tf_rel\">\n\n\t\t\t\t<img loading=\"lazy\" decoding=\"async\" width=\"1920\" height=\"1075\" src=\"https:\/\/imredd.fr\/wp-content\/uploads\/2025\/09\/20250926_Kick-OFF-AIO_51.jpeg\" class=\"wp-post-image wp-image-24706\" title=\"20250926_Kick OFF AIO_51\" alt=\"20250926_Kick OFF AIO_51\" srcset=\"https:\/\/imredd.fr\/wp-content\/uploads\/2025\/09\/20250926_Kick-OFF-AIO_51.jpeg 1920w, https:\/\/imredd.fr\/wp-content\/uploads\/2025\/09\/20250926_Kick-OFF-AIO_51-300x168.jpeg 300w, https:\/\/imredd.fr\/wp-content\/uploads\/2025\/09\/20250926_Kick-OFF-AIO_51-1024x573.jpeg 1024w, https:\/\/imredd.fr\/wp-content\/uploads\/2025\/09\/20250926_Kick-OFF-AIO_51-768x430.jpeg 768w, https:\/\/imredd.fr\/wp-content\/uploads\/2025\/09\/20250926_Kick-OFF-AIO_51-1536x860.jpeg 1536w, https:\/\/imredd.fr\/wp-content\/uploads\/2025\/09\/20250926_Kick-OFF-AIO_51-18x10.jpeg 18w\" sizes=\"auto, (max-width: 1920px) 100vw, 1920px\" \/>\n\t\t\t\t\n\t\t\t<\/div>\n\t\t<\/div>\n\n    <\/div><!-- .image-pro-wrap -->\n\n\t\n\t\n\t<\/div><!-- \/module image pro -->        <\/div>\n                    <\/div>\n                <div  data-lazy=\"1\" class=\"module_subrow themify_builder_sub_row tf_w col_align_top tb_col_count_1 tb_8lkx502\">\n                <div  data-lazy=\"1\" class=\"module_column sub_column col-full tb_q2pp502 first\">\n                    <!-- module text -->\n<div  class=\"module module-text tb_cf2i460\" data-lazy=\"1\">\n        <div  class=\"tb_text_wrap\">\n        <p>Subject to team availability, the IMREDD can also host groups and delegations for visits to present its projects, infrastructure and innovation model.<\/p>\n<p><strong><small>Thank you for completing the form below, our team will contact you again as soon as possible with a quote corresponding to your request. All requests must be made at least 4 weeks before the planned date for the visit or event.<\/small><\/strong><\/p>    <\/div>\n<\/div>\n<!-- \/module text -->        <\/div>\n                    <\/div>\n                <\/div>\n                        <\/div>\n        <\/div>\n                        <div  data-css_id=\"qurv103\" data-lazy=\"1\" class=\"module_row themify_builder_row fullwidth tb_qurv103 tf_w\">\n                        <div class=\"row_inner col_align_top tb_col_count_1 tf_box tf_rel\">\n                        <div  data-lazy=\"1\" class=\"module_column tb-column col-full tb_ah7z088 first\">\n                            <div  data-lazy=\"1\" class=\"module_subrow themify_builder_sub_row tf_w col_align_top tb_col_count_1 tb_wb54112\">\n                <div  data-lazy=\"1\" class=\"module_column sub_column col-full tb_r9cm000 first\">\n                    <!-- module plain text -->\n<div  class=\"module module-plain-text tb_4ddi479\" data-lazy=\"1\">\n        <div class=\"tb_text_wrap\">\n    <iframe loading=\"lazy\" src=\"https:\/\/forms.monday.com\/forms\/embed\/f7a5d0e484016ada2a8686fef238b692?r=euc1\" width=\"650\" height=\"3000\" style=\"border: 0; box-shadow: 0px 0px 0px 0px rgba(0,0,0,0.25);\"><\/iframe>\t    <\/div>\n<\/div>\n<!-- \/module plain text -->        <\/div>\n                    <\/div>\n                <\/div>\n                        <\/div>\n        <\/div>\n        <\/div>\n<!--\/themify_builder_content-->","protected":false},"excerpt":{"rendered":"<p>Organiser un \u00e9v\u00e9nement ou visite Un institut d\u2019innovation au service des transitions territoriales Interface entre le monde acad\u00e9mique, le monde socio-\u00e9conomique et le grand public, l\u2019IMREDD est aussi un lieu d\u2019animation activant les rencontres et les \u00e9changes de l\u2019\u00e9cosyst\u00e8me et de valorisation du savoir-faire de l\u2019Universit\u00e9 en termes de p\u00e9dagogie, de recherche et d\u2019innovation. L\u2019IMREDD [&hellip;]<\/p>\n","protected":false},"author":2,"featured_media":0,"parent":0,"menu_order":0,"comment_status":"closed","ping_status":"closed","template":"","meta":{"footnotes":""},"class_list":["post-26860","page","type-page","status-publish","hentry","has-post-title","has-post-date","has-post-category","has-post-tag","has-post-comment","has-post-author",""],"yoast_head":"<!-- This site is optimized with the Yoast SEO Premium plugin v27.4 (Yoast SEO v27.4) - https:\/\/yoast.com\/product\/yoast-seo-premium-wordpress\/ -->\n<title>R\u00e9servez votre \u00e9v\u00e9nement - IMREDD - Universit\u00e9 C\u00f4te d&#039;Azur<\/title>\n<meta name=\"robots\" content=\"index, follow, max-snippet:-1, max-image-preview:large, max-video-preview:-1\" \/>\n<link rel=\"canonical\" href=\"https:\/\/imredd.fr\/en\/book-your-event\/\" \/>\n<meta property=\"og:locale\" content=\"en_GB\" \/>\n<meta property=\"og:type\" content=\"article\" \/>\n<meta property=\"og:title\" content=\"R\u00e9servez votre \u00e9v\u00e9nement\" \/>\n<meta property=\"og:description\" content=\"Organiser un \u00e9v\u00e9nement ou visite Un institut d\u2019innovation au service des transitions territoriales Interface entre le monde acad\u00e9mique, le monde socio-\u00e9conomique et le grand public, l\u2019IMREDD est aussi un lieu d\u2019animation activant les rencontres et les \u00e9changes de l\u2019\u00e9cosyst\u00e8me et de valorisation du savoir-faire de l\u2019Universit\u00e9 en termes de p\u00e9dagogie, de recherche et d\u2019innovation. L\u2019IMREDD [&hellip;]\" \/>\n<meta property=\"og:url\" content=\"https:\/\/imredd.fr\/en\/book-your-event\/\" \/>\n<meta property=\"og:site_name\" content=\"IMREDD - Universit\u00e9 C\u00f4te d&#039;Azur\" \/>\n<meta property=\"article:publisher\" content=\"http:\/\/facebook.com\/imredd.uca\" \/>\n<meta property=\"article:modified_time\" content=\"2026-02-26T15:26:35+00:00\" \/>\n<meta property=\"og:image\" content=\"https:\/\/imredd.fr\/wp-content\/uploads\/2025\/09\/20250926_Kick-OFF-AIO_51.jpeg\" \/>\n<meta name=\"twitter:card\" content=\"summary_large_image\" \/>\n<meta name=\"twitter:label1\" content=\"Estimated reading time\" \/>\n\t<meta name=\"twitter:data1\" content=\"1 minute\" \/>\n<script type=\"application\/ld+json\" class=\"yoast-schema-graph\">{\"@context\":\"https:\\\/\\\/schema.org\",\"@graph\":[{\"@type\":\"WebPage\",\"@id\":\"https:\\\/\\\/imredd.fr\\\/reservez-votre-evenement\\\/\",\"url\":\"https:\\\/\\\/imredd.fr\\\/reservez-votre-evenement\\\/\",\"name\":\"R\u00e9servez votre \u00e9v\u00e9nement - IMREDD - Universit\u00e9 C\u00f4te d&#039;Azur\",\"isPartOf\":{\"@id\":\"https:\\\/\\\/imredd.fr\\\/#website\"},\"primaryImageOfPage\":{\"@id\":\"https:\\\/\\\/imredd.fr\\\/reservez-votre-evenement\\\/#primaryimage\"},\"image\":{\"@id\":\"https:\\\/\\\/imredd.fr\\\/reservez-votre-evenement\\\/#primaryimage\"},\"thumbnailUrl\":\"https:\\\/\\\/imredd.fr\\\/wp-content\\\/uploads\\\/2025\\\/09\\\/20250926_Kick-OFF-AIO_51.jpeg\",\"datePublished\":\"2026-01-23T15:48:21+00:00\",\"dateModified\":\"2026-02-26T15:26:35+00:00\",\"breadcrumb\":{\"@id\":\"https:\\\/\\\/imredd.fr\\\/reservez-votre-evenement\\\/#breadcrumb\"},\"inLanguage\":\"en-GB\",\"potentialAction\":[{\"@type\":\"ReadAction\",\"target\":[\"https:\\\/\\\/imredd.fr\\\/reservez-votre-evenement\\\/\"]}]},{\"@type\":\"ImageObject\",\"inLanguage\":\"en-GB\",\"@id\":\"https:\\\/\\\/imredd.fr\\\/reservez-votre-evenement\\\/#primaryimage\",\"url\":\"https:\\\/\\\/imredd.fr\\\/wp-content\\\/uploads\\\/2025\\\/09\\\/20250926_Kick-OFF-AIO_51.jpeg\",\"contentUrl\":\"https:\\\/\\\/imredd.fr\\\/wp-content\\\/uploads\\\/2025\\\/09\\\/20250926_Kick-OFF-AIO_51.jpeg\"},{\"@type\":\"BreadcrumbList\",\"@id\":\"https:\\\/\\\/imredd.fr\\\/reservez-votre-evenement\\\/#breadcrumb\",\"itemListElement\":[{\"@type\":\"ListItem\",\"position\":1,\"name\":\"Accueil\",\"item\":\"https:\\\/\\\/imredd.fr\\\/\"},{\"@type\":\"ListItem\",\"position\":2,\"name\":\"R\u00e9servez votre \u00e9v\u00e9nement\"}]},{\"@type\":\"WebSite\",\"@id\":\"https:\\\/\\\/imredd.fr\\\/#website\",\"url\":\"https:\\\/\\\/imredd.fr\\\/\",\"name\":\"IMREDD - Universit\u00e9 C\u00f4te d'Azur\",\"description\":\"Institut M\u00e9diterran\u00e9en du Risque, de l&#039;Environnement et du D\u00e9veloppement Durable\",\"publisher\":{\"@id\":\"https:\\\/\\\/imredd.fr\\\/#organization\"},\"potentialAction\":[{\"@type\":\"SearchAction\",\"target\":{\"@type\":\"EntryPoint\",\"urlTemplate\":\"https:\\\/\\\/imredd.fr\\\/?s={search_term_string}\"},\"query-input\":{\"@type\":\"PropertyValueSpecification\",\"valueRequired\":true,\"valueName\":\"search_term_string\"}}],\"inLanguage\":\"en-GB\"},{\"@type\":\"Organization\",\"@id\":\"https:\\\/\\\/imredd.fr\\\/#organization\",\"name\":\"IMREDD - Institut M\u00e9diterran\u00e9en du Risque, de l'Environnement et du D\u00e9veloppement Durable\",\"url\":\"https:\\\/\\\/imredd.fr\\\/\",\"logo\":{\"@type\":\"ImageObject\",\"inLanguage\":\"en-GB\",\"@id\":\"https:\\\/\\\/imredd.fr\\\/#\\\/schema\\\/logo\\\/image\\\/\",\"url\":\"https:\\\/\\\/imredd.fr\\\/wp-content\\\/uploads\\\/2025\\\/07\\\/IMREDD-Logo-couleurs-transparent.png\",\"contentUrl\":\"https:\\\/\\\/imredd.fr\\\/wp-content\\\/uploads\\\/2025\\\/07\\\/IMREDD-Logo-couleurs-transparent.png\",\"width\":959,\"height\":164,\"caption\":\"IMREDD - Institut M\u00e9diterran\u00e9en du Risque, de l'Environnement et du D\u00e9veloppement Durable\"},\"image\":{\"@id\":\"https:\\\/\\\/imredd.fr\\\/#\\\/schema\\\/logo\\\/image\\\/\"},\"sameAs\":[\"http:\\\/\\\/facebook.com\\\/imredd.uca\",\"http:\\\/\\\/linkedin.com\\\/showcase\\\/imredd\"]}]}<\/script>\n<!-- \/ Yoast SEO Premium plugin. -->","yoast_head_json":{"title":"Book your event - IMREDD - Universit\u00e9 C\u00f4te d'Azur","robots":{"index":"index","follow":"follow","max-snippet":"max-snippet:-1","max-image-preview":"max-image-preview:large","max-video-preview":"max-video-preview:-1"},"canonical":"https:\/\/imredd.fr\/en\/book-your-event\/","og_locale":"en_GB","og_type":"article","og_title":"R\u00e9servez votre \u00e9v\u00e9nement","og_description":"Organiser un \u00e9v\u00e9nement ou visite Un institut d\u2019innovation au service des transitions territoriales Interface entre le monde acad\u00e9mique, le monde socio-\u00e9conomique et le grand public, l\u2019IMREDD est aussi un lieu d\u2019animation activant les rencontres et les \u00e9changes de l\u2019\u00e9cosyst\u00e8me et de valorisation du savoir-faire de l\u2019Universit\u00e9 en termes de p\u00e9dagogie, de recherche et d\u2019innovation. L\u2019IMREDD [&hellip;]","og_url":"https:\/\/imredd.fr\/en\/book-your-event\/","og_site_name":"IMREDD - Universit\u00e9 C\u00f4te d&#039;Azur","article_publisher":"http:\/\/facebook.com\/imredd.uca","article_modified_time":"2026-02-26T15:26:35+00:00","og_image":[{"url":"https:\/\/imredd.fr\/wp-content\/uploads\/2025\/09\/20250926_Kick-OFF-AIO_51.jpeg","type":"","width":"","height":""}],"twitter_card":"summary_large_image","twitter_misc":{"Estimated reading time":"1 minute"},"schema":{"@context":"https:\/\/schema.org","@graph":[{"@type":"WebPage","@id":"https:\/\/imredd.fr\/reservez-votre-evenement\/","url":"https:\/\/imredd.fr\/reservez-votre-evenement\/","name":"Book your event - IMREDD - Universit\u00e9 C\u00f4te d'Azur","isPartOf":{"@id":"https:\/\/imredd.fr\/#website"},"primaryImageOfPage":{"@id":"https:\/\/imredd.fr\/reservez-votre-evenement\/#primaryimage"},"image":{"@id":"https:\/\/imredd.fr\/reservez-votre-evenement\/#primaryimage"},"thumbnailUrl":"https:\/\/imredd.fr\/wp-content\/uploads\/2025\/09\/20250926_Kick-OFF-AIO_51.jpeg","datePublished":"2026-01-23T15:48:21+00:00","dateModified":"2026-02-26T15:26:35+00:00","breadcrumb":{"@id":"https:\/\/imredd.fr\/reservez-votre-evenement\/#breadcrumb"},"inLanguage":"en-GB","potentialAction":[{"@type":"ReadAction","target":["https:\/\/imredd.fr\/reservez-votre-evenement\/"]}]},{"@type":"ImageObject","inLanguage":"en-GB","@id":"https:\/\/imredd.fr\/reservez-votre-evenement\/#primaryimage","url":"https:\/\/imredd.fr\/wp-content\/uploads\/2025\/09\/20250926_Kick-OFF-AIO_51.jpeg","contentUrl":"https:\/\/imredd.fr\/wp-content\/uploads\/2025\/09\/20250926_Kick-OFF-AIO_51.jpeg"},{"@type":"BreadcrumbList","@id":"https:\/\/imredd.fr\/reservez-votre-evenement\/#breadcrumb","itemListElement":[{"@type":"ListItem","position":1,"name":"Accueil","item":"https:\/\/imredd.fr\/"},{"@type":"ListItem","position":2,"name":"R\u00e9servez votre \u00e9v\u00e9nement"}]},{"@type":"WebSite","@id":"https:\/\/imredd.fr\/#website","url":"https:\/\/imredd.fr\/","name":"IMREDD - C\u00f4te d'Azur University","description":"Mediterranean Institute for Risk, Environment and Sustainable Development","publisher":{"@id":"https:\/\/imredd.fr\/#organization"},"potentialAction":[{"@type":"SearchAction","target":{"@type":"EntryPoint","urlTemplate":"https:\/\/imredd.fr\/?s={search_term_string}"},"query-input":{"@type":"PropertyValueSpecification","valueRequired":true,"valueName":"search_term_string"}}],"inLanguage":"en-GB"},{"@type":"Organization","@id":"https:\/\/imredd.fr\/#organization","name":"IMREDD - Mediterranean Institute for Risk, Environment and Sustainable Development","url":"https:\/\/imredd.fr\/","logo":{"@type":"ImageObject","inLanguage":"en-GB","@id":"https:\/\/imredd.fr\/#\/schema\/logo\/image\/","url":"https:\/\/imredd.fr\/wp-content\/uploads\/2025\/07\/IMREDD-Logo-couleurs-transparent.png","contentUrl":"https:\/\/imredd.fr\/wp-content\/uploads\/2025\/07\/IMREDD-Logo-couleurs-transparent.png","width":959,"height":164,"caption":"IMREDD - Institut M\u00e9diterran\u00e9en du Risque, de l'Environnement et du D\u00e9veloppement Durable"},"image":{"@id":"https:\/\/imredd.fr\/#\/schema\/logo\/image\/"},"sameAs":["http:\/\/facebook.com\/imredd.uca","http:\/\/linkedin.com\/showcase\/imredd"]}]}},"_links":{"self":[{"href":"https:\/\/imredd.fr\/en\/wp-json\/wp\/v2\/pages\/26860","targetHints":{"allow":["GET"]}}],"collection":[{"href":"https:\/\/imredd.fr\/en\/wp-json\/wp\/v2\/pages"}],"about":[{"href":"https:\/\/imredd.fr\/en\/wp-json\/wp\/v2\/types\/page"}],"author":[{"embeddable":true,"href":"https:\/\/imredd.fr\/en\/wp-json\/wp\/v2\/users\/2"}],"replies":[{"embeddable":true,"href":"https:\/\/imredd.fr\/en\/wp-json\/wp\/v2\/comments?post=26860"}],"version-history":[{"count":0,"href":"https:\/\/imredd.fr\/en\/wp-json\/wp\/v2\/pages\/26860\/revisions"}],"wp:attachment":[{"href":"https:\/\/imredd.fr\/en\/wp-json\/wp\/v2\/media?parent=26860"}],"curies":[{"name":"wp","href":"https:\/\/api.w.org\/{rel}","templated":true}]}}