{"id":46,"date":"2020-03-12T12:55:35","date_gmt":"2020-03-12T11:55:35","guid":{"rendered":"http:\/\/chaire-eau06.imredd.fr\/index.php\/home\/"},"modified":"2026-07-10T10:05:59","modified_gmt":"2026-07-10T08:05:59","slug":"accueil","status":"publish","type":"page","link":"https:\/\/imredd.fr\/en\/","title":{"rendered":"Home"},"content":{"rendered":"<!--themify_builder_content-->\n<div id=\"themify_builder_content-46\" data-postid=\"46\" class=\"themify_builder_content themify_builder_content-46 themify_builder tf_clear\">\n                    <div  data-lazy=\"1\" class=\"module_row themify_builder_row tb_4ys1215 tb_first tf_w\">\n            <span  class=\"builder_row_cover tf_abs\" data-lazy=\"1\"><\/span>            <div class=\"row_inner col_align_top tb_col_count_1 tf_box tf_rel\">\n                        <div  data-lazy=\"1\" class=\"module_column tb-column col-full tb_jxki215 homepage-title-header first\">\n                    <!-- module fancy heading -->\n<div  class=\"module module-fancy-heading tb_vhfo215 \" data-lazy=\"1\">\n        <h1 class=\"fancy-heading tf_textc\">\n    <span class=\"main-head tf_block\">\n                    Institut M\u00e9diterran\u00e9en du Risque, <\/br> de l'Environnement et du D\u00e9veloppement Durable            <\/span>\n\n    \n    <span class=\"sub-head tf_block tf_rel\">\n                    IMREDD            <\/span>\n    <\/h1>\n<\/div>\n<!-- \/module fancy heading -->\n<!-- module text -->\n<div  class=\"module module-text tb_z1nk215   \" data-lazy=\"1\">\n        <div  class=\"tb_text_wrap\">\n        <h3 style=\"text-align: center;\">Institut d&rsquo;Innovation et de Partenariats <\/br>Universit\u00e9 C\u00f4te d&rsquo;Azur<\/h3>\n    <\/div>\n<\/div>\n<!-- \/module text -->        <\/div>\n                        <\/div>\n        <\/div>\n                        <div  data-lazy=\"1\" class=\"module_row themify_builder_row tb_b71j674 tf_w\">\n                        <div class=\"row_inner col_align_top tb_col_count_4 tf_box tf_rel\">\n                        <div  data-lazy=\"1\" class=\"module_column tb-column col4-1 tb_iee2674 first\">\n                    <!-- module fancy heading -->\n<div  class=\"module module-fancy-heading tb_wv00674 \" data-lazy=\"1\">\n        <h2 class=\"fancy-heading tf_textc\">\n    <span class=\"main-head tf_block\">\n                    40+            <\/span>\n\n    \n    <span class=\"sub-head tf_block tf_rel\">\n                    projets collaboratifs            <\/span>\n    <\/h2>\n<\/div>\n<!-- \/module fancy heading -->\n        <\/div>\n                    <div  data-lazy=\"1\" class=\"module_column tb-column col4-1 tb_vtx8674\">\n                    <!-- module fancy heading -->\n<div  class=\"module module-fancy-heading tb_erpd674 \" data-lazy=\"1\">\n        <h2 class=\"fancy-heading tf_textc\">\n    <span class=\"main-head tf_block\">\n                    10            <\/span>\n\n    \n    <span class=\"sub-head tf_block tf_rel\">\n                    formations h\u00e9berg\u00e9es            <\/span>\n    <\/h2>\n<\/div>\n<!-- \/module fancy heading -->\n        <\/div>\n                    <div  data-lazy=\"1\" class=\"module_column tb-column col4-1 tb_sle5674\">\n                    <!-- module fancy heading -->\n<div  class=\"module module-fancy-heading tb_8tro674 \" data-lazy=\"1\">\n        <h2 class=\"fancy-heading tf_textc\">\n    <span class=\"main-head tf_block\">\n                    250            <\/span>\n\n    \n    <span class=\"sub-head tf_block tf_rel\">\n                    \u00e9tudiants \/ an            <\/span>\n    <\/h2>\n<\/div>\n<!-- \/module fancy heading -->\n        <\/div>\n                    <div  data-lazy=\"1\" class=\"module_column tb-column col4-1 tb_5cz3674 last\">\n                    <!-- module fancy heading -->\n<div  class=\"module module-fancy-heading tb_znkx674 \" data-lazy=\"1\">\n        <h2 class=\"fancy-heading tf_textc\">\n    <span class=\"main-head tf_block\">\n                    6            <\/span>\n\n    \n    <span class=\"sub-head tf_block tf_rel\">\n                    partenaires h\u00e9berg\u00e9s            <\/span>\n    <\/h2>\n<\/div>\n<!-- \/module fancy heading -->\n        <\/div>\n                        <\/div>\n        <\/div>\n                        <div  data-lazy=\"1\" class=\"module_row themify_builder_row row-with-gradient tb_pm8w567 tf_w\">\n            <span  class=\"builder_row_cover tf_abs\" data-lazy=\"1\"><\/span>            <div class=\"row_inner col_align_top tb_col_count_1 tf_box tf_rel\">\n                        <div  data-lazy=\"1\" class=\"module_column tb-column col-full tb_b0rc567 first\">\n                            <div  data-lazy=\"1\" class=\"module_subrow themify_builder_sub_row tf_w col_align_top tb_col_count_1 tb_azj2567\">\n                <div  data-lazy=\"1\" class=\"module_column sub_column col-full tb_zbb7567 first\">\n                    <!-- module text -->\n<div  class=\"module module-text tb_j8a9567 title_line  \" data-lazy=\"1\">\n        <div  class=\"tb_text_wrap\">\n        <h2>Un institut d\u2019innovation au service des transitions territoriales<\/h2>    <\/div>\n<\/div>\n<!-- \/module text -->        <\/div>\n                    <\/div>\n                <div  data-lazy=\"1\" class=\"module_subrow themify_builder_sub_row tf_w col_align_middle tb_col_count_2 tb_05dx567\">\n                <div  data-lazy=\"1\" class=\"module_column sub_column col4-2 tb_0yon567 first\">\n                    <!-- module text -->\n<div  class=\"module module-text tb_e1k0567   \" data-lazy=\"1\">\n        <div  class=\"tb_text_wrap\">\n        <p>Institut d\u2019Innovation et de Partenariats d\u2019Universit\u00e9 C\u00f4te d\u2019Azur, l\u2019IMREDD d\u00e9veloppe des \u00e9cosyst\u00e8mes collaboratifs entre recherche, entreprises et acteurs publics. Sa mission : r\u00e9pondre aux grands d\u00e9fis climatiques, environnementaux, sociaux et \u00e9conomiques auxquels sont confront\u00e9s les territoires.<\/p>\n<p>L\u2019IMREDD agit comme un <span class=\"highlight\">acc\u00e9l\u00e9rateur de transitions durables<\/span> \u00e0 l\u2019\u00e9chelle des villes, quartiers et organisations, en favorisant des solutions innovantes et concr\u00e8tes.<\/p>    <\/div>\n<\/div>\n<!-- \/module text -->        <\/div>\n                    <div  data-lazy=\"1\" class=\"module_column sub_column col4-2 tb_q81r567 last\">\n                    <!-- module video -->\n<div  class=\"module module-video tb_r10l264 video-top  video-autoplay\" data-lazy=\"1\">\n                    <div class=\"video-wrap-outer\">\n            <div class=\"video-wrap tf_rel tf_overflow tf_local_video\">\n                \n                                            <div class=\"tf_vd_lazy tf_w tf_box tf_rel\">\n                    \n                    <div style=\"width: 640px;\" class=\"wp-video\"><video class=\"wp-video-shortcode\" id=\"video-46-1\" width=\"640\" height=\"360\" autoplay data-no-script preload=\"metadata\" controls=\"controls\"><source type=\"video\/mp4\" src=\"https:\/\/imredd.fr\/wp-content\/uploads\/2025\/12\/Video-IMREDD-pour-Club-IMMO-STFR_compressed.mp4?_=1\" \/><a href=\"https:\/\/imredd.fr\/wp-content\/uploads\/2025\/12\/Video-IMREDD-pour-Club-IMMO-STFR_compressed.mp4\">https:\/\/imredd.fr\/wp-content\/uploads\/2025\/12\/Video-IMREDD-pour-Club-IMMO-STFR_compressed.mp4<\/a><\/video><\/div>\n                                            <\/div>\n                    \n                                                                <div class=\"tb_video_overlay tf_abs_t tf_w tf_h\">\n                            <div class=\"tb_video_play tf_abs_c\"><\/div>\n                          \n                        <img loading=\"lazy\" decoding=\"async\" width=\"1920\" height=\"1080\" src=\"https:\/\/imredd.fr\/wp-content\/uploads\/2025\/12\/Video-IMREDD-pour-Club-IMMO.00_00_04_18.Still001.png\" class=\"wp-post-image wp-image-25779\" style=\"width:100%;object-fit:cover\" title=\"Video IMREDD 2025\" alt=\"Capture d&#039;\u00e9cran vid\u00e9o IMREDD\" srcset=\"https:\/\/imredd.fr\/wp-content\/uploads\/2025\/12\/Video-IMREDD-pour-Club-IMMO.00_00_04_18.Still001.png 1920w, https:\/\/imredd.fr\/wp-content\/uploads\/2025\/12\/Video-IMREDD-pour-Club-IMMO.00_00_04_18.Still001-300x169.png 300w, https:\/\/imredd.fr\/wp-content\/uploads\/2025\/12\/Video-IMREDD-pour-Club-IMMO.00_00_04_18.Still001-1024x576.png 1024w, https:\/\/imredd.fr\/wp-content\/uploads\/2025\/12\/Video-IMREDD-pour-Club-IMMO.00_00_04_18.Still001-768x432.png 768w, https:\/\/imredd.fr\/wp-content\/uploads\/2025\/12\/Video-IMREDD-pour-Club-IMMO.00_00_04_18.Still001-1536x864.png 1536w, https:\/\/imredd.fr\/wp-content\/uploads\/2025\/12\/Video-IMREDD-pour-Club-IMMO.00_00_04_18.Still001-18x10.png 18w\" sizes=\"auto, (max-width: 1920px) 100vw, 1920px\" \/>                                                <\/div>\n                      \n                                <\/div>\n            <!-- \/video-wrap -->\n        <\/div>\n        <!-- \/video-wrap-outer -->\n            <\/div>\n        <\/div>\n                    <\/div>\n                <\/div>\n                        <\/div>\n        <\/div>\n                        <div  data-lazy=\"1\" class=\"module_row themify_builder_row tb_rivi540 tf_w\">\n                        <div class=\"row_inner col_align_top tb_col_count_1 tf_box tf_rel\">\n                        <div  data-lazy=\"1\" class=\"module_column tb-column col-full tb_mbvx540 first\">\n                    <!-- module text -->\n<div  class=\"module module-text tb_nk7f1 title_line  \" data-lazy=\"1\">\n        <div  class=\"tb_text_wrap\">\n        <h2>Deux grandes th\u00e9matiques pour un objectif commun :<\/h2>\n<h2>la r\u00e9silience des territoires et des populations en contexte de changements globaux<\/h2>    <\/div>\n<\/div>\n<!-- \/module text --><!-- module text -->\n<div  class=\"module module-text tb_l19n1   \" data-lazy=\"1\">\n        <div  class=\"tb_text_wrap\">\n        <ul>\n<li>Territoires et d\u00e9fis socio-environnementaux<\/li>\n<li>Territoires, <span data-olk-copy-source=\"MessageBody\">populations <\/span>et organisations face aux risques et aux catastrophes<\/li>\n<\/ul>\n<p>Ces axes structurent les <span class=\"highlight\">Domaines d\u2019Activit\u00e9 Strat\u00e9giques<\/span> de l\u2019IMREDD : <strong>risques et crises, environnement, mobilit\u00e9, \u00e9nergie, territoire de demain,<\/strong> int\u00e9grant les enjeux d\u2019\u00e9thique, de bien-\u00eatre, de comportement et d\u2019usages.<\/p>    <\/div>\n<\/div>\n<!-- \/module text -->        <\/div>\n                        <\/div>\n        <\/div>\n                        <div  data-lazy=\"1\" class=\"module_row themify_builder_row tb_fsvd577 tf_w\">\n                        <div class=\"row_inner col_align_top tb_col_count_1 tf_box tf_rel\">\n                        <div  data-lazy=\"1\" class=\"module_column tb-column col-full tb_3kxm577 first\">\n                    <!-- module text -->\n<div  class=\"module module-text tb_smgd736   \" data-lazy=\"1\">\n        <div  class=\"tb_text_wrap\">\n        <h3 style=\"text-align: center;\">Domaines d&rsquo;Activit\u00e9 Strat\u00e9giques<\/h3>    <\/div>\n<\/div>\n<!-- \/module text -->        <\/div>\n                        <\/div>\n        <\/div>\n                        <div  data-lazy=\"1\" class=\"module_row themify_builder_row tb_06cx93 tf_w\" data-tbfullwidthvideo=\"https:\/\/imredd.fr\/wp-content\/uploads\/2026\/02\/Arrow-cycle-video.mp4\" data-playonmobile=\"play\">\n                        <div class=\"row_inner col_align_top tb_col_count_1 tf_box tf_rel\">\n                        <div  data-lazy=\"1\" class=\"module_column tb-column col-full tb_me6x93 first\">\n                            <div  data-lazy=\"1\" class=\"module_subrow themify_builder_sub_row tf_w col_align_top tb_col_count_3 tb_uu0c572\">\n                <div  data-lazy=\"1\" class=\"module_column sub_column col3-1 tb_2x1d572 first\">\n                    <!-- module feature -->\n<div  class=\"module module-feature tb_o3dd736 with-chart layout-icon-top size-small \" data-layout-mobile=\"icon-top\" data-layout-desktop=\"icon-top\" data-lazy=\"1\">\n        <div class=\"module-feature-image tf_textc tf_rel\">\n                            <span class=\"module-feature-chart-html5 tf_box tf_rel tf_inline_b\">\n                                    <svg class=\"tf_abs tf_w tf_h\">\n                    <circle class=\"tb_feature_fill\" r=\"calc(50% - 1.00px)\" cx=\"50%\" cy=\"50%\" stroke-width=\"2\"\/>\n                    <circle class=\"tb_feature_stroke\" r=\"calc(50% - 1.00px)\" cx=\"50%\" cy=\"50%\" stroke=\"#00afd7\" stroke-width=\"2\" data-progress=\"100\" stroke-dasharray=\"0,10000\"\/>\n                                        <\/svg>\n                                <span class=\"chart-html5-circle tf_w tf_h\">\n                                            <em class=\"module-feature-icon tf_rel\"><svg  class=\"tf_fa tf-ti-bolt\" xmlns:xlink=\"http:\/\/www.w3.org\/1999\/xlink\" aria-hidden=\"true\"><use href=\"#tf-ti-bolt\" xlink:href=\"#tf-ti-bolt\"><\/use><\/svg><\/em>\n                                    <\/span>\n\n                \n            <\/span>\n                <\/div>\n    <div class=\"module-feature-content tf_textc\">\n                    <h4 class=\"module-feature-title\">\n                            Risques et crises                        <\/h4>\n                    <div class=\"tb_text_wrap\">\n            <p>R\u00e9silience des territoires, gestion multirisques <span data-olk-copy-source=\"MessageBody\">(naturels, industriels\u2026)<\/span>, protection des populations \u2026<\/p>        <\/div>\n    <\/div>\n<\/div>\n<!-- \/module feature -->\n        <\/div>\n                    <div  data-lazy=\"1\" class=\"module_column sub_column col3-1 tb_evrc572\">\n                            <\/div>\n                    <div  data-lazy=\"1\" class=\"module_column sub_column col3-1 tb_6jmt309 last\">\n                    <!-- module feature -->\n<div  class=\"module module-feature tb_k4i5736 with-chart layout-icon-top size-small \" data-layout-mobile=\"icon-top\" data-layout-desktop=\"icon-top\" data-lazy=\"1\">\n        <div class=\"module-feature-image tf_textc tf_rel\">\n                            <span class=\"module-feature-chart-html5 tf_box tf_rel tf_inline_b\">\n                                    <svg class=\"tf_abs tf_w tf_h\">\n                    <circle class=\"tb_feature_fill\" r=\"calc(50% - 1.00px)\" cx=\"50%\" cy=\"50%\" stroke-width=\"2\"\/>\n                    <circle class=\"tb_feature_stroke\" r=\"calc(50% - 1.00px)\" cx=\"50%\" cy=\"50%\" stroke=\"#00afd7\" stroke-width=\"2\" data-progress=\"100\" stroke-dasharray=\"0,10000\"\/>\n                                        <\/svg>\n                                <span class=\"chart-html5-circle tf_w tf_h\">\n                                            <em class=\"module-feature-icon tf_rel\"><svg  class=\"tf_fa tf-ti-plug\" xmlns:xlink=\"http:\/\/www.w3.org\/1999\/xlink\" aria-hidden=\"true\"><use href=\"#tf-ti-plug\" xlink:href=\"#tf-ti-plug\"><\/use><\/svg><\/em>\n                                    <\/span>\n\n                \n            <\/span>\n                <\/div>\n    <div class=\"module-feature-content tf_textc\">\n                    <h4 class=\"module-feature-title\">\n                            \u00c9nergie                        <\/h4>\n                    <div class=\"tb_text_wrap\">\n            <p>Smart grids, autoconsommation, stockage, <\/br>\u00e9nergies renouvelables, b\u00e2timents performants \u2026<\/p>\n        <\/div>\n    <\/div>\n<\/div>\n<!-- \/module feature -->\n        <\/div>\n                    <\/div>\n                <div  data-lazy=\"1\" class=\"module_subrow themify_builder_sub_row tf_w col_align_top tb_col_count_3 tb_vsck90\">\n                <div  data-lazy=\"1\" class=\"module_column sub_column col3-1 tb_cqmo91 first\">\n                            <\/div>\n                    <div  data-lazy=\"1\" class=\"module_column sub_column col3-1 tb_c0yu91\">\n                    <!-- module feature -->\n<div  class=\"module module-feature tb_kq0r401 with-chart layout-icon-top size-small \" data-layout-mobile=\"icon-top\" data-layout-desktop=\"icon-top\" data-lazy=\"1\">\n        <div class=\"module-feature-image tf_textc tf_rel\">\n                            <span class=\"module-feature-chart-html5 tf_box tf_rel tf_inline_b\">\n                                    <svg class=\"tf_abs tf_w tf_h\">\n                    <circle class=\"tb_feature_fill\" r=\"calc(50% - 1.00px)\" cx=\"50%\" cy=\"50%\" stroke-width=\"2\"\/>\n                    <circle class=\"tb_feature_stroke\" r=\"calc(50% - 1.00px)\" cx=\"50%\" cy=\"50%\" stroke=\"#00afd7\" stroke-width=\"2\" data-progress=\"100\" stroke-dasharray=\"0,10000\"\/>\n                                        <\/svg>\n                                <span class=\"chart-html5-circle tf_w tf_h\">\n                                            <em class=\"module-feature-icon tf_rel\"><svg  class=\"tf_fa tf-la-binoculars-solid\" xmlns:xlink=\"http:\/\/www.w3.org\/1999\/xlink\" aria-hidden=\"true\"><use href=\"#tf-la-binoculars-solid\" xlink:href=\"#tf-la-binoculars-solid\"><\/use><\/svg><\/em>\n                                    <\/span>\n\n                \n            <\/span>\n                <\/div>\n    <div class=\"module-feature-content tf_textc\">\n                    <h4 class=\"module-feature-title\">\n                            Territoires, am\u00e9nagement et usages de demain                        <\/h4>\n                    <div class=\"tb_text_wrap\">\n            <p>Futurologie, adaptation, prospective<\/p>        <\/div>\n    <\/div>\n<\/div>\n<!-- \/module feature -->\n        <\/div>\n                    <div  data-lazy=\"1\" class=\"module_column sub_column col3-1 tb_mbg1464 last\">\n                            <\/div>\n                    <\/div>\n                <div  data-lazy=\"1\" class=\"module_subrow themify_builder_sub_row tf_w col_align_top tb_col_count_3 tb_cwen697\">\n                <div  data-lazy=\"1\" class=\"module_column sub_column col3-1 tb_m4r0697 first\">\n                    <!-- module feature -->\n<div  class=\"module module-feature tb_9tmt736 with-chart layout-icon-top size-small \" data-layout-mobile=\"icon-top\" data-layout-desktop=\"icon-top\" data-lazy=\"1\">\n        <div class=\"module-feature-image tf_textc tf_rel\">\n                            <span class=\"module-feature-chart-html5 tf_box tf_rel tf_inline_b\">\n                                    <svg class=\"tf_abs tf_w tf_h\">\n                    <circle class=\"tb_feature_fill\" r=\"calc(50% - 1.00px)\" cx=\"50%\" cy=\"50%\" stroke-width=\"2\"\/>\n                    <circle class=\"tb_feature_stroke\" r=\"calc(50% - 1.00px)\" cx=\"50%\" cy=\"50%\" stroke=\"#00afd7\" stroke-width=\"2\" data-progress=\"100\" stroke-dasharray=\"0,10000\"\/>\n                                        <\/svg>\n                                <span class=\"chart-html5-circle tf_w tf_h\">\n                                            <em class=\"module-feature-icon tf_rel\"><svg  class=\"tf_fa tf-ti-world\" xmlns:xlink=\"http:\/\/www.w3.org\/1999\/xlink\" aria-hidden=\"true\"><use href=\"#tf-ti-world\" xlink:href=\"#tf-ti-world\"><\/use><\/svg><\/em>\n                                    <\/span>\n\n                \n            <\/span>\n                <\/div>\n    <div class=\"module-feature-content tf_textc\">\n                    <h4 class=\"module-feature-title\">\n                            Environnement                        <\/h4>\n                    <div class=\"tb_text_wrap\">\n            <p class=\"\" data-start=\"4161\" data-end=\"4264\"><span style=\"font-size: 17.008px;\">Ressources, usages et gouvernance de l&rsquo;eau, milieux aquatiques ; <span data-olk-copy-source=\"MessageBody\">biodiversit\u00e9 ; \u00e9conomie bleue<\/span>; fabrication agile et durable, recyclage ; qualit\u00e9 de l\u2019air, sant\u00e9 <span data-olk-copy-source=\"MessageBody\">environnementale <\/span>\u2026<\/span><\/p>        <\/div>\n    <\/div>\n<\/div>\n<!-- \/module feature -->\n        <\/div>\n                    <div  data-lazy=\"1\" class=\"module_column sub_column col3-1 tb_0a5a697\">\n                            <\/div>\n                    <div  data-lazy=\"1\" class=\"module_column sub_column col3-1 tb_0l7y697 last\">\n                    <!-- module feature -->\n<div  class=\"module module-feature tb_ow04736 with-chart layout-icon-top size-small \" data-layout-mobile=\"icon-top\" data-layout-desktop=\"icon-top\" data-lazy=\"1\">\n        <div class=\"module-feature-image tf_textc tf_rel\">\n                            <span class=\"module-feature-chart-html5 tf_box tf_rel tf_inline_b\">\n                                    <svg class=\"tf_abs tf_w tf_h\">\n                    <circle class=\"tb_feature_fill\" r=\"calc(50% - 1.00px)\" cx=\"50%\" cy=\"50%\" stroke-width=\"2\"\/>\n                    <circle class=\"tb_feature_stroke\" r=\"calc(50% - 1.00px)\" cx=\"50%\" cy=\"50%\" stroke=\"#00afd7\" stroke-width=\"2\" data-progress=\"100\" stroke-dasharray=\"0,10000\"\/>\n                                        <\/svg>\n                                <span class=\"chart-html5-circle tf_w tf_h\">\n                                            <em class=\"module-feature-icon tf_rel\"><svg  class=\"tf_fa tf-ti-truck\" xmlns:xlink=\"http:\/\/www.w3.org\/1999\/xlink\" aria-hidden=\"true\"><use href=\"#tf-ti-truck\" xlink:href=\"#tf-ti-truck\"><\/use><\/svg><\/em>\n                                    <\/span>\n\n                \n            <\/span>\n                <\/div>\n    <div class=\"module-feature-content tf_textc\">\n                    <h4 class=\"module-feature-title\">\n                            Mobilit\u00e9                        <\/h4>\n                    <div class=\"tb_text_wrap\">\n            <p>Mobilit\u00e9 partag\u00e9e, connect\u00e9e,<\/br>logistique urbaine, Mobility as a Service \u2026<\/p>\n        <\/div>\n    <\/div>\n<\/div>\n<!-- \/module feature -->\n        <\/div>\n                    <\/div>\n                <\/div>\n                        <\/div>\n        <\/div>\n                        <div  data-lazy=\"1\" class=\"module_row themify_builder_row tb_f2za216 tf_w\">\n                        <div class=\"row_inner col_align_top tb_col_count_2 tf_box tf_rel\">\n                        <div  data-lazy=\"1\" class=\"module_column tb-column col4-2 tb_7jn6216 first\">\n                    <!-- module text -->\n<div  class=\"module module-text tb_8mej385 title_line  \" data-lazy=\"1\">\n        <div  class=\"tb_text_wrap\">\n        <h2>Actualit\u00e9s<\/h2>    <\/div>\n<\/div>\n<!-- \/module text --><!-- module post -->\n<div  class=\"module module-post tb_m60z308 \">\n    <div  class=\"builder-posts-wrap loops-wrapper grid3 tf_clear tf_clearfix\" data-lazy=\"1\">\n    <article id=\"post-27364\" class=\"post tf_clearfix post-27364 type-post status-publish format-standard has-post-thumbnail hentry category-projets-et-recherche tag-chaire-eau has-post-title has-post-date has-post-category has-post-tag has-post-comment has-post-author \">\n\t    \n\t                <figure class=\"post-image tf_clearfix\">\n                                                            <a href=\"https:\/\/imredd.fr\/en\/la-chaire-eau-valide-son-programme-scientifique-2026-2027-et-poursuit-sa-dynamique-partenariale\/\">\n                                        <img loading=\"lazy\" decoding=\"async\" src=\"https:\/\/imredd.fr\/wp-content\/uploads\/2026\/07\/20260703_Journee_Eau_Valberg_484-1024x575-260x150.jpeg\" width=\"260\" height=\"150\" class=\"wp-post-image wp-image-27365\" title=\"20260703_Journee_Eau_Valberg_484\" alt=\"20260703_Journee_Eau_Valberg_484\" srcset=\"https:\/\/imredd.fr\/wp-content\/uploads\/2026\/07\/20260703_Journee_Eau_Valberg_484-1024x575-260x150.jpeg 260w, https:\/\/imredd.fr\/wp-content\/uploads\/2026\/07\/20260703_Journee_Eau_Valberg_484-18x10.jpeg 18w, https:\/\/imredd.fr\/wp-content\/uploads\/2026\/07\/20260703_Journee_Eau_Valberg_484-1024x575-1024x585.jpeg 1024w\" sizes=\"auto, (max-width: 260px) 100vw, 260px\" \/>                                                                    <\/a>\n                                                                <\/figure>\n                    \t<div class=\"post-content\">\n\t\t<div class=\"post-content-inner\">\n\n\t\t\t\t\t\t\t\t<div class=\"post-date-wrap post-date-inline\">\n\t\t<time class=\"post-date entry-date updated\" datetime=\"2026-07-08\">\n\t\t\t\t\t<span class=\"year\">8 July 2026<\/span>\n\t\t\t\t<\/time>\n\t<\/div><!-- .post-date-wrap -->\n\t\t\t\t\n\t\t\t<h4 class=\"post-title entry-title\"><a href=\"https:\/\/imredd.fr\/en\/la-chaire-eau-valide-son-programme-scientifique-2026-2027-et-poursuit-sa-dynamique-partenariale\/\">La \u00ab\u00a0Chaire Eau\u00a0\u00bb valide son programme scientifique 2026-2027 et poursuit sa dynamique partenariale<\/a><\/h4>\n\t\t\t\n\t\t\t\n\t\t\t        <div class=\"entry-content\">\n\n        \n        <\/div><!-- \/.entry-content -->\n        \n\t\t<\/div>\n\t\t<!-- \/.post-content-inner -->\n\t<\/div>\n\t<!-- \/.post-content -->\n\t\n<\/article>\n<!-- \/.post -->\n<article id=\"post-27289\" class=\"post tf_clearfix post-27289 type-post status-publish format-standard has-post-thumbnail hentry category-evenements category-projets-et-recherche tag-alpimed-ecoterr has-post-title has-post-date has-post-category has-post-tag has-post-comment has-post-author \">\n\t    \n\t                <figure class=\"post-image tf_clearfix\">\n                                                            <a href=\"https:\/\/imredd.fr\/en\/retour-sur-le-premier-festival-alpimed-leau-au-coeur-de-la-cooperation-transfrontaliere\/\">\n                                        <img loading=\"lazy\" decoding=\"async\" src=\"https:\/\/imredd.fr\/wp-content\/uploads\/2026\/06\/Design-sans-titre-39-1024x576-260x150.webp\" width=\"260\" height=\"150\" class=\"wp-post-image wp-image-27290\" title=\"(c) M\u00e9tropole Nice C\u00f4te d&#039;Azur\" alt=\"(c) M\u00e9tropole Nice C\u00f4te d&#039;Azur\" srcset=\"https:\/\/imredd.fr\/wp-content\/uploads\/2026\/06\/Design-sans-titre-39-1024x576-260x150.webp 260w, https:\/\/imredd.fr\/wp-content\/uploads\/2026\/06\/Design-sans-titre-39-18x10.webp 18w, https:\/\/imredd.fr\/wp-content\/uploads\/2026\/06\/Design-sans-titre-39-1024x576-1024x585.webp 1024w\" sizes=\"auto, (max-width: 260px) 100vw, 260px\" \/>                                                                    <\/a>\n                                                                <\/figure>\n                    \t<div class=\"post-content\">\n\t\t<div class=\"post-content-inner\">\n\n\t\t\t\t\t\t\t\t<div class=\"post-date-wrap post-date-inline\">\n\t\t<time class=\"post-date entry-date updated\" datetime=\"2026-06-08\">\n\t\t\t\t\t<span class=\"year\">8 June 2026<\/span>\n\t\t\t\t<\/time>\n\t<\/div><!-- .post-date-wrap -->\n\t\t\t\t\n\t\t\t<h4 class=\"post-title entry-title\"><a href=\"https:\/\/imredd.fr\/en\/retour-sur-le-premier-festival-alpimed-leau-au-coeur-de-la-cooperation-transfrontaliere\/\">Retour sur le premier Festival ALPIMED+ : l\u2019eau au c\u0153ur de la coop\u00e9ration transfrontali\u00e8re<\/a><\/h4>\n\t\t\t\n\t\t\t\n\t\t\t        <div class=\"entry-content\">\n\n        \n        <\/div><!-- \/.entry-content -->\n        \n\t\t<\/div>\n\t\t<!-- \/.post-content-inner -->\n\t<\/div>\n\t<!-- \/.post-content -->\n\t\n<\/article>\n<!-- \/.post -->\n<article id=\"post-27311\" class=\"post tf_clearfix post-27311 type-post status-publish format-standard has-post-thumbnail hentry category-evenements category-projets-et-recherche tag-5g-metro has-post-title has-post-date has-post-category has-post-tag has-post-comment has-post-author \">\n\t    \n\t                <figure class=\"post-image tf_clearfix\">\n                                                            <a href=\"https:\/\/imredd.fr\/en\/limredd-inaugure-son-reseau-5g-prive-hybride-au-service-de-linclusion-de-linnovation-et-de-la-recherche\/\">\n                                        <img loading=\"lazy\" decoding=\"async\" src=\"https:\/\/imredd.fr\/wp-content\/uploads\/2026\/06\/20260529_5G-Metro-inauguration_02-1024x576-260x150.jpeg\" width=\"260\" height=\"150\" class=\"wp-post-image wp-image-27313\" title=\"20260529_5G Metro inauguration_02\" alt=\"Inauguration du r\u00e9seau 5G priv\u00e9 hybride de l&#039;IMREDD\" srcset=\"https:\/\/imredd.fr\/wp-content\/uploads\/2026\/06\/20260529_5G-Metro-inauguration_02-1024x576-260x150.jpeg 260w, https:\/\/imredd.fr\/wp-content\/uploads\/2026\/06\/20260529_5G-Metro-inauguration_02-18x10.jpeg 18w, https:\/\/imredd.fr\/wp-content\/uploads\/2026\/06\/20260529_5G-Metro-inauguration_02-1024x576-1024x585.jpeg 1024w\" sizes=\"auto, (max-width: 260px) 100vw, 260px\" \/>                                                                    <\/a>\n                                                                <\/figure>\n                    \t<div class=\"post-content\">\n\t\t<div class=\"post-content-inner\">\n\n\t\t\t\t\t\t\t\t<div class=\"post-date-wrap post-date-inline\">\n\t\t<time class=\"post-date entry-date updated\" datetime=\"2026-05-29\">\n\t\t\t\t\t<span class=\"year\">29 May 2026<\/span>\n\t\t\t\t<\/time>\n\t<\/div><!-- .post-date-wrap -->\n\t\t\t\t\n\t\t\t<h4 class=\"post-title entry-title\"><a href=\"https:\/\/imredd.fr\/en\/limredd-inaugure-son-reseau-5g-prive-hybride-au-service-de-linclusion-de-linnovation-et-de-la-recherche\/\">L\u2019IMREDD inaugure son r\u00e9seau 5G priv\u00e9 hybride au service de l\u2019inclusion, de l\u2019innovation et de la recherche<\/a><\/h4>\n\t\t\t\n\t\t\t\n\t\t\t        <div class=\"entry-content\">\n\n        \n        <\/div><!-- \/.entry-content -->\n        \n\t\t<\/div>\n\t\t<!-- \/.post-content-inner -->\n\t<\/div>\n\t<!-- \/.post-content -->\n\t\n<\/article>\n<!-- \/.post -->\n<article id=\"post-27216\" class=\"post tf_clearfix post-27216 type-post status-publish format-standard has-post-thumbnail hentry category-evenements has-post-title has-post-date has-post-category has-post-tag has-post-comment has-post-author \">\n\t    \n\t                <figure class=\"post-image tf_clearfix\">\n                                                            <a href=\"https:\/\/imredd.fr\/en\/retour-sur-evenement-montagne-en-transition-au-coeur-des-defis-climatiques-et-territoriaux\/\">\n                                        <img loading=\"lazy\" decoding=\"async\" src=\"https:\/\/imredd.fr\/wp-content\/uploads\/2026\/05\/IMG_5724-1-1024x576-260x150.jpg\" width=\"260\" height=\"150\" class=\"wp-post-image wp-image-27232\" title=\"IMG_5724\" alt=\"IMG_5724\" srcset=\"https:\/\/imredd.fr\/wp-content\/uploads\/2026\/05\/IMG_5724-1-1024x576-260x150.jpg 260w, https:\/\/imredd.fr\/wp-content\/uploads\/2026\/05\/IMG_5724-1-18x10.jpg 18w, https:\/\/imredd.fr\/wp-content\/uploads\/2026\/05\/IMG_5724-1-1024x576-1024x585.jpg 1024w\" sizes=\"auto, (max-width: 260px) 100vw, 260px\" \/>                                                                    <\/a>\n                                                                <\/figure>\n                    \t<div class=\"post-content\">\n\t\t<div class=\"post-content-inner\">\n\n\t\t\t\t\t\t\t\t<div class=\"post-date-wrap post-date-inline\">\n\t\t<time class=\"post-date entry-date updated\" datetime=\"2026-05-28\">\n\t\t\t\t\t<span class=\"year\">28 May 2026<\/span>\n\t\t\t\t<\/time>\n\t<\/div><!-- .post-date-wrap -->\n\t\t\t\t\n\t\t\t<h4 class=\"post-title entry-title\"><a href=\"https:\/\/imredd.fr\/en\/retour-sur-evenement-montagne-en-transition-au-coeur-des-defis-climatiques-et-territoriaux\/\">Retour sur \u00e9v\u00e9nement : \u00ab Montagne en transition \u00bb au c\u0153ur des d\u00e9fis climatiques et territoriaux<\/a><\/h4>\n\t\t\t\n\t\t\t\n\t\t\t        <div class=\"entry-content\">\n\n        \n        <\/div><!-- \/.entry-content -->\n        \n\t\t<\/div>\n\t\t<!-- \/.post-content-inner -->\n\t<\/div>\n\t<!-- \/.post-content -->\n\t\n<\/article>\n<!-- \/.post -->\n<article id=\"post-27189\" class=\"post tf_clearfix post-27189 type-post status-publish format-standard has-post-thumbnail hentry category-institutionnel has-post-title has-post-date has-post-category has-post-tag has-post-comment has-post-author \">\n\t    \n\t                <figure class=\"post-image tf_clearfix\">\n                                                            <a href=\"https:\/\/imredd.fr\/en\/changement-de-direction-a-limredd\/\">\n                                        <img loading=\"lazy\" decoding=\"async\" src=\"https:\/\/imredd.fr\/wp-content\/uploads\/2025\/04\/IMREDD_facade_1_blue_skyv2-1024x682-260x150.jpeg\" width=\"260\" height=\"150\" class=\"wp-post-image wp-image-529\" title=\"IMREDD_facade_1_blue_skyv2\" alt=\"IMREDD_facade_1_blue_skyv2\" srcset=\"https:\/\/imredd.fr\/wp-content\/uploads\/2025\/04\/IMREDD_facade_1_blue_skyv2-1024x682-260x150.jpeg 260w, https:\/\/imredd.fr\/wp-content\/uploads\/2025\/04\/IMREDD_facade_1_blue_skyv2-1024x682-1024x585.jpeg 1024w\" sizes=\"auto, (max-width: 260px) 100vw, 260px\" \/>                                                                    <\/a>\n                                                                <\/figure>\n                    \t<div class=\"post-content\">\n\t\t<div class=\"post-content-inner\">\n\n\t\t\t\t\t\t\t\t<div class=\"post-date-wrap post-date-inline\">\n\t\t<time class=\"post-date entry-date updated\" datetime=\"2026-05-11\">\n\t\t\t\t\t<span class=\"year\">11 May 2026<\/span>\n\t\t\t\t<\/time>\n\t<\/div><!-- .post-date-wrap -->\n\t\t\t\t\n\t\t\t<h4 class=\"post-title entry-title\"><a href=\"https:\/\/imredd.fr\/en\/changement-de-direction-a-limredd\/\">Changement de direction \u00e0 l\u2019IMREDD<\/a><\/h4>\n\t\t\t\n\t\t\t\n\t\t\t        <div class=\"entry-content\">\n\n        \n        <\/div><!-- \/.entry-content -->\n        \n\t\t<\/div>\n\t\t<!-- \/.post-content-inner -->\n\t<\/div>\n\t<!-- \/.post-content -->\n\t\n<\/article>\n<!-- \/.post -->\n<article id=\"post-27175\" class=\"post tf_clearfix post-27175 type-post status-publish format-standard has-post-thumbnail hentry category-evenements category-plateforme-technologique tag-energie tag-morning-cafe-imredd has-post-title has-post-date has-post-category has-post-tag has-post-comment has-post-author \">\n\t    \n\t                <figure class=\"post-image tf_clearfix\">\n                                                            <a href=\"https:\/\/imredd.fr\/en\/retour-sur-le-morning-cafe-pracciis-energie-du-9-avril-a-limredd\/\">\n                                        <img loading=\"lazy\" decoding=\"async\" src=\"https:\/\/imredd.fr\/wp-content\/uploads\/2026\/04\/Fanny-IMREDD-1024x576-260x150.jpg\" width=\"260\" height=\"150\" class=\"wp-post-image wp-image-27176\" title=\"Fanny IMREDD\" alt=\"Fanny IMREDD\" srcset=\"https:\/\/imredd.fr\/wp-content\/uploads\/2026\/04\/Fanny-IMREDD-1024x576-260x150.jpg 260w, https:\/\/imredd.fr\/wp-content\/uploads\/2026\/04\/Fanny-IMREDD-18x10.jpg 18w, https:\/\/imredd.fr\/wp-content\/uploads\/2026\/04\/Fanny-IMREDD-1024x576-1024x585.jpg 1024w\" sizes=\"auto, (max-width: 260px) 100vw, 260px\" \/>                                                                    <\/a>\n                                                                <\/figure>\n                    \t<div class=\"post-content\">\n\t\t<div class=\"post-content-inner\">\n\n\t\t\t\t\t\t\t\t<div class=\"post-date-wrap post-date-inline\">\n\t\t<time class=\"post-date entry-date updated\" datetime=\"2026-04-29\">\n\t\t\t\t\t<span class=\"year\">29 April 2026<\/span>\n\t\t\t\t<\/time>\n\t<\/div><!-- .post-date-wrap -->\n\t\t\t\t\n\t\t\t<h4 class=\"post-title entry-title\"><a href=\"https:\/\/imredd.fr\/en\/retour-sur-le-morning-cafe-pracciis-energie-du-9-avril-a-limredd\/\">Retour sur le Morning Caf\u00e9 PRACCIIS \u00c9nergie du 9 avril \u00e0 l\u2019IMREDD<\/a><\/h4>\n\t\t\t\n\t\t\t\n\t\t\t        <div class=\"entry-content\">\n\n        \n        <\/div><!-- \/.entry-content -->\n        \n\t\t<\/div>\n\t\t<!-- \/.post-content-inner -->\n\t<\/div>\n\t<!-- \/.post-content -->\n\t\n<\/article>\n<!-- \/.post -->\n    <\/div><!-- .builder-posts-wrap -->\n            <\/div>\n<!-- \/module post -->\n    <!-- module buttons -->\n<div  class=\"module module-buttons tb_9128481 buttons-horizontal solid  small\" data-lazy=\"1\">\n        <div class=\"module-buttons-item tf_in_flx\">\n                        <a href=\"https:\/\/imredd.fr\/actualites\/\" class=\"ui builder_button tf_in_flx tb_default_color\" >\n                                                Toutes les actualit\u00e9s                                        <\/a>\n                <\/div>\n            <\/div>\n<!-- \/module buttons -->\n        <\/div>\n                    <div  data-lazy=\"1\" class=\"module_column tb-column col4-2 tb_jl6b968 last\">\n                    <!-- module text -->\n<div  class=\"module module-text tb_h5mf785 title_line  \" data-lazy=\"1\">\n        <div  class=\"tb_text_wrap\">\n        <h2>\u00c9v\u00e9nements<\/h2>    <\/div>\n<\/div>\n<!-- \/module text --><!-- module text -->\n<div  class=\"module module-text tb_hlt5640   \" data-lazy=\"1\">\n        <div  class=\"tb_text_wrap\">\n        <!-- EventON Calendar --><div id='evcal_calendar_325' class='list_cal ajde_evcal_calendar sev cev color esty_2 ul etttc_custom ' data-cal=''><div id='evcal_head' class='calendar_header ' ><div class='evo_cal_above evodfx evofx_dr_r marb5 evofx_ww'><button class='cal_head_btn evo-gototoday-btn' style='' data-mo='9' data-yr='2026' data-dy='' aria-label='Go to today'>Mois actuel<\/button><\/div><div class='evo_cal_above_content'><\/div><div class='evo_header_title '><\/div><\/div><div class='evo_filter_bar evo_main_filter_bar eventon_sorting_section '><div class='evo_filter_container evodfx evo_fx_ai_c'><div class='evo_filter_container_in'><div class='eventon_filter_line' ><div class='evo_loading_bar_holder h100 loading_filters swipe' style='min-height:30px;'><div class='nesthold r g10'><div class='evo_loading_bar wid_100% hi_30px' style='width:100%; height:30px; margin-bottom:1px;'><\/div><div class='evo_loading_bar wid_100% hi_30px' style='width:100%; height:30px; margin-bottom:1px;'><\/div><div class='evo_loading_bar wid_100% hi_30px' style='width:100%; height:30px; margin-bottom:1px;'><\/div><div class='evo_loading_bar wid_100% hi_30px' style='width:100%; height:30px; margin-bottom:1px;'><\/div><div class='evo_loading_bar wid_100% hi_30px' style='width:100%; height:30px; margin-bottom:1px;'><\/div><\/div><\/div><\/div><\/div><div class='evo_filter_nav evo_filter_l'><i class='fa fa-chevron-left'><\/i><\/div><div class='evo_filter_nav evo_filter_r'><i class='fa fa-chevron-right'><\/i><\/div><\/div><div class='evo_filter_aply_btns'><\/div><div class='evo_filter_menu'><\/div><\/div><div id='eventon_loadbar_section'><div id='eventon_loadbar'><\/div><\/div><!-- Events List --><div class='evo_events_list_box'><div id='evcal_list' class='eventon_events_list '><div id=\"event_27463_0\" class=\"eventon_list_event evo_eventtop scheduled  event clrW event_27463_0\" data-event_id=\"27463\" data-ri=\"0r\" data-time=\"1790663400-1790672400\" data-colr=\"#4bb5d8\" itemscope itemtype='http:\/\/schema.org\/Event'><div class=\"evo_event_schema\" style=\"display:none\" ><a itemprop='url'  href='https:\/\/imredd.fr\/en\/events\/morning-cafe-2-lenergie-ca-roule\/'><\/a><meta itemprop='image' content=\"https:\/\/imredd.fr\/wp-content\/uploads\/2026\/08\/IN-IMAGE.png\" \/><meta itemprop='startDate' content=\"2026-9-29T08:30+2:00\" \/><meta itemprop='endDate' content=\"2026-9-29T11:00+2:00\" \/><meta itemprop='eventStatus' content=\"https:\/\/schema.org\/EventScheduled\" \/><meta itemprop='eventAttendanceMode'   itemscope itemtype=\"https:\/\/schema.org\/OfflineEventAttendanceMode\"\/><div style=\"display:none\" itemprop=\"location\" itemscope itemtype=\"http:\/\/schema.org\/Place\"><span itemprop=\"name\">IMREDD<\/span><span itemprop=\"address\" itemscope itemtype=\"http:\/\/schema.org\/PostalAddress\"><item itemprop=\"streetAddress\">9 rue Julien Laupr\u00eatre<\/item><\/span><\/div><script type=\"application\/ld+json\">{\"@context\": \"http:\/\/schema.org\",\"@type\": \"Event\",\n\t\t\t\t\"@id\": \"event_27463_0\",\n\t\t\t\t\"eventAttendanceMode\":\"https:\/\/schema.org\/OfflineEventAttendanceMode\",\n\t\t\t\t\"eventStatus\":\"https:\/\/schema.org\/EventScheduled\",\n\t\t\t\t\"name\": \"Morning Caf\u00e9 #2 - L\u2019\u00e9nergie \u00e7a roule\",\n\t\t\t\t\"url\": \"https:\/\/imredd.fr\/en\/events\/morning-cafe-2-lenergie-ca-roule\/\",\n\t\t\t\t\"startDate\": \"2026-9-29T08:30+2:00\",\n\t\t\t\t\"endDate\": \"2026-9-29T11:00+2:00\",\n\t\t\t\t\"image\":\"https:\/\/imredd.fr\/wp-content\/uploads\/2026\/08\/IN-IMAGE.png\", \n\t\t\t\t\"description\":\"<div class='StructuredModuleRenderer-module-scss-module__Qv95HW__structuredContent StructuredModuleRenderer-module-scss-module__Qv95HW__text' data-testid='text-content'> <p><em><strong>De la recharge pilot\u00e9e \u00e0 la valorisation des flottes de v\u00e9hicules \u00e9lectriques comme actif \u00e9nerg\u00e9tique<\/strong><\/em><\/p> <\/div> <div class='StructuredModuleRenderer-module-scss-module__Qv95HW__structuredContent StructuredModuleRenderer-module-scss-module__Qv95HW__text' data-testid='text-content'> <p><em><strong>\u00c0 partir de cas concrets et de retours d\u2019exp\u00e9rience, nous pr\u00e9senterons comment le smart charging et le vehicle-to-grid (V2G) permettent d\u2019optimiser la recharge, d\u2019int\u00e9grer les v\u00e9hicules \u00e9lectriques dans le pilotage \u00e9nerg\u00e9tique global du site et d\u2019en faire un levier de performance \u00e9conomique et environnementale.<\/strong><\/em><\/p> <hr \/> <h4><a href='https:\/\/www.eventbrite.fr\/e\/morning-cafe-2-lenergie-ca-roule-tickets-1994939094534'><strong>Inscription obligatoire<\/strong><\/a><\/h4> <h3><img class='' src='https:\/\/www.eventbrite.fr\/e\/_next\/image?url=https%3A%2F%2Fimg.evbuc.com%2Fhttps%253A%252F%252Fcdn.evbuc.com%252Fimages%252F1189769884%252F848916406093%252F1%252Foriginal.20260728-084526%3Fauto%3Dformat%252Ccompress%26q%3D75%26sharp%3D10%26s%3D99accec19f3762cc97ec4f7dfa31f932&amp;w=1880&amp;q=75' width='443' height='95' \/><\/h3> <h3><strong>Programme<\/strong><\/h3> <p><strong>8h30<\/strong>\u00a0: Accueil caf\u00e9<\/p> <p><strong>9h00<\/strong>\u00a0: D\u00e9but de la pr\u00e9sentation<\/p> <p>Le\u00a0<em>Contexte<\/em>\u00a0est introduit par l&rsquo;IMREDD. La suite de la pr\u00e9sentation (<em>\u00c9cosyst\u00e8me<\/em>,\u00a0<em>Cas d\u2019usages<\/em><em>\u00a0<\/em>et<em>\u00a0Challenges<\/em>) est assur\u00e9e par M. G\u00e9rald Seiler, dirigeant de l&rsquo;entreprise\u00a0<a title='http:\/\/www.chargeangels.fr\/' href='http:\/\/www.chargeangels.fr\/' target='_blank' rel='nofollow noopener noreferrer' data-msys-clicktrack='0'>ChargeAngels<\/a>, notre partenaire.<\/p> <p><em><strong>Contexte<\/strong><\/em><\/p> <p>Apr\u00e8s avoir pos\u00e9 les enjeux de la gestion \u00e9nerg\u00e9tique des flottes de v\u00e9hicules \u00e9lectriques, pr\u00e9sentation de l&rsquo;int\u00e9gration de la gestion de la recharge dans le pilotage \u00e9nerg\u00e9tique du site, puis de l&rsquo;installation d\u00e9ploy\u00e9e et test\u00e9e \u00e0 l&rsquo;IMREDD.<\/p> <p><em><strong>\u00c9cosyst\u00e8me de la mobilit\u00e9 \u00e9lectrique<\/strong><\/em><\/p> <p>Pr\u00e9sentation du march\u00e9 des v\u00e9hicules \u00e9lectriques, de l&rsquo;\u00e9tat des infrastructures de recharge, des technologies de batteries et de bornes, ainsi que des principaux acteurs du secteur.<\/p> <p><em><strong>Cas d\u2019usages concrets et retours d\u2019exploitation<\/strong><\/em><\/p> <p>Pr\u00e9sentation de retours d&rsquo;exp\u00e9rience illustrant la diversit\u00e9 des usages : transports lourds, flottes d&rsquo;entreprise, flottes de leasing courte dur\u00e9e, et charge en copropri\u00e9t\u00e9.<\/p> <p><em><strong>Les challenges \u00e0 venir et conclusions<\/strong><\/em><\/p> <p>Pr\u00e9sentation de la complexit\u00e9 technique croissante, de l&rsquo;importance de la formation des acheteurs et op\u00e9rateurs, et des nouveaux m\u00e9tiers et opportunit\u00e9s business.<\/p> <p><em><strong>Conclusion &amp; \u00e9changes<\/strong><\/em><\/p> <p>Conclusion et \u00e9changes avec la salle.<\/p> <p><strong>10h30<\/strong>\u00a0: Visite optionnelle de la Plateforme Technologique<\/p> <p><strong>11h00\u00a0<\/strong>: Fin<\/p> <hr \/> <h4><strong>S\u00e9rie Morning Caf\u00e9s<\/strong><\/h4> <h3><strong>Vers des entreprises et collectivit\u00e9s \u00e0 \u00e9nergie pilot\u00e9e<\/strong><\/h3> <p><em>Dans un contexte d\u2019\u00e9lectrification croissante et de ma\u00eetrise des co\u00fbts, l\u2019\u00e9nergie devient un enjeu strat\u00e9gique pour l\u2019entreprise.<\/em><\/p> <p><em>\u00c0 travers cette s\u00e9rie de Morning Caf\u00e9, nous partagerons des retours d\u2019exp\u00e9rience concrets issus de nos propres installations et d\u00e9marches op\u00e9rationnelles.<\/em><\/p> <p><em>B\u00e2timent, mobilit\u00e9 \u00e9lectrique et smart manufacturing : trois leviers compl\u00e9mentaires pour structurer une strat\u00e9gie \u00e9nerg\u00e9tique performante et durable.<\/em><\/p> <h3><strong>Th\u00e8mes \u00e0 venir :<\/strong><\/h3> <ul> <li><strong>Mise en place d&rsquo;une brique du smart manufacturing : synchroniser activit\u00e9s de fabrication et performance \u00e9nerg\u00e9tique<\/strong><\/li> <\/ul> <p><em>Retour d\u2019exp\u00e9rience sur la mise en place d\u2019un suivi \u00e9nerg\u00e9tique d\u2019activit\u00e9s de fabrication avec un investissement \u00e0 moindre co\u00fbt (capteurs et logiciel open source).<\/em><\/p> <\/div> <p><div class=\"more-text\" style=\"display: none\"><\/p> <p>&nbsp;<\/p> \",\"location\":[{\"@type\":\"Place\",\"name\":\"IMREDD\",\"address\":{\"@type\": \"PostalAddress\",\"streetAddress\":\"9 rue Julien Laupr\u00eatre\"}}]}<\/script><\/div>\r\n\t\t\t\t<p class=\"desc_trig_outter\" style=\"\"><a data-gmap_status=\"null\" data-exlk=\"1\" href=\"https:\/\/imredd.fr\/en\/events\/morning-cafe-2-lenergie-ca-roule\/\" target=\"_blank\" rel=\"noopener noreferrer\"style=\"background-color: #4bb5d8;\" id=\"evc_179066340027463\" href=\"https:\/\/imredd.fr\/en\/events\/morning-cafe-2-lenergie-ca-roule\/\" class=\"desc_trig sin_val evcal_list_a\" data-ux_val=\"4\" data-ux_val_mob=\"-\"  ><span class='evoet_in'><span class='evoet_c1 evoet_cx '><span class='evoet_dayblock evcal_cblock ' data-bgcolor='#4bb5d8' data-smon='septembre' data-syr='2026' data-bub=''><span class='evo_start  evofxdrc'><em class='date'>29<\/em><em class='month'>sept.<\/em><em class='time'>8h30<\/em><\/span><span class='evo_end only_time evofxdrc'><em class='time'>11h00<\/em><\/span><\/span><\/span><span class='evoet_c3 evoet_cx evcal_desc hide_eventtopdata '><span class='evoet_title evcal_desc2 evcal_event_title ' itemprop='name'>Morning Caf\u00e9 #2 - L\u2019\u00e9nergie \u00e7a roule<\/span><span class='event_location_attrs evodni'  data-location_address=\"9 rue Julien Laupr\u00eatre\" data-location_type=\"address\" data-location_name=\"IMREDD\" data-location_url=\"https:\/\/imredd.fr\/en\/event-location\/imredd\/\" data-location_status=\"true\" data-locid=\"8\"><\/span><\/span><\/span><span class='evoet_data' style='display:none' data-d=\"{&quot;loc.n&quot;:&quot;IMREDD&quot;,&quot;orgs&quot;:[],&quot;tags&quot;:[]}\" data-bgc=\"#4bb5d8\" data-bggrad=\"\" ><\/span><\/a><\/p><div class='clear end'><\/div><\/div>\t\t\t<\/div>\r\n\t\t\t<\/div><!-- evo_events_list_box -->\t\r\n\t\t\t<div class='clear'><\/div>\r\n\t\t\t\t\t \t<div id='evcal_footer' class='evo_bottom' style='display:none'>\r\n\t\t \t\t<div class='evo_cal_data' data-sc=\"{&quot;accord&quot;:&quot;no&quot;,&quot;bottom_nav&quot;:&quot;no&quot;,&quot;cal_id&quot;:&quot;&quot;,&quot;cal_init_nonajax&quot;:&quot;no&quot;,&quot;calendar_type&quot;:&quot;list&quot;,&quot;ep_fields&quot;:&quot;&quot;,&quot;etc_override&quot;:&quot;no&quot;,&quot;evc_open&quot;:&quot;no&quot;,&quot;event_count&quot;:&quot;5&quot;,&quot;event_location&quot;:&quot;all&quot;,&quot;event_order&quot;:&quot;ASC&quot;,&quot;event_organizer&quot;:&quot;all&quot;,&quot;event_parts&quot;:&quot;no&quot;,&quot;event_past_future&quot;:&quot;future&quot;,&quot;event_status&quot;:&quot;all&quot;,&quot;event_tag&quot;:&quot;all&quot;,&quot;event_type&quot;:&quot;all&quot;,&quot;event_type_2&quot;:&quot;all&quot;,&quot;event_virtual&quot;:&quot;all&quot;,&quot;eventtop_date_style&quot;:0,&quot;eventtop_style&quot;:&quot;2&quot;,&quot;exp_jumper&quot;:&quot;no&quot;,&quot;exp_so&quot;:&quot;no&quot;,&quot;filter_relationship&quot;:&quot;AND&quot;,&quot;filter_show_set_only&quot;:&quot;no&quot;,&quot;filter_style&quot;:&quot;default&quot;,&quot;filter_type&quot;:&quot;default&quot;,&quot;filters&quot;:&quot;yes&quot;,&quot;fixed_month&quot;:&quot;9&quot;,&quot;fixed_year&quot;:&quot;2026&quot;,&quot;focus_end_date_range&quot;:&quot;1801439999&quot;,&quot;focus_start_date_range&quot;:&quot;1788217200&quot;,&quot;ft_event_priority&quot;:&quot;no&quot;,&quot;hide_arrows&quot;:&quot;no&quot;,&quot;hide_cancels&quot;:&quot;no&quot;,&quot;hide_empty_months&quot;:&quot;no&quot;,&quot;hide_end_time&quot;:&quot;no&quot;,&quot;hide_et_dn&quot;:&quot;no&quot;,&quot;hide_et_extra&quot;:&quot;no&quot;,&quot;hide_et_tags&quot;:&quot;no&quot;,&quot;hide_et_tl&quot;:&quot;no&quot;,&quot;hide_ft&quot;:&quot;no&quot;,&quot;hide_ft_img&quot;:&quot;no&quot;,&quot;hide_month_headers&quot;:&quot;yes&quot;,&quot;hide_mult_occur&quot;:&quot;no&quot;,&quot;hide_past&quot;:&quot;yes&quot;,&quot;hide_past_by&quot;:&quot;ee&quot;,&quot;hide_so&quot;:&quot;no&quot;,&quot;ics&quot;:&quot;no&quot;,&quot;jumper&quot;:&quot;no&quot;,&quot;jumper_count&quot;:5,&quot;jumper_offset&quot;:&quot;0&quot;,&quot;lang&quot;:&quot;L1&quot;,&quot;layout_changer&quot;:&quot;no&quot;,&quot;livenow_bar&quot;:&quot;yes&quot;,&quot;mapformat&quot;:&quot;roadmap&quot;,&quot;mapiconurl&quot;:&quot;&quot;,&quot;maps_load&quot;:&quot;no&quot;,&quot;mapscroll&quot;:&quot;true&quot;,&quot;mapzoom&quot;:&quot;18&quot;,&quot;members_only&quot;:&quot;no&quot;,&quot;ml_priority&quot;:&quot;no&quot;,&quot;ml_toend&quot;:&quot;no&quot;,&quot;month_incre&quot;:0,&quot;number_of_months&quot;:&quot;5&quot;,&quot;only_ft&quot;:&quot;no&quot;,&quot;pec&quot;:&quot;&quot;,&quot;s&quot;:&quot;&quot;,&quot;search&quot;:&quot;&quot;,&quot;search_all&quot;:&quot;no&quot;,&quot;sep_month&quot;:&quot;no&quot;,&quot;show_et_ft_img&quot;:&quot;no&quot;,&quot;show_limit&quot;:&quot;no&quot;,&quot;show_limit_ajax&quot;:&quot;no&quot;,&quot;show_limit_paged&quot;:1,&quot;show_limit_redir&quot;:&quot;&quot;,&quot;show_repeats&quot;:&quot;no&quot;,&quot;show_search&quot;:&quot;no&quot;,&quot;show_upcoming&quot;:0,&quot;show_year&quot;:&quot;no&quot;,&quot;social_share&quot;:&quot;no&quot;,&quot;sort_by&quot;:&quot;sort_date&quot;,&quot;tile_bg&quot;:0,&quot;tile_bg_size&quot;:&quot;full&quot;,&quot;tile_count&quot;:2,&quot;tile_height&quot;:0,&quot;tile_style&quot;:0,&quot;tiles&quot;:&quot;no&quot;,&quot;ux_val&quot;:&quot;0&quot;,&quot;view_switcher&quot;:&quot;no&quot;,&quot;wpml_l1&quot;:&quot;&quot;,&quot;wpml_l2&quot;:&quot;&quot;,&quot;wpml_l3&quot;:&quot;&quot;,&quot;x_ids&quot;:&quot;&quot;,&quot;yl_priority&quot;:&quot;no&quot;,&quot;yl_toend&quot;:&quot;no&quot;,&quot;fixed_day&quot;:&quot;3&quot;,&quot;_cver&quot;:&quot;5.0.10&quot;}\" data-filter_data=\"[]\" data-nav_data=\"{&quot;month_title&quot;:&quot;&lt;p id=&#039;evcal_cur&#039; class=&#039;evo_month_title padr10&#039;&gt; septembre, 2026&lt;\\\/p&gt;&quot;,&quot;arrows&quot;:&quot;&lt;p class=&#039;evo_arrows&#039;&gt;\\r\\n\\t\\t\\t\\t\\t&lt;button id=&#039;evcal_prev&#039; class=&#039;evcal_arrows evcal_btn_prev evodfx evofx_jc_c evofx_ai_c&#039; aria-label=&#039;Previous Month&#039;&gt;&lt;i class=&#039;fa fa-chevron-left&#039; aria-hidden=&#039;true&#039;&gt;&lt;\\\/i&gt;&lt;\\\/button&gt;\\r\\n\\t\\t\\t\\t\\t&lt;button id=&#039;evcal_next&#039; class=&#039;evcal_arrows evo_arrow_next evcal_btn_next evodfx evofx_jc_c evofx_ai_c&#039; aria-label=&#039;Next Month&#039;&gt;&lt;i class=&#039;fa fa-chevron-right&#039; aria-hidden=&#039;true&#039;&gt;&lt;\\\/i&gt;&lt;\\\/button&gt;\\r\\n\\t\\t\\t\\t\\t&lt;\\\/p&gt;&quot;}\" data-od=\"{&quot;lang_no_events&quot;:&quot;Aucun \\u00e9v\\u00e9nement&quot;,&quot;cal_tz_offset&quot;:60,&quot;cal_tz&quot;:&quot;Europe\\\/London&quot;}\" ><\/div>\r\n\t\t \t\t<div class='evo_cal_events' data-events=\"\"><\/div>\r\n\t\t \t<\/div>\r\n\t\t\t\t\r\n\t\t\t\r\n\t\t\t\t\t\t<\/div><!-- EventON End -->\r\n\t\t\t<\/div><a href=\"#\" class=\"module-text-more\">More <\/a>    <\/div>\n<\/div>\n<!-- \/module text --><!-- module buttons -->\n<div  class=\"module module-buttons tb_7nvy522 buttons-horizontal solid  small\" data-lazy=\"1\">\n        <div class=\"module-buttons-item tf_in_flx\">\n                        <a href=\"https:\/\/imredd.fr\/agenda\/\" class=\"ui builder_button tf_in_flx tb_default_color\" >\n                                                Tous les \u00e9v\u00e9nements                                        <\/a>\n                <\/div>\n            <\/div>\n<!-- \/module buttons -->\n        <\/div>\n                        <\/div>\n        <\/div>\n        <\/div>\n<!--\/themify_builder_content-->","protected":false},"excerpt":{"rendered":"","protected":false},"author":2,"featured_media":0,"parent":0,"menu_order":0,"comment_status":"closed","ping_status":"closed","template":"","meta":{"footnotes":""},"class_list":["post-46","page","type-page","status-publish","hentry","has-post-title","has-post-date","has-post-category","has-post-tag","has-post-comment","has-post-author",""],"yoast_head":"<!-- This site is optimized with the Yoast SEO Premium plugin v28.3 (Yoast SEO v28.4) - https:\/\/yoast.com\/product\/yoast-seo-premium-wordpress\/ -->\n<title>Accueil - IMREDD - Universit\u00e9 C\u00f4te d&#039;Azur<\/title>\n<meta name=\"robots\" content=\"index, follow, max-snippet:-1, max-image-preview:large, max-video-preview:-1\" \/>\n<link rel=\"canonical\" href=\"https:\/\/imredd.fr\/en\/\" \/>\n<meta property=\"og:locale\" content=\"en_GB\" \/>\n<meta property=\"og:type\" content=\"article\" \/>\n<meta property=\"og:title\" content=\"Accueil\" \/>\n<meta property=\"og:url\" content=\"https:\/\/imredd.fr\/en\/\" \/>\n<meta property=\"og:site_name\" content=\"IMREDD - Universit\u00e9 C\u00f4te d&#039;Azur\" \/>\n<meta property=\"article:publisher\" content=\"http:\/\/facebook.com\/imredd.uca\" \/>\n<meta property=\"article:modified_time\" content=\"2026-07-10T08:05:59+00:00\" \/>\n<meta name=\"twitter:card\" content=\"summary_large_image\" \/>\n<meta name=\"twitter:label1\" content=\"Estimated reading time\" \/>\n\t<meta name=\"twitter:data1\" content=\"2 minutes\" \/>\n<script type=\"application\/ld+json\" class=\"yoast-schema-graph\">{\"@context\":\"https:\\\/\\\/schema.org\",\"@graph\":[{\"@type\":\"WebPage\",\"@id\":\"https:\\\/\\\/imredd.fr\\\/\",\"url\":\"https:\\\/\\\/imredd.fr\\\/\",\"name\":\"Accueil - IMREDD - Universit\u00e9 C\u00f4te d&#039;Azur\",\"isPartOf\":{\"@id\":\"https:\\\/\\\/imredd.fr\\\/#website\"},\"datePublished\":\"2020-03-12T11:55:35+00:00\",\"dateModified\":\"2026-07-10T08:05:59+00:00\",\"breadcrumb\":{\"@id\":\"https:\\\/\\\/imredd.fr\\\/#breadcrumb\"},\"inLanguage\":\"en-GB\",\"potentialAction\":[{\"@type\":\"ReadAction\",\"target\":[\"https:\\\/\\\/imredd.fr\\\/\"]}]},{\"@type\":\"BreadcrumbList\",\"@id\":\"https:\\\/\\\/imredd.fr\\\/#breadcrumb\",\"itemListElement\":[{\"@type\":\"ListItem\",\"position\":1,\"name\":\"Accueil\",\"item\":\"https:\\\/\\\/imredd.fr\\\/\"},{\"@type\":\"ListItem\",\"position\":2,\"name\":\"Accueil\"}]},{\"@type\":\"WebSite\",\"@id\":\"https:\\\/\\\/imredd.fr\\\/#website\",\"url\":\"https:\\\/\\\/imredd.fr\\\/\",\"name\":\"IMREDD - Universit\u00e9 C\u00f4te d'Azur\",\"description\":\"Institut M\u00e9diterran\u00e9en du Risque, de l&#039;Environnement et du D\u00e9veloppement Durable\",\"publisher\":{\"@id\":\"https:\\\/\\\/imredd.fr\\\/#organization\"},\"potentialAction\":[{\"@type\":\"SearchAction\",\"target\":{\"@type\":\"EntryPoint\",\"urlTemplate\":\"https:\\\/\\\/imredd.fr\\\/?s={search_term_string}\"},\"query-input\":{\"@type\":\"PropertyValueSpecification\",\"valueRequired\":true,\"valueName\":\"search_term_string\"}}],\"inLanguage\":\"en-GB\"},{\"@type\":\"Organization\",\"@id\":\"https:\\\/\\\/imredd.fr\\\/#organization\",\"name\":\"IMREDD - Institut M\u00e9diterran\u00e9en du Risque, de l'Environnement et du D\u00e9veloppement Durable\",\"url\":\"https:\\\/\\\/imredd.fr\\\/\",\"logo\":{\"@type\":\"ImageObject\",\"inLanguage\":\"en-GB\",\"@id\":\"https:\\\/\\\/imredd.fr\\\/#\\\/schema\\\/logo\\\/image\\\/\",\"url\":\"https:\\\/\\\/imredd.fr\\\/wp-content\\\/uploads\\\/2025\\\/07\\\/IMREDD-Logo-couleurs-transparent.png\",\"contentUrl\":\"https:\\\/\\\/imredd.fr\\\/wp-content\\\/uploads\\\/2025\\\/07\\\/IMREDD-Logo-couleurs-transparent.png\",\"width\":959,\"height\":164,\"caption\":\"IMREDD - Institut M\u00e9diterran\u00e9en du Risque, de l'Environnement et du D\u00e9veloppement Durable\"},\"image\":{\"@id\":\"https:\\\/\\\/imredd.fr\\\/#\\\/schema\\\/logo\\\/image\\\/\"},\"sameAs\":[\"http:\\\/\\\/facebook.com\\\/imredd.uca\",\"http:\\\/\\\/linkedin.com\\\/showcase\\\/imredd\"]}]}<\/script>\n<!-- \/ Yoast SEO Premium plugin. -->","yoast_head_json":{"title":"Home - IMREDD - Universit\u00e9 C\u00f4te d'Azur","robots":{"index":"index","follow":"follow","max-snippet":"max-snippet:-1","max-image-preview":"max-image-preview:large","max-video-preview":"max-video-preview:-1"},"canonical":"https:\/\/imredd.fr\/en\/","og_locale":"en_GB","og_type":"article","og_title":"Accueil","og_url":"https:\/\/imredd.fr\/en\/","og_site_name":"IMREDD - Universit\u00e9 C\u00f4te d&#039;Azur","article_publisher":"http:\/\/facebook.com\/imredd.uca","article_modified_time":"2026-07-10T08:05:59+00:00","twitter_card":"summary_large_image","twitter_misc":{"Estimated reading time":"2 minutes"},"schema":{"@context":"https:\/\/schema.org","@graph":[{"@type":"WebPage","@id":"https:\/\/imredd.fr\/","url":"https:\/\/imredd.fr\/","name":"Home - IMREDD - Universit\u00e9 C\u00f4te d'Azur","isPartOf":{"@id":"https:\/\/imredd.fr\/#website"},"datePublished":"2020-03-12T11:55:35+00:00","dateModified":"2026-07-10T08:05:59+00:00","breadcrumb":{"@id":"https:\/\/imredd.fr\/#breadcrumb"},"inLanguage":"en-GB","potentialAction":[{"@type":"ReadAction","target":["https:\/\/imredd.fr\/"]}]},{"@type":"BreadcrumbList","@id":"https:\/\/imredd.fr\/#breadcrumb","itemListElement":[{"@type":"ListItem","position":1,"name":"Accueil","item":"https:\/\/imredd.fr\/"},{"@type":"ListItem","position":2,"name":"Accueil"}]},{"@type":"WebSite","@id":"https:\/\/imredd.fr\/#website","url":"https:\/\/imredd.fr\/","name":"IMREDD - C\u00f4te d'Azur University","description":"Mediterranean Institute for Risk, Environment and Sustainable Development","publisher":{"@id":"https:\/\/imredd.fr\/#organization"},"potentialAction":[{"@type":"SearchAction","target":{"@type":"EntryPoint","urlTemplate":"https:\/\/imredd.fr\/?s={search_term_string}"},"query-input":{"@type":"PropertyValueSpecification","valueRequired":true,"valueName":"search_term_string"}}],"inLanguage":"en-GB"},{"@type":"Organization","@id":"https:\/\/imredd.fr\/#organization","name":"IMREDD - Mediterranean Institute for Risk, Environment and Sustainable Development","url":"https:\/\/imredd.fr\/","logo":{"@type":"ImageObject","inLanguage":"en-GB","@id":"https:\/\/imredd.fr\/#\/schema\/logo\/image\/","url":"https:\/\/imredd.fr\/wp-content\/uploads\/2025\/07\/IMREDD-Logo-couleurs-transparent.png","contentUrl":"https:\/\/imredd.fr\/wp-content\/uploads\/2025\/07\/IMREDD-Logo-couleurs-transparent.png","width":959,"height":164,"caption":"IMREDD - Institut M\u00e9diterran\u00e9en du Risque, de l'Environnement et du D\u00e9veloppement Durable"},"image":{"@id":"https:\/\/imredd.fr\/#\/schema\/logo\/image\/"},"sameAs":["http:\/\/facebook.com\/imredd.uca","http:\/\/linkedin.com\/showcase\/imredd"]}]}},"_links":{"self":[{"href":"https:\/\/imredd.fr\/en\/wp-json\/wp\/v2\/pages\/46","targetHints":{"allow":["GET"]}}],"collection":[{"href":"https:\/\/imredd.fr\/en\/wp-json\/wp\/v2\/pages"}],"about":[{"href":"https:\/\/imredd.fr\/en\/wp-json\/wp\/v2\/types\/page"}],"author":[{"embeddable":true,"href":"https:\/\/imredd.fr\/en\/wp-json\/wp\/v2\/users\/2"}],"replies":[{"embeddable":true,"href":"https:\/\/imredd.fr\/en\/wp-json\/wp\/v2\/comments?post=46"}],"version-history":[{"count":16,"href":"https:\/\/imredd.fr\/en\/wp-json\/wp\/v2\/pages\/46\/revisions"}],"predecessor-version":[{"id":27383,"href":"https:\/\/imredd.fr\/en\/wp-json\/wp\/v2\/pages\/46\/revisions\/27383"}],"wp:attachment":[{"href":"https:\/\/imredd.fr\/en\/wp-json\/wp\/v2\/media?parent=46"}],"curies":[{"name":"wp","href":"https:\/\/api.w.org\/{rel}","templated":true}]}}