{"id":25246,"date":"2025-07-30T18:28:50","date_gmt":"2025-07-30T16:28:50","guid":{"rendered":"https:\/\/imredd.fr\/?post_type=projet&#038;p=25246"},"modified":"2026-01-19T18:25:44","modified_gmt":"2026-01-19T17:25:44","slug":"ux-chair","status":"publish","type":"projet","link":"https:\/\/imredd.fr\/en\/projet\/chaire-ux\/","title":{"rendered":"User Experience for Smart Living"},"excerpt":{"rendered":"<p>Concevoir l&rsquo;habitat de demain<\/p>","protected":false},"featured_media":25247,"parent":0,"menu_order":0,"template":"","statut_projet":[434],"type_projet":[463],"class_list":["post-25246","projet","type-projet","status-publish","has-post-thumbnail","hentry","statut_projet-projet-en-cours","type_projet-chaire-partenariale","has-post-title","has-post-date","has-post-category","has-post-tag","has-post-comment","has-post-author",""],"yoast_head":"<!-- This site is optimized with the Yoast SEO Premium plugin v27.4 (Yoast SEO v27.4) - https:\/\/yoast.com\/product\/yoast-seo-premium-wordpress\/ -->\n<title>User eXperience for Smart Life - IMREDD - Universit\u00e9 C\u00f4te d&#039;Azur<\/title>\n<meta name=\"robots\" content=\"index, follow, max-snippet:-1, max-image-preview:large, max-video-preview:-1\" \/>\n<link rel=\"canonical\" href=\"https:\/\/imredd.fr\/en\/project\/ux-chair\/\" \/>\n<meta property=\"og:locale\" content=\"en_GB\" \/>\n<meta property=\"og:type\" content=\"article\" \/>\n<meta property=\"og:title\" content=\"User eXperience for Smart Life\" \/>\n<meta property=\"og:description\" content=\"Concevoir l&#039;habitat de demain\" \/>\n<meta property=\"og:url\" content=\"https:\/\/imredd.fr\/en\/project\/ux-chair\/\" \/>\n<meta property=\"og:site_name\" content=\"IMREDD - Universit\u00e9 C\u00f4te d&#039;Azur\" \/>\n<meta property=\"article:publisher\" content=\"http:\/\/facebook.com\/imredd.uca\" \/>\n<meta property=\"article:modified_time\" content=\"2026-01-19T17:25:44+00:00\" \/>\n<meta name=\"twitter:card\" content=\"summary_large_image\" \/>\n<meta name=\"twitter:label1\" content=\"Estimated reading time\" \/>\n\t<meta name=\"twitter:data1\" content=\"1 minute\" \/>\n<script type=\"application\/ld+json\" class=\"yoast-schema-graph\">{\"@context\":\"https:\\\/\\\/schema.org\",\"@graph\":[{\"@type\":\"WebPage\",\"@id\":\"https:\\\/\\\/imredd.fr\\\/projet\\\/chaire-ux\\\/\",\"url\":\"https:\\\/\\\/imredd.fr\\\/projet\\\/chaire-ux\\\/\",\"name\":\"User eXperience for Smart Life - IMREDD - Universit\u00e9 C\u00f4te d&#039;Azur\",\"isPartOf\":{\"@id\":\"https:\\\/\\\/imredd.fr\\\/#website\"},\"primaryImageOfPage\":{\"@id\":\"https:\\\/\\\/imredd.fr\\\/projet\\\/chaire-ux\\\/#primaryimage\"},\"image\":{\"@id\":\"https:\\\/\\\/imredd.fr\\\/projet\\\/chaire-ux\\\/#primaryimage\"},\"thumbnailUrl\":\"https:\\\/\\\/imredd.fr\\\/wp-content\\\/uploads\\\/2025\\\/07\\\/chaire_ux_image.png\",\"datePublished\":\"2025-07-30T16:28:50+00:00\",\"dateModified\":\"2026-01-19T17:25:44+00:00\",\"breadcrumb\":{\"@id\":\"https:\\\/\\\/imredd.fr\\\/projet\\\/chaire-ux\\\/#breadcrumb\"},\"inLanguage\":\"en-GB\",\"potentialAction\":[{\"@type\":\"ReadAction\",\"target\":[\"https:\\\/\\\/imredd.fr\\\/projet\\\/chaire-ux\\\/\"]}]},{\"@type\":\"ImageObject\",\"inLanguage\":\"en-GB\",\"@id\":\"https:\\\/\\\/imredd.fr\\\/projet\\\/chaire-ux\\\/#primaryimage\",\"url\":\"https:\\\/\\\/imredd.fr\\\/wp-content\\\/uploads\\\/2025\\\/07\\\/chaire_ux_image.png\",\"contentUrl\":\"https:\\\/\\\/imredd.fr\\\/wp-content\\\/uploads\\\/2025\\\/07\\\/chaire_ux_image.png\",\"width\":1868,\"height\":740},{\"@type\":\"BreadcrumbList\",\"@id\":\"https:\\\/\\\/imredd.fr\\\/projet\\\/chaire-ux\\\/#breadcrumb\",\"itemListElement\":[{\"@type\":\"ListItem\",\"position\":1,\"name\":\"Accueil\",\"item\":\"https:\\\/\\\/imredd.fr\\\/\"},{\"@type\":\"ListItem\",\"position\":2,\"name\":\"Projets\",\"item\":\"https:\\\/\\\/imredd.fr\\\/projet\\\/\"},{\"@type\":\"ListItem\",\"position\":3,\"name\":\"User eXperience for Smart Life\"}]},{\"@type\":\"WebSite\",\"@id\":\"https:\\\/\\\/imredd.fr\\\/#website\",\"url\":\"https:\\\/\\\/imredd.fr\\\/\",\"name\":\"IMREDD - Universit\u00e9 C\u00f4te d'Azur\",\"description\":\"Institut M\u00e9diterran\u00e9en du Risque, de l&#039;Environnement et du D\u00e9veloppement Durable\",\"publisher\":{\"@id\":\"https:\\\/\\\/imredd.fr\\\/#organization\"},\"potentialAction\":[{\"@type\":\"SearchAction\",\"target\":{\"@type\":\"EntryPoint\",\"urlTemplate\":\"https:\\\/\\\/imredd.fr\\\/?s={search_term_string}\"},\"query-input\":{\"@type\":\"PropertyValueSpecification\",\"valueRequired\":true,\"valueName\":\"search_term_string\"}}],\"inLanguage\":\"en-GB\"},{\"@type\":\"Organization\",\"@id\":\"https:\\\/\\\/imredd.fr\\\/#organization\",\"name\":\"IMREDD - Institut M\u00e9diterran\u00e9en du Risque, de l'Environnement et du D\u00e9veloppement Durable\",\"url\":\"https:\\\/\\\/imredd.fr\\\/\",\"logo\":{\"@type\":\"ImageObject\",\"inLanguage\":\"en-GB\",\"@id\":\"https:\\\/\\\/imredd.fr\\\/#\\\/schema\\\/logo\\\/image\\\/\",\"url\":\"https:\\\/\\\/imredd.fr\\\/wp-content\\\/uploads\\\/2025\\\/07\\\/IMREDD-Logo-couleurs-transparent.png\",\"contentUrl\":\"https:\\\/\\\/imredd.fr\\\/wp-content\\\/uploads\\\/2025\\\/07\\\/IMREDD-Logo-couleurs-transparent.png\",\"width\":959,\"height\":164,\"caption\":\"IMREDD - Institut M\u00e9diterran\u00e9en du Risque, de l'Environnement et du D\u00e9veloppement Durable\"},\"image\":{\"@id\":\"https:\\\/\\\/imredd.fr\\\/#\\\/schema\\\/logo\\\/image\\\/\"},\"sameAs\":[\"http:\\\/\\\/facebook.com\\\/imredd.uca\",\"http:\\\/\\\/linkedin.com\\\/showcase\\\/imredd\"]}]}<\/script>\n<!-- \/ Yoast SEO Premium plugin. -->","yoast_head_json":{"title":"User Experience for Smart Life - IMREDD - Universit\u00e9 C\u00f4te d'Azur","robots":{"index":"index","follow":"follow","max-snippet":"max-snippet:-1","max-image-preview":"max-image-preview:large","max-video-preview":"max-video-preview:-1"},"canonical":"https:\/\/imredd.fr\/en\/project\/ux-chair\/","og_locale":"en_GB","og_type":"article","og_title":"User eXperience for Smart Life","og_description":"Concevoir l'habitat de demain","og_url":"https:\/\/imredd.fr\/en\/project\/ux-chair\/","og_site_name":"IMREDD - Universit\u00e9 C\u00f4te d&#039;Azur","article_publisher":"http:\/\/facebook.com\/imredd.uca","article_modified_time":"2026-01-19T17:25:44+00:00","twitter_card":"summary_large_image","twitter_misc":{"Estimated reading time":"1 minute"},"schema":{"@context":"https:\/\/schema.org","@graph":[{"@type":"WebPage","@id":"https:\/\/imredd.fr\/projet\/chaire-ux\/","url":"https:\/\/imredd.fr\/projet\/chaire-ux\/","name":"User Experience for Smart Life - IMREDD - Universit\u00e9 C\u00f4te d'Azur","isPartOf":{"@id":"https:\/\/imredd.fr\/#website"},"primaryImageOfPage":{"@id":"https:\/\/imredd.fr\/projet\/chaire-ux\/#primaryimage"},"image":{"@id":"https:\/\/imredd.fr\/projet\/chaire-ux\/#primaryimage"},"thumbnailUrl":"https:\/\/imredd.fr\/wp-content\/uploads\/2025\/07\/chaire_ux_image.png","datePublished":"2025-07-30T16:28:50+00:00","dateModified":"2026-01-19T17:25:44+00:00","breadcrumb":{"@id":"https:\/\/imredd.fr\/projet\/chaire-ux\/#breadcrumb"},"inLanguage":"en-GB","potentialAction":[{"@type":"ReadAction","target":["https:\/\/imredd.fr\/projet\/chaire-ux\/"]}]},{"@type":"ImageObject","inLanguage":"en-GB","@id":"https:\/\/imredd.fr\/projet\/chaire-ux\/#primaryimage","url":"https:\/\/imredd.fr\/wp-content\/uploads\/2025\/07\/chaire_ux_image.png","contentUrl":"https:\/\/imredd.fr\/wp-content\/uploads\/2025\/07\/chaire_ux_image.png","width":1868,"height":740},{"@type":"BreadcrumbList","@id":"https:\/\/imredd.fr\/projet\/chaire-ux\/#breadcrumb","itemListElement":[{"@type":"ListItem","position":1,"name":"Accueil","item":"https:\/\/imredd.fr\/"},{"@type":"ListItem","position":2,"name":"Projets","item":"https:\/\/imredd.fr\/projet\/"},{"@type":"ListItem","position":3,"name":"User eXperience for Smart Life"}]},{"@type":"WebSite","@id":"https:\/\/imredd.fr\/#website","url":"https:\/\/imredd.fr\/","name":"IMREDD - C\u00f4te d'Azur University","description":"Mediterranean Institute for Risk, Environment and Sustainable Development","publisher":{"@id":"https:\/\/imredd.fr\/#organization"},"potentialAction":[{"@type":"SearchAction","target":{"@type":"EntryPoint","urlTemplate":"https:\/\/imredd.fr\/?s={search_term_string}"},"query-input":{"@type":"PropertyValueSpecification","valueRequired":true,"valueName":"search_term_string"}}],"inLanguage":"en-GB"},{"@type":"Organization","@id":"https:\/\/imredd.fr\/#organization","name":"IMREDD - Mediterranean Institute for Risk, Environment and Sustainable Development","url":"https:\/\/imredd.fr\/","logo":{"@type":"ImageObject","inLanguage":"en-GB","@id":"https:\/\/imredd.fr\/#\/schema\/logo\/image\/","url":"https:\/\/imredd.fr\/wp-content\/uploads\/2025\/07\/IMREDD-Logo-couleurs-transparent.png","contentUrl":"https:\/\/imredd.fr\/wp-content\/uploads\/2025\/07\/IMREDD-Logo-couleurs-transparent.png","width":959,"height":164,"caption":"IMREDD - Institut M\u00e9diterran\u00e9en du Risque, de l'Environnement et du D\u00e9veloppement Durable"},"image":{"@id":"https:\/\/imredd.fr\/#\/schema\/logo\/image\/"},"sameAs":["http:\/\/facebook.com\/imredd.uca","http:\/\/linkedin.com\/showcase\/imredd"]}]}},"ptb_metabox":{"ptb_projet_descriptio":"Notre environnement devient de plus en plus intelligent. Dans nos maisons et v\u00e9hicules, des syst\u00e8mes connect\u00e9s et leurs services num\u00e9riques associ\u00e9s nous assistent, nous accompagnent. Cette transformation digitale de notre environnement change nos mani\u00e8res de concevoir notre habitat, de travailler, de consommer, nos fa\u00e7ons de produire.\r\n\r\nD'un point de vue soci\u00e9tal nous vivons aussi une \u00e9volution. 20% de la population fran\u00e7aise a aujourd\u2019hui plus de 65 ans. En 2030, ils repr\u00e9senteront 30% de la population. Nos structures familiales changent : 30% des familles sont monoparentales. Nous consommons diff\u00e9remment, nos achats en lignes augmentent chaque ann\u00e9e. De nouvelles fa\u00e7ons de travailler se d\u00e9veloppent, la crise sanitaire a notamment acc\u00e9l\u00e9r\u00e9 la mise en \u0153uvre du t\u00e9l\u00e9travail. Aujourd\u2019hui, nous passons pr\u00e8s de 80% de notre temps en int\u00e9rieur. Notre habitat et son environnement proche doivent n\u00e9cessairement s\u2019adapter \u00e0 ces nouvelles habitudes tout en r\u00e9pondant aux d\u00e9fis du changement climatique qui nous impose une r\u00e9duction de notre consommation d\u2019\u00e9nergie.\r\n\r\nLe d\u00e9veloppement des services num\u00e9riques ambiants repr\u00e9sente un potentiel d\u2019innovation et de croissance \u00e9conomique important, mais il pose aussi des d\u00e9fis technologiques : savoir d\u00e9terminer les besoins des usagers pour pouvoir leur proposer des services efficaces, mesurer leur acceptabilit\u00e9 et leurs impacts, assurer la continuit\u00e9 de ces services num\u00e9riques ambiants, les adapter aux diff\u00e9rents contextes que la mobilit\u00e9 induit.\r\n\r\nL\u2019objectif de la Chaire \u00ab User eXperiences for Smart Life: Home &amp;amp; Mobility \u00bb est de lever les verrous scientifiques qui peuvent freiner le d\u00e9veloppement technologique de nos environnements intelligents. Elle a pour vocation de tester et d\u2019\u00e9tudier l\u2019acceptabilit\u00e9 et l\u2019impact sur les usagers des nouveaux syst\u00e8mes connect\u00e9s et des services num\u00e9riques associ\u00e9s imagin\u00e9s par les entreprises partenaires.\r\n\r\nLa chaire UX for Smart Life a pour objectif de cr\u00e9er, d\u00e9velopper, exp\u00e9rimenter les technologies et usages autour de la maison de demain et de son environnement proche.\r\n<ul>\r\n \t<li>\u00c9tude des usages de la maison \/ mobilit\u00e9<\/li>\r\n \t<li>D\u00e9veloppement de solutions techniques pour une maison\/ mobilit\u00e9 adaptatives<\/li>\r\n \t<li>\u00c9tude d\u2019acceptabilit\u00e9 des technologies et de leurs impacts \u2013 cr\u00e9ation de sc\u00e9narios d\u2019usage<\/li>\r\n<\/ul>\r\nLa chaire s\u2019adosse \u00e0 la plateforme technologique de l\u2019IMREDD, \u00ab Lab Smart Life : Home &amp;amp; Mobility \u00bb, une architecture digitale ouverte et \u00e9volutive qui connecte trois domaines\u00a0: maison intelligente, v\u00e9hicules et infrastructures. Le Living Lab offre la capacit\u00e9 de cr\u00e9er et modifier les sc\u00e9narios des exp\u00e9riences utilisateurs, de valider \u00e0 la fois leur acceptabilit\u00e9 sociale et leur viabilit\u00e9 \u00e9conomique.","ptb_site_projet":["Site du projet","https:\/\/chaire-ux.imredd.fr\/"],"ptb_projet_related_partner":{"relType":"1","ids":"25256, 25028, 25257, 25258, 25260, 25030, 25261, 25259, 25200, 25262"},"ptb_projet_financeur_projet":{"relType":"1"},"ptb_projet_project_related_post":{"relType":"2","ids":"446"},"ptb_projet_publi_scientif_en_lien":{"relType":"1"}},"ptb_taxonomy":{"statut_projet":[{"term_id":434,"name":"Projet en cours","slug":"projet-en-cours","term_group":0,"term_taxonomy_id":434,"taxonomy":"statut_projet","description":"","parent":0,"count":14,"filter":"raw"}],"type_projet":[{"term_id":463,"name":"Chaire partenariale","slug":"chaire-partenariale","term_group":0,"term_taxonomy_id":463,"taxonomy":"type_projet","description":"","parent":0,"count":4,"filter":"raw"}]},"ptb_featured_image":{"url":"https:\/\/imredd.fr\/wp-content\/uploads\/2025\/07\/chaire_ux_image.png","title":"chair_ux_image","caption":""},"_links":{"self":[{"href":"https:\/\/imredd.fr\/en\/wp-json\/wp\/v2\/projet\/25246","targetHints":{"allow":["GET"]}}],"collection":[{"href":"https:\/\/imredd.fr\/en\/wp-json\/wp\/v2\/projet"}],"about":[{"href":"https:\/\/imredd.fr\/en\/wp-json\/wp\/v2\/types\/projet"}],"wp:featuredmedia":[{"embeddable":true,"href":"https:\/\/imredd.fr\/en\/wp-json\/wp\/v2\/media\/25247"}],"wp:attachment":[{"href":"https:\/\/imredd.fr\/en\/wp-json\/wp\/v2\/media?parent=25246"}],"wp:term":[{"taxonomy":"statut_projet","embeddable":true,"href":"https:\/\/imredd.fr\/en\/wp-json\/wp\/v2\/statut_projet?post=25246"},{"taxonomy":"type_projet","embeddable":true,"href":"https:\/\/imredd.fr\/en\/wp-json\/wp\/v2\/type_projet?post=25246"}],"curies":[{"name":"wp","href":"https:\/\/api.w.org\/{rel}","templated":true}]}}