{"id":25852,"date":"2025-12-09T15:17:47","date_gmt":"2025-12-09T14:17:47","guid":{"rendered":"https:\/\/imredd.fr\/?post_type=projet&#038;p=25852"},"modified":"2026-02-16T11:36:35","modified_gmt":"2026-02-16T10:36:35","slug":"alpimed-ecoterr","status":"publish","type":"projet","link":"https:\/\/imredd.fr\/en\/projet\/alpimed-ecoterr\/","title":{"rendered":"Alpimed+ ECOTERR"},"excerpt":{"rendered":"<p>Adapting to climate change and risk prevention<\/p>","protected":false},"featured_media":25856,"parent":0,"menu_order":0,"template":"","statut_projet":[434],"type_projet":[464],"class_list":["post-25852","projet","type-projet","status-publish","has-post-thumbnail","hentry","statut_projet-projet-en-cours","type_projet-projet-collaboratif","has-post-title","has-post-date","has-post-category","has-post-tag","has-post-comment","has-post-author",""],"yoast_head":"<!-- This site is optimized with the Yoast SEO Premium plugin v27.4 (Yoast SEO v27.4) - https:\/\/yoast.com\/product\/yoast-seo-premium-wordpress\/ -->\n<title>Alpimed+ ECOTERR - IMREDD - Universit\u00e9 C\u00f4te d&#039;Azur<\/title>\n<meta name=\"robots\" content=\"index, follow, max-snippet:-1, max-image-preview:large, max-video-preview:-1\" \/>\n<link rel=\"canonical\" href=\"https:\/\/imredd.fr\/en\/project\/alpimed-ecoterr\/\" \/>\n<meta property=\"og:locale\" content=\"en_GB\" \/>\n<meta property=\"og:type\" content=\"article\" \/>\n<meta property=\"og:title\" content=\"Alpimed+ ECOTERR\" \/>\n<meta property=\"og:description\" content=\"Adaptation au changement climatique et pr\u00e9vention des risques\" \/>\n<meta property=\"og:url\" content=\"https:\/\/imredd.fr\/en\/project\/alpimed-ecoterr\/\" \/>\n<meta property=\"og:site_name\" content=\"IMREDD - Universit\u00e9 C\u00f4te d&#039;Azur\" \/>\n<meta property=\"article:publisher\" content=\"http:\/\/facebook.com\/imredd.uca\" \/>\n<meta property=\"article:modified_time\" content=\"2026-02-16T10:36:35+00:00\" \/>\n<meta name=\"twitter:card\" content=\"summary_large_image\" \/>\n<meta name=\"twitter:label1\" content=\"Estimated reading time\" \/>\n\t<meta name=\"twitter:data1\" content=\"1 minute\" \/>\n<script type=\"application\/ld+json\" class=\"yoast-schema-graph\">{\"@context\":\"https:\\\/\\\/schema.org\",\"@graph\":[{\"@type\":\"WebPage\",\"@id\":\"https:\\\/\\\/imredd.fr\\\/projet\\\/alpimed-ecoterr\\\/\",\"url\":\"https:\\\/\\\/imredd.fr\\\/projet\\\/alpimed-ecoterr\\\/\",\"name\":\"Alpimed+ ECOTERR - IMREDD - Universit\u00e9 C\u00f4te d&#039;Azur\",\"isPartOf\":{\"@id\":\"https:\\\/\\\/imredd.fr\\\/#website\"},\"primaryImageOfPage\":{\"@id\":\"https:\\\/\\\/imredd.fr\\\/projet\\\/alpimed-ecoterr\\\/#primaryimage\"},\"image\":{\"@id\":\"https:\\\/\\\/imredd.fr\\\/projet\\\/alpimed-ecoterr\\\/#primaryimage\"},\"thumbnailUrl\":\"https:\\\/\\\/imredd.fr\\\/wp-content\\\/uploads\\\/2025\\\/12\\\/ALPIMED-Ecoterr-featured.png\",\"datePublished\":\"2025-12-09T14:17:47+00:00\",\"dateModified\":\"2026-02-16T10:36:35+00:00\",\"breadcrumb\":{\"@id\":\"https:\\\/\\\/imredd.fr\\\/projet\\\/alpimed-ecoterr\\\/#breadcrumb\"},\"inLanguage\":\"en-GB\",\"potentialAction\":[{\"@type\":\"ReadAction\",\"target\":[\"https:\\\/\\\/imredd.fr\\\/projet\\\/alpimed-ecoterr\\\/\"]}]},{\"@type\":\"ImageObject\",\"inLanguage\":\"en-GB\",\"@id\":\"https:\\\/\\\/imredd.fr\\\/projet\\\/alpimed-ecoterr\\\/#primaryimage\",\"url\":\"https:\\\/\\\/imredd.fr\\\/wp-content\\\/uploads\\\/2025\\\/12\\\/ALPIMED-Ecoterr-featured.png\",\"contentUrl\":\"https:\\\/\\\/imredd.fr\\\/wp-content\\\/uploads\\\/2025\\\/12\\\/ALPIMED-Ecoterr-featured.png\",\"width\":800,\"height\":600},{\"@type\":\"BreadcrumbList\",\"@id\":\"https:\\\/\\\/imredd.fr\\\/projet\\\/alpimed-ecoterr\\\/#breadcrumb\",\"itemListElement\":[{\"@type\":\"ListItem\",\"position\":1,\"name\":\"Accueil\",\"item\":\"https:\\\/\\\/imredd.fr\\\/\"},{\"@type\":\"ListItem\",\"position\":2,\"name\":\"Projets\",\"item\":\"https:\\\/\\\/imredd.fr\\\/projet\\\/\"},{\"@type\":\"ListItem\",\"position\":3,\"name\":\"Alpimed+ ECOTERR\"}]},{\"@type\":\"WebSite\",\"@id\":\"https:\\\/\\\/imredd.fr\\\/#website\",\"url\":\"https:\\\/\\\/imredd.fr\\\/\",\"name\":\"IMREDD - Universit\u00e9 C\u00f4te d'Azur\",\"description\":\"Institut M\u00e9diterran\u00e9en du Risque, de l&#039;Environnement et du D\u00e9veloppement Durable\",\"publisher\":{\"@id\":\"https:\\\/\\\/imredd.fr\\\/#organization\"},\"potentialAction\":[{\"@type\":\"SearchAction\",\"target\":{\"@type\":\"EntryPoint\",\"urlTemplate\":\"https:\\\/\\\/imredd.fr\\\/?s={search_term_string}\"},\"query-input\":{\"@type\":\"PropertyValueSpecification\",\"valueRequired\":true,\"valueName\":\"search_term_string\"}}],\"inLanguage\":\"en-GB\"},{\"@type\":\"Organization\",\"@id\":\"https:\\\/\\\/imredd.fr\\\/#organization\",\"name\":\"IMREDD - Institut M\u00e9diterran\u00e9en du Risque, de l'Environnement et du D\u00e9veloppement Durable\",\"url\":\"https:\\\/\\\/imredd.fr\\\/\",\"logo\":{\"@type\":\"ImageObject\",\"inLanguage\":\"en-GB\",\"@id\":\"https:\\\/\\\/imredd.fr\\\/#\\\/schema\\\/logo\\\/image\\\/\",\"url\":\"https:\\\/\\\/imredd.fr\\\/wp-content\\\/uploads\\\/2025\\\/07\\\/IMREDD-Logo-couleurs-transparent.png\",\"contentUrl\":\"https:\\\/\\\/imredd.fr\\\/wp-content\\\/uploads\\\/2025\\\/07\\\/IMREDD-Logo-couleurs-transparent.png\",\"width\":959,\"height\":164,\"caption\":\"IMREDD - Institut M\u00e9diterran\u00e9en du Risque, de l'Environnement et du D\u00e9veloppement Durable\"},\"image\":{\"@id\":\"https:\\\/\\\/imredd.fr\\\/#\\\/schema\\\/logo\\\/image\\\/\"},\"sameAs\":[\"http:\\\/\\\/facebook.com\\\/imredd.uca\",\"http:\\\/\\\/linkedin.com\\\/showcase\\\/imredd\"]}]}<\/script>\n<!-- \/ Yoast SEO Premium plugin. -->","yoast_head_json":{"title":"Alpimed+ ECOTERR - IMREDD - University of C\u00f4te d'Azur","robots":{"index":"index","follow":"follow","max-snippet":"max-snippet:-1","max-image-preview":"max-image-preview:large","max-video-preview":"max-video-preview:-1"},"canonical":"https:\/\/imredd.fr\/en\/project\/alpimed-ecoterr\/","og_locale":"en_GB","og_type":"article","og_title":"Alpimed+ ECOTERR","og_description":"Adaptation au changement climatique et pr\u00e9vention des risques","og_url":"https:\/\/imredd.fr\/en\/project\/alpimed-ecoterr\/","og_site_name":"IMREDD - Universit\u00e9 C\u00f4te d&#039;Azur","article_publisher":"http:\/\/facebook.com\/imredd.uca","article_modified_time":"2026-02-16T10:36:35+00:00","twitter_card":"summary_large_image","twitter_misc":{"Estimated reading time":"1 minute"},"schema":{"@context":"https:\/\/schema.org","@graph":[{"@type":"WebPage","@id":"https:\/\/imredd.fr\/projet\/alpimed-ecoterr\/","url":"https:\/\/imredd.fr\/projet\/alpimed-ecoterr\/","name":"Alpimed+ ECOTERR - IMREDD - University of C\u00f4te d'Azur","isPartOf":{"@id":"https:\/\/imredd.fr\/#website"},"primaryImageOfPage":{"@id":"https:\/\/imredd.fr\/projet\/alpimed-ecoterr\/#primaryimage"},"image":{"@id":"https:\/\/imredd.fr\/projet\/alpimed-ecoterr\/#primaryimage"},"thumbnailUrl":"https:\/\/imredd.fr\/wp-content\/uploads\/2025\/12\/ALPIMED-Ecoterr-featured.png","datePublished":"2025-12-09T14:17:47+00:00","dateModified":"2026-02-16T10:36:35+00:00","breadcrumb":{"@id":"https:\/\/imredd.fr\/projet\/alpimed-ecoterr\/#breadcrumb"},"inLanguage":"en-GB","potentialAction":[{"@type":"ReadAction","target":["https:\/\/imredd.fr\/projet\/alpimed-ecoterr\/"]}]},{"@type":"ImageObject","inLanguage":"en-GB","@id":"https:\/\/imredd.fr\/projet\/alpimed-ecoterr\/#primaryimage","url":"https:\/\/imredd.fr\/wp-content\/uploads\/2025\/12\/ALPIMED-Ecoterr-featured.png","contentUrl":"https:\/\/imredd.fr\/wp-content\/uploads\/2025\/12\/ALPIMED-Ecoterr-featured.png","width":800,"height":600},{"@type":"BreadcrumbList","@id":"https:\/\/imredd.fr\/projet\/alpimed-ecoterr\/#breadcrumb","itemListElement":[{"@type":"ListItem","position":1,"name":"Accueil","item":"https:\/\/imredd.fr\/"},{"@type":"ListItem","position":2,"name":"Projets","item":"https:\/\/imredd.fr\/projet\/"},{"@type":"ListItem","position":3,"name":"Alpimed+ ECOTERR"}]},{"@type":"WebSite","@id":"https:\/\/imredd.fr\/#website","url":"https:\/\/imredd.fr\/","name":"IMREDD - C\u00f4te d'Azur University","description":"Mediterranean Institute for Risk, Environment and Sustainable Development","publisher":{"@id":"https:\/\/imredd.fr\/#organization"},"potentialAction":[{"@type":"SearchAction","target":{"@type":"EntryPoint","urlTemplate":"https:\/\/imredd.fr\/?s={search_term_string}"},"query-input":{"@type":"PropertyValueSpecification","valueRequired":true,"valueName":"search_term_string"}}],"inLanguage":"en-GB"},{"@type":"Organization","@id":"https:\/\/imredd.fr\/#organization","name":"IMREDD - Mediterranean Institute for Risk, Environment and Sustainable Development","url":"https:\/\/imredd.fr\/","logo":{"@type":"ImageObject","inLanguage":"en-GB","@id":"https:\/\/imredd.fr\/#\/schema\/logo\/image\/","url":"https:\/\/imredd.fr\/wp-content\/uploads\/2025\/07\/IMREDD-Logo-couleurs-transparent.png","contentUrl":"https:\/\/imredd.fr\/wp-content\/uploads\/2025\/07\/IMREDD-Logo-couleurs-transparent.png","width":959,"height":164,"caption":"IMREDD - Institut M\u00e9diterran\u00e9en du Risque, de l'Environnement et du D\u00e9veloppement Durable"},"image":{"@id":"https:\/\/imredd.fr\/#\/schema\/logo\/image\/"},"sameAs":["http:\/\/facebook.com\/imredd.uca","http:\/\/linkedin.com\/showcase\/imredd"]}]}},"ptb_metabox":{"ptb_projet_descriptio":"<span lang=\"IT\" xml:lang=\"IT\">Pour la mise en \u0153uvre de la Charte transfrontali\u00e8re sur le climat, n\u00e9e du pr\u00e9c\u00e9dent Alpimed Piter, ECOTERR a pour objectif d'essayer de mettre en place un mod\u00e8le durable de gestion et de protection des ressources naturelles \u00e0 travers deux phases.<\/span>\r\n\r\n<span lang=\"IT\" xml:lang=\"IT\">Une premi\u00e8re phase de caract\u00e9risation du territoire pour mieux comprendre les dynamiques li\u00e9es \u00e0 la disponibilit\u00e9 des ressources naturelles, avec un accent sur les ressources en eau et la biodiversit\u00e9.<\/span>\r\n\r\n<span lang=\"IT\" xml:lang=\"IT\">Une deuxi\u00e8me phase pour la mise en \u0153uvre d'actions exp\u00e9rimentales visant sp\u00e9cifiquement \u00e0 am\u00e9liorer l'utilisation des ressources en eau dans les diff\u00e9rents domaines d'action du projet.<\/span>\r\n\r\n<span lang=\"IT\" xml:lang=\"IT\">Pendant la dur\u00e9e du projet, il y aura une action constante d'animation aupr\u00e8s des acteurs identifi\u00e9s (des administrateurs aux citoyens, des \u00e9tudiants aux entreprises) pour les sensibiliser au sujet des comportements \u00e0 mettre en \u0153uvre pour favoriser la r\u00e9silience territoriale.<\/span>\r\n\r\n<span lang=\"IT\" xml:lang=\"IT\">Le partage des bonnes pratiques mises en \u0153uvre dans ECOTERR sera \u00e9galement mis en \u0153uvre dans le cadre des FORUMs envisag\u00e9s par le CCP et l'\u00e9change avec le projet ECOTOUR.<\/span>\r\n<div class=\"paragraph paragraph--type--textes paragraph--view-mode--default aos-init aos-animate\" data-aos=\"zoom-in\" data-aos-duration=\"5000\">\r\n<div class=\"container\">\r\n<div class=\"row\">\r\n<div class=\"paragraph paragraph--type--titre-et-texte paragraph--view-mode--default col-sm-12 col-md-12 no--image aos-init aos-animate\" data-aos=\"zoom-in\" data-aos-duration=\"5000\">\r\n<div class=\"container textes-bloc-background\">\r\n<div class=\"body text-left\">\r\n<div class=\"description\">\r\n<h2>Activit\u00e9s, impacts, r\u00e9sultats<\/h2>\r\nLes activit\u00e9s d'ECOTERR se r\u00e9partissent en trois grandes macro-cat\u00e9gories.\r\nLa premi\u00e8re concerne l'am\u00e9lioration de l'\u00e9ducation et de la sensibilisation pour un territoire durable et r\u00e9silient. La durabilit\u00e9 et l'efficacit\u00e9 des activit\u00e9s entreprises dans ALPIMED d\u00e9pendent de l'appropriation de ces enjeux de r\u00e9silience par les usagers du territoire ; ces activit\u00e9s comprennent de nombreuses actions d'\u00e9ducation et de sensibilisation \u00e0 l'environnement qui favorisent la prise de conscience des enjeux et des capacit\u00e9s des acteurs locaux. Une activit\u00e9 visant \u00e0 caract\u00e9riser la zone Alpimed par une analyse spatiale des ressources en eau et de la biodiversit\u00e9 permettra de mieux cibler les changements n\u00e9cessaires dans la zone pour l'avenir.\r\nUne autre activit\u00e9 pr\u00e9voit la r\u00e9alisation de projets pilotes qui seront mis en \u0153uvre dans la zone et dont l'efficacit\u00e9 sera \u00e9valu\u00e9e afin qu'ils puissent \u00eatre transf\u00e9r\u00e9s dans d'autres zones en vue d'\u00eatre reproduits et capitalis\u00e9s \u00e0 tous les niveaux.\r\n\r\nLes r\u00e9sultats attendus sont:\r\n<ul>\r\n \t<li>la mise en \u0153uvre d'un mod\u00e8le durable de gestion et de protection des ressources naturelles<\/li>\r\n \t<li>une r\u00e9silience accrue du territoire Alpimed<\/li>\r\n<\/ul>\r\n<\/div>\r\n<\/div>\r\n<\/div>\r\n<\/div>\r\n<\/div>\r\n<\/div>\r\n<\/div>\r\n<div class=\"paragraph paragraph--type--block paragraph--view-mode--default\">\r\n<div class=\"container\">\r\n<div class=\"row\">\r\n<div id=\"block-localisationsmaps2227block\" class=\"block block-alcotra-core block-localisation-maps-block\">\r\n<div class=\"content\">\r\n<div class=\"container\">\r\n<div class=\"content clearfix row\"><\/div>\r\n<\/div>\r\n<\/div>\r\n<\/div>\r\n<\/div>\r\n<\/div>\r\n<\/div>","ptb_site_projet":["Site du projet","https:\/\/www.alpimed.eu\/fr\/"],"ptb_projet_related_partner":{"relType":"1","ids":"25018, 24989, 25847, 25848, 25846, 25850, 25024, 25031, 25844, 25842, 25830, 25845, 25843, 25849, 25851, 26885"},"ptb_projet_financeur_projet":{"relType":"1","ids":"25853"},"ptb_projet_project_related_post":{"relType":"1"},"ptb_projet_publi_scientif_en_lien":{"relType":"1"}},"ptb_taxonomy":{"statut_projet":[{"term_id":434,"name":"Projet en cours","slug":"projet-en-cours","term_group":0,"term_taxonomy_id":434,"taxonomy":"statut_projet","description":"","parent":0,"count":14,"filter":"raw"}],"type_projet":[{"term_id":464,"name":"Projet collaboratif","slug":"projet-collaboratif","term_group":0,"term_taxonomy_id":464,"taxonomy":"type_projet","description":"","parent":0,"count":17,"filter":"raw"}]},"ptb_featured_image":{"url":"https:\/\/imredd.fr\/wp-content\/uploads\/2025\/12\/ALPIMED-Ecoterr-featured.png","title":"ALPIMED Ecoterr-featured","caption":""},"_links":{"self":[{"href":"https:\/\/imredd.fr\/en\/wp-json\/wp\/v2\/projet\/25852","targetHints":{"allow":["GET"]}}],"collection":[{"href":"https:\/\/imredd.fr\/en\/wp-json\/wp\/v2\/projet"}],"about":[{"href":"https:\/\/imredd.fr\/en\/wp-json\/wp\/v2\/types\/projet"}],"wp:featuredmedia":[{"embeddable":true,"href":"https:\/\/imredd.fr\/en\/wp-json\/wp\/v2\/media\/25856"}],"wp:attachment":[{"href":"https:\/\/imredd.fr\/en\/wp-json\/wp\/v2\/media?parent=25852"}],"wp:term":[{"taxonomy":"statut_projet","embeddable":true,"href":"https:\/\/imredd.fr\/en\/wp-json\/wp\/v2\/statut_projet?post=25852"},{"taxonomy":"type_projet","embeddable":true,"href":"https:\/\/imredd.fr\/en\/wp-json\/wp\/v2\/type_projet?post=25852"}],"curies":[{"name":"wp","href":"https:\/\/api.w.org\/{rel}","templated":true}]}}