{"id":25870,"date":"2025-12-10T17:12:37","date_gmt":"2025-12-10T16:12:37","guid":{"rendered":"https:\/\/imredd.fr\/?post_type=projet&#038;p=25870"},"modified":"2026-02-26T10:54:39","modified_gmt":"2026-02-26T09:54:39","slug":"natural-disasters-and-mental-health","status":"publish","type":"projet","link":"https:\/\/imredd.fr\/en\/projet\/catastrophes-naturelles-et-sante-mentale\/","title":{"rendered":"Natural Disaster and Mental Health"},"excerpt":{"rendered":"<p>Rebuilding territories and repairing the living<\/p>","protected":false},"featured_media":26986,"parent":0,"menu_order":0,"template":"","statut_projet":[434],"type_projet":[464],"class_list":["post-25870","projet","type-projet","status-publish","has-post-thumbnail","hentry","statut_projet-projet-en-cours","type_projet-projet-collaboratif","has-post-title","has-post-date","has-post-category","has-post-tag","has-post-comment","has-post-author",""],"yoast_head":"<!-- This site is optimized with the Yoast SEO Premium plugin v27.4 (Yoast SEO v27.4) - https:\/\/yoast.com\/product\/yoast-seo-premium-wordpress\/ -->\n<title>Catastrophes Naturelles et Sant\u00e9 Mentale - IMREDD - Universit\u00e9 C\u00f4te d&#039;Azur<\/title>\n<meta name=\"robots\" content=\"index, follow, max-snippet:-1, max-image-preview:large, max-video-preview:-1\" \/>\n<link rel=\"canonical\" href=\"https:\/\/imredd.fr\/en\/project\/natural-disasters-and-mental-health\/\" \/>\n<meta property=\"og:locale\" content=\"en_GB\" \/>\n<meta property=\"og:type\" content=\"article\" \/>\n<meta property=\"og:title\" content=\"Catastrophes Naturelles et Sant\u00e9 Mentale\" \/>\n<meta property=\"og:description\" content=\"Repenser les territoires, r\u00e9parer le vivant\" \/>\n<meta property=\"og:url\" content=\"https:\/\/imredd.fr\/en\/project\/natural-disasters-and-mental-health\/\" \/>\n<meta property=\"og:site_name\" content=\"IMREDD - Universit\u00e9 C\u00f4te d&#039;Azur\" \/>\n<meta property=\"article:publisher\" content=\"http:\/\/facebook.com\/imredd.uca\" \/>\n<meta property=\"article:modified_time\" content=\"2026-02-26T09:54:39+00:00\" \/>\n<meta name=\"twitter:card\" content=\"summary_large_image\" \/>\n<meta name=\"twitter:label1\" content=\"Estimated reading time\" \/>\n\t<meta name=\"twitter:data1\" content=\"1 minute\" \/>\n<script type=\"application\/ld+json\" class=\"yoast-schema-graph\">{\"@context\":\"https:\\\/\\\/schema.org\",\"@graph\":[{\"@type\":\"WebPage\",\"@id\":\"https:\\\/\\\/imredd.fr\\\/projet\\\/catastrophes-naturelles-et-sante-mentale\\\/\",\"url\":\"https:\\\/\\\/imredd.fr\\\/projet\\\/catastrophes-naturelles-et-sante-mentale\\\/\",\"name\":\"Catastrophes Naturelles et Sant\u00e9 Mentale - IMREDD - Universit\u00e9 C\u00f4te d&#039;Azur\",\"isPartOf\":{\"@id\":\"https:\\\/\\\/imredd.fr\\\/#website\"},\"primaryImageOfPage\":{\"@id\":\"https:\\\/\\\/imredd.fr\\\/projet\\\/catastrophes-naturelles-et-sante-mentale\\\/#primaryimage\"},\"image\":{\"@id\":\"https:\\\/\\\/imredd.fr\\\/projet\\\/catastrophes-naturelles-et-sante-mentale\\\/#primaryimage\"},\"thumbnailUrl\":\"https:\\\/\\\/imredd.fr\\\/wp-content\\\/uploads\\\/2025\\\/12\\\/CatNat.jpeg\",\"datePublished\":\"2025-12-10T16:12:37+00:00\",\"dateModified\":\"2026-02-26T09:54:39+00:00\",\"breadcrumb\":{\"@id\":\"https:\\\/\\\/imredd.fr\\\/projet\\\/catastrophes-naturelles-et-sante-mentale\\\/#breadcrumb\"},\"inLanguage\":\"en-GB\",\"potentialAction\":[{\"@type\":\"ReadAction\",\"target\":[\"https:\\\/\\\/imredd.fr\\\/projet\\\/catastrophes-naturelles-et-sante-mentale\\\/\"]}]},{\"@type\":\"ImageObject\",\"inLanguage\":\"en-GB\",\"@id\":\"https:\\\/\\\/imredd.fr\\\/projet\\\/catastrophes-naturelles-et-sante-mentale\\\/#primaryimage\",\"url\":\"https:\\\/\\\/imredd.fr\\\/wp-content\\\/uploads\\\/2025\\\/12\\\/CatNat.jpeg\",\"contentUrl\":\"https:\\\/\\\/imredd.fr\\\/wp-content\\\/uploads\\\/2025\\\/12\\\/CatNat.jpeg\",\"width\":1920,\"height\":1280},{\"@type\":\"BreadcrumbList\",\"@id\":\"https:\\\/\\\/imredd.fr\\\/projet\\\/catastrophes-naturelles-et-sante-mentale\\\/#breadcrumb\",\"itemListElement\":[{\"@type\":\"ListItem\",\"position\":1,\"name\":\"Accueil\",\"item\":\"https:\\\/\\\/imredd.fr\\\/\"},{\"@type\":\"ListItem\",\"position\":2,\"name\":\"Projets\",\"item\":\"https:\\\/\\\/imredd.fr\\\/projet\\\/\"},{\"@type\":\"ListItem\",\"position\":3,\"name\":\"Catastrophes Naturelles et Sant\u00e9 Mentale\"}]},{\"@type\":\"WebSite\",\"@id\":\"https:\\\/\\\/imredd.fr\\\/#website\",\"url\":\"https:\\\/\\\/imredd.fr\\\/\",\"name\":\"IMREDD - Universit\u00e9 C\u00f4te d'Azur\",\"description\":\"Institut M\u00e9diterran\u00e9en du Risque, de l&#039;Environnement et du D\u00e9veloppement Durable\",\"publisher\":{\"@id\":\"https:\\\/\\\/imredd.fr\\\/#organization\"},\"potentialAction\":[{\"@type\":\"SearchAction\",\"target\":{\"@type\":\"EntryPoint\",\"urlTemplate\":\"https:\\\/\\\/imredd.fr\\\/?s={search_term_string}\"},\"query-input\":{\"@type\":\"PropertyValueSpecification\",\"valueRequired\":true,\"valueName\":\"search_term_string\"}}],\"inLanguage\":\"en-GB\"},{\"@type\":\"Organization\",\"@id\":\"https:\\\/\\\/imredd.fr\\\/#organization\",\"name\":\"IMREDD - Institut M\u00e9diterran\u00e9en du Risque, de l'Environnement et du D\u00e9veloppement Durable\",\"url\":\"https:\\\/\\\/imredd.fr\\\/\",\"logo\":{\"@type\":\"ImageObject\",\"inLanguage\":\"en-GB\",\"@id\":\"https:\\\/\\\/imredd.fr\\\/#\\\/schema\\\/logo\\\/image\\\/\",\"url\":\"https:\\\/\\\/imredd.fr\\\/wp-content\\\/uploads\\\/2025\\\/07\\\/IMREDD-Logo-couleurs-transparent.png\",\"contentUrl\":\"https:\\\/\\\/imredd.fr\\\/wp-content\\\/uploads\\\/2025\\\/07\\\/IMREDD-Logo-couleurs-transparent.png\",\"width\":959,\"height\":164,\"caption\":\"IMREDD - Institut M\u00e9diterran\u00e9en du Risque, de l'Environnement et du D\u00e9veloppement Durable\"},\"image\":{\"@id\":\"https:\\\/\\\/imredd.fr\\\/#\\\/schema\\\/logo\\\/image\\\/\"},\"sameAs\":[\"http:\\\/\\\/facebook.com\\\/imredd.uca\",\"http:\\\/\\\/linkedin.com\\\/showcase\\\/imredd\"]}]}<\/script>\n<!-- \/ Yoast SEO Premium plugin. -->","yoast_head_json":{"title":"Natural Disasters and Mental Health - IMREDD - Universit\u00e9 C\u00f4te d'Azur","robots":{"index":"index","follow":"follow","max-snippet":"max-snippet:-1","max-image-preview":"max-image-preview:large","max-video-preview":"max-video-preview:-1"},"canonical":"https:\/\/imredd.fr\/en\/project\/natural-disasters-and-mental-health\/","og_locale":"en_GB","og_type":"article","og_title":"Catastrophes Naturelles et Sant\u00e9 Mentale","og_description":"Repenser les territoires, r\u00e9parer le vivant","og_url":"https:\/\/imredd.fr\/en\/project\/natural-disasters-and-mental-health\/","og_site_name":"IMREDD - Universit\u00e9 C\u00f4te d&#039;Azur","article_publisher":"http:\/\/facebook.com\/imredd.uca","article_modified_time":"2026-02-26T09:54:39+00:00","twitter_card":"summary_large_image","twitter_misc":{"Estimated reading time":"1 minute"},"schema":{"@context":"https:\/\/schema.org","@graph":[{"@type":"WebPage","@id":"https:\/\/imredd.fr\/projet\/catastrophes-naturelles-et-sante-mentale\/","url":"https:\/\/imredd.fr\/projet\/catastrophes-naturelles-et-sante-mentale\/","name":"Natural Disasters and Mental Health - IMREDD - Universit\u00e9 C\u00f4te d'Azur","isPartOf":{"@id":"https:\/\/imredd.fr\/#website"},"primaryImageOfPage":{"@id":"https:\/\/imredd.fr\/projet\/catastrophes-naturelles-et-sante-mentale\/#primaryimage"},"image":{"@id":"https:\/\/imredd.fr\/projet\/catastrophes-naturelles-et-sante-mentale\/#primaryimage"},"thumbnailUrl":"https:\/\/imredd.fr\/wp-content\/uploads\/2025\/12\/CatNat.jpeg","datePublished":"2025-12-10T16:12:37+00:00","dateModified":"2026-02-26T09:54:39+00:00","breadcrumb":{"@id":"https:\/\/imredd.fr\/projet\/catastrophes-naturelles-et-sante-mentale\/#breadcrumb"},"inLanguage":"en-GB","potentialAction":[{"@type":"ReadAction","target":["https:\/\/imredd.fr\/projet\/catastrophes-naturelles-et-sante-mentale\/"]}]},{"@type":"ImageObject","inLanguage":"en-GB","@id":"https:\/\/imredd.fr\/projet\/catastrophes-naturelles-et-sante-mentale\/#primaryimage","url":"https:\/\/imredd.fr\/wp-content\/uploads\/2025\/12\/CatNat.jpeg","contentUrl":"https:\/\/imredd.fr\/wp-content\/uploads\/2025\/12\/CatNat.jpeg","width":1920,"height":1280},{"@type":"BreadcrumbList","@id":"https:\/\/imredd.fr\/projet\/catastrophes-naturelles-et-sante-mentale\/#breadcrumb","itemListElement":[{"@type":"ListItem","position":1,"name":"Accueil","item":"https:\/\/imredd.fr\/"},{"@type":"ListItem","position":2,"name":"Projets","item":"https:\/\/imredd.fr\/projet\/"},{"@type":"ListItem","position":3,"name":"Catastrophes Naturelles et Sant\u00e9 Mentale"}]},{"@type":"WebSite","@id":"https:\/\/imredd.fr\/#website","url":"https:\/\/imredd.fr\/","name":"IMREDD - C\u00f4te d'Azur University","description":"Mediterranean Institute for Risk, Environment and Sustainable Development","publisher":{"@id":"https:\/\/imredd.fr\/#organization"},"potentialAction":[{"@type":"SearchAction","target":{"@type":"EntryPoint","urlTemplate":"https:\/\/imredd.fr\/?s={search_term_string}"},"query-input":{"@type":"PropertyValueSpecification","valueRequired":true,"valueName":"search_term_string"}}],"inLanguage":"en-GB"},{"@type":"Organization","@id":"https:\/\/imredd.fr\/#organization","name":"IMREDD - Mediterranean Institute for Risk, Environment and Sustainable Development","url":"https:\/\/imredd.fr\/","logo":{"@type":"ImageObject","inLanguage":"en-GB","@id":"https:\/\/imredd.fr\/#\/schema\/logo\/image\/","url":"https:\/\/imredd.fr\/wp-content\/uploads\/2025\/07\/IMREDD-Logo-couleurs-transparent.png","contentUrl":"https:\/\/imredd.fr\/wp-content\/uploads\/2025\/07\/IMREDD-Logo-couleurs-transparent.png","width":959,"height":164,"caption":"IMREDD - Institut M\u00e9diterran\u00e9en du Risque, de l'Environnement et du D\u00e9veloppement Durable"},"image":{"@id":"https:\/\/imredd.fr\/#\/schema\/logo\/image\/"},"sameAs":["http:\/\/facebook.com\/imredd.uca","http:\/\/linkedin.com\/showcase\/imredd"]}]}},"ptb_metabox":{"ptb_projet_descriptio":"<p data-start=\"389\" data-end=\"896\">Le projet Natural Disaster and Mental Health porte sur les vuln\u00e9rabilit\u00e9s et r\u00e9siliences des populations et des territoires impact\u00e9s (vall\u00e9e de La Roya et de La V\u00e9subie) par la temp\u00eate Alex (octobre 2020, Alpes-Maritimes). Cette catastrophe multidimensionnelle a combin\u00e9 des manifestations climatiques, hydrologiques, g\u00e9ologiques auxquelles s\u2019ajoutent des dimensions humaines, mat\u00e9rielles, \u00e9conomiques, sociales et m\u00eame politiques.<\/p>\r\n\r\n<h2 data-start=\"389\" data-end=\"896\">Catastrophe naturelle : vers un nouveau dynamisme territorial ?<\/h2>\r\n<p data-start=\"389\" data-end=\"896\">Avec 70 communes des Alpes-Maritimes reconnues en \u00e9tat de catastrophe naturelle (Cat Nat au titre de crue torrentielle, inondation, coul\u00e9e de boue et mouvement de terrain), avec des paysages d\u00e9vast\u00e9s, des d\u00e9g\u00e2ts mat\u00e9riels consid\u00e9rables et des populations meurtries, la catastrophe Alex pourrait-elle g\u00e9n\u00e9rer un nouveau dynamisme dans les vall\u00e9es maralpines ?\u200b<\/p>\r\n\r\n<h2 data-start=\"389\" data-end=\"896\">Un consortium interdisciplinaire pour analyser la r\u00e9silience socio-\u00e9conomique post-d\u00e9sastre<\/h2>\r\n<p data-start=\"389\" data-end=\"896\">Le consortium interdisciplinaire r\u00e9unit des chercheurs en g\u00e9ographie, \u00e9conomie, sant\u00e9 publique et g\u00e9omatique afin de fournir des \u00e9l\u00e9ments de r\u00e9ponse \u00e0 cette hypoth\u00e8se de r\u00e9silience socio-\u00e9conomique post d\u00e9sastre. Cette r\u00e9silience \u00e0 moyen terme, 5 ans apr\u00e8s la temp\u00eate Alex, pourrait \u00eatre favoris\u00e9e par des actions de reconstruction socio-territoriale et la redynamisation \u00e9conomique et d\u00e9mographique des territoires vall\u00e9ens.<\/p>\r\n<p data-start=\"389\" data-end=\"896\">Cette recherche a \u00e9t\u00e9 r\u00e9alis\u00e9e \u00e0 deux \u00e9chelles, celle des vall\u00e9es de la Roya et de la V\u00e9subie et celles des 12 communes sinistr\u00e9es sur ces deux territoires. Elle combine analyses statistiques et spatiales des dynamiques de population de 2013 \u00e0 2021, du tissu \u00e9conomique de 2017 \u00e0 2023 (INSEE), analyses de documents et interviews d\u2019\u00e9lus pour identifier des facteurs explicatifs de ces dynamiques et des cibles de reconstruction, et analyses spatiales des actions de reconstruction territoriale via l\u2019imagerie a\u00e9rienne, l\u2019IA et des enqu\u00eates de terrain .<\/p>\r\n\r\n<h2 data-start=\"389\" data-end=\"896\">R\u00e9sultats : dynamiques d\u00e9mographiques, r\u00e9silience \u00e9conomique et reconstruction territoriale<\/h2>\r\n<p data-start=\"389\" data-end=\"896\">La recherche r\u00e9v\u00e8le :<\/p>\r\n\r\n<ul>\r\n \t<li data-start=\"389\" data-end=\"896\">Une d\u00e9croissance brutale de la population l\u2019ann\u00e9e de la temp\u00eate li\u00e9e \u00e0 l'endommagement et la destruction de b\u00e2timents ne permettant plus aux r\u00e9sidents d'y s\u00e9journer, aux d\u00e9g\u00e2ts sur les infrastructures routi\u00e8res ayant engendr\u00e9 des pertes d\u2019accessibilit\u00e9 et \u00e0 un possible traumatisme pouvant avoir produit une fuite des lieux ;<\/li>\r\n \t<li data-start=\"389\" data-end=\"896\">Une forme de r\u00e9silience \u00e9conomique marqu\u00e9e par deux trajectoires de r\u00e9silience post catastrophe pour certaines communes ;<\/li>\r\n \t<li data-start=\"389\" data-end=\"896\">Une diversit\u00e9 d\u2019actions d\u00e9ploy\u00e9es pour favorises la reconstruction socio-territoriale des vall\u00e9es avec une priorit\u00e9 donn\u00e9e \u00e0 la remise en \u00e9tat des infrastructures.<\/li>\r\n<\/ul>","ptb_site_projet":["Site du projet","https:\/\/univ-cotedazur.eu\/research-organisations\/academies-of-excellence\/academy-of-excellence-space-environment-risk-and-resilience\/research-projects\/cities-societies-and-natural-hazards\/ndmh"],"ptb_projet_related_partner":{"relType":"1","ids":"25248, 25866, 25864, 25867, 26885"},"ptb_projet_financeur_projet":{"relType":"1"},"ptb_projet_mention":"Projet financ\u00e9 par l'Academie 3 - Espace, Environnement,<\/br>Risque et R\u00e9silience d'Universit\u00e9 C\u00f4te d'Azur","ptb_projet_project_related_post":{"relType":"1"},"ptb_projet_publi_scientif_en_lien":{"relType":"1"}},"ptb_taxonomy":{"statut_projet":[{"term_id":434,"name":"Projet en cours","slug":"projet-en-cours","term_group":0,"term_taxonomy_id":434,"taxonomy":"statut_projet","description":"","parent":0,"count":14,"filter":"raw"}],"type_projet":[{"term_id":464,"name":"Projet collaboratif","slug":"projet-collaboratif","term_group":0,"term_taxonomy_id":464,"taxonomy":"type_projet","description":"","parent":0,"count":17,"filter":"raw"}]},"ptb_featured_image":{"url":"https:\/\/imredd.fr\/wp-content\/uploads\/2025\/12\/CatNat.jpeg","title":"CatNat","caption":""},"_links":{"self":[{"href":"https:\/\/imredd.fr\/en\/wp-json\/wp\/v2\/projet\/25870","targetHints":{"allow":["GET"]}}],"collection":[{"href":"https:\/\/imredd.fr\/en\/wp-json\/wp\/v2\/projet"}],"about":[{"href":"https:\/\/imredd.fr\/en\/wp-json\/wp\/v2\/types\/projet"}],"wp:featuredmedia":[{"embeddable":true,"href":"https:\/\/imredd.fr\/en\/wp-json\/wp\/v2\/media\/26986"}],"wp:attachment":[{"href":"https:\/\/imredd.fr\/en\/wp-json\/wp\/v2\/media?parent=25870"}],"wp:term":[{"taxonomy":"statut_projet","embeddable":true,"href":"https:\/\/imredd.fr\/en\/wp-json\/wp\/v2\/statut_projet?post=25870"},{"taxonomy":"type_projet","embeddable":true,"href":"https:\/\/imredd.fr\/en\/wp-json\/wp\/v2\/type_projet?post=25870"}],"curies":[{"name":"wp","href":"https:\/\/api.w.org\/{rel}","templated":true}]}}