{"id":25970,"date":"2026-01-06T15:18:10","date_gmt":"2026-01-06T14:18:10","guid":{"rendered":"https:\/\/imredd.fr\/?post_type=projet&#038;p=25970"},"modified":"2026-02-16T11:36:23","modified_gmt":"2026-02-16T10:36:23","slug":"alpimed-climate","status":"publish","type":"projet","link":"https:\/\/imredd.fr\/en\/projet\/alpimed-clima\/","title":{"rendered":"Alpimed CLIMA"},"excerpt":{"rendered":"<p>Understanding and acting on the effects of climate change at the scale of the cross-border area<\/p>","protected":false},"featured_media":25973,"parent":0,"menu_order":0,"template":"","statut_projet":[449],"type_projet":[464],"class_list":["post-25970","projet","type-projet","status-publish","has-post-thumbnail","hentry","statut_projet-projet-acheve","type_projet-projet-collaboratif","has-post-title","has-post-date","has-post-category","has-post-tag","has-post-comment","has-post-author",""],"yoast_head":"<!-- This site is optimized with the Yoast SEO Premium plugin v27.4 (Yoast SEO v27.4) - https:\/\/yoast.com\/product\/yoast-seo-premium-wordpress\/ -->\n<title>Alpimed CLIMA - IMREDD - Universit\u00e9 C\u00f4te d&#039;Azur<\/title>\n<meta name=\"robots\" content=\"index, follow, max-snippet:-1, max-image-preview:large, max-video-preview:-1\" \/>\n<link rel=\"canonical\" href=\"https:\/\/imredd.fr\/en\/project\/alpimed-climate\/\" \/>\n<meta property=\"og:locale\" content=\"en_GB\" \/>\n<meta property=\"og:type\" content=\"article\" \/>\n<meta property=\"og:title\" content=\"Alpimed CLIMA\" \/>\n<meta property=\"og:description\" content=\"Comprendre et agir sur les effets du changement climatique \u00e0 l\u2019\u00e9chelle de l\u2019aire transfrontali\u00e8re\" \/>\n<meta property=\"og:url\" content=\"https:\/\/imredd.fr\/en\/project\/alpimed-climate\/\" \/>\n<meta property=\"og:site_name\" content=\"IMREDD - Universit\u00e9 C\u00f4te d&#039;Azur\" \/>\n<meta property=\"article:publisher\" content=\"http:\/\/facebook.com\/imredd.uca\" \/>\n<meta property=\"article:modified_time\" content=\"2026-02-16T10:36:23+00:00\" \/>\n<meta name=\"twitter:card\" content=\"summary_large_image\" \/>\n<meta name=\"twitter:label1\" content=\"Estimated reading time\" \/>\n\t<meta name=\"twitter:data1\" content=\"1 minute\" \/>\n<script type=\"application\/ld+json\" class=\"yoast-schema-graph\">{\"@context\":\"https:\\\/\\\/schema.org\",\"@graph\":[{\"@type\":\"WebPage\",\"@id\":\"https:\\\/\\\/imredd.fr\\\/projet\\\/alpimed-clima\\\/\",\"url\":\"https:\\\/\\\/imredd.fr\\\/projet\\\/alpimed-clima\\\/\",\"name\":\"Alpimed CLIMA - IMREDD - Universit\u00e9 C\u00f4te d&#039;Azur\",\"isPartOf\":{\"@id\":\"https:\\\/\\\/imredd.fr\\\/#website\"},\"primaryImageOfPage\":{\"@id\":\"https:\\\/\\\/imredd.fr\\\/projet\\\/alpimed-clima\\\/#primaryimage\"},\"image\":{\"@id\":\"https:\\\/\\\/imredd.fr\\\/projet\\\/alpimed-clima\\\/#primaryimage\"},\"thumbnailUrl\":\"https:\\\/\\\/imredd.fr\\\/wp-content\\\/uploads\\\/2026\\\/01\\\/featured-climat_logo.webp\",\"datePublished\":\"2026-01-06T14:18:10+00:00\",\"dateModified\":\"2026-02-16T10:36:23+00:00\",\"breadcrumb\":{\"@id\":\"https:\\\/\\\/imredd.fr\\\/projet\\\/alpimed-clima\\\/#breadcrumb\"},\"inLanguage\":\"en-GB\",\"potentialAction\":[{\"@type\":\"ReadAction\",\"target\":[\"https:\\\/\\\/imredd.fr\\\/projet\\\/alpimed-clima\\\/\"]}]},{\"@type\":\"ImageObject\",\"inLanguage\":\"en-GB\",\"@id\":\"https:\\\/\\\/imredd.fr\\\/projet\\\/alpimed-clima\\\/#primaryimage\",\"url\":\"https:\\\/\\\/imredd.fr\\\/wp-content\\\/uploads\\\/2026\\\/01\\\/featured-climat_logo.webp\",\"contentUrl\":\"https:\\\/\\\/imredd.fr\\\/wp-content\\\/uploads\\\/2026\\\/01\\\/featured-climat_logo.webp\",\"width\":900,\"height\":600},{\"@type\":\"BreadcrumbList\",\"@id\":\"https:\\\/\\\/imredd.fr\\\/projet\\\/alpimed-clima\\\/#breadcrumb\",\"itemListElement\":[{\"@type\":\"ListItem\",\"position\":1,\"name\":\"Accueil\",\"item\":\"https:\\\/\\\/imredd.fr\\\/\"},{\"@type\":\"ListItem\",\"position\":2,\"name\":\"Projets\",\"item\":\"https:\\\/\\\/imredd.fr\\\/projet\\\/\"},{\"@type\":\"ListItem\",\"position\":3,\"name\":\"Alpimed CLIMA\"}]},{\"@type\":\"WebSite\",\"@id\":\"https:\\\/\\\/imredd.fr\\\/#website\",\"url\":\"https:\\\/\\\/imredd.fr\\\/\",\"name\":\"IMREDD - Universit\u00e9 C\u00f4te d'Azur\",\"description\":\"Institut M\u00e9diterran\u00e9en du Risque, de l&#039;Environnement et du D\u00e9veloppement Durable\",\"publisher\":{\"@id\":\"https:\\\/\\\/imredd.fr\\\/#organization\"},\"potentialAction\":[{\"@type\":\"SearchAction\",\"target\":{\"@type\":\"EntryPoint\",\"urlTemplate\":\"https:\\\/\\\/imredd.fr\\\/?s={search_term_string}\"},\"query-input\":{\"@type\":\"PropertyValueSpecification\",\"valueRequired\":true,\"valueName\":\"search_term_string\"}}],\"inLanguage\":\"en-GB\"},{\"@type\":\"Organization\",\"@id\":\"https:\\\/\\\/imredd.fr\\\/#organization\",\"name\":\"IMREDD - Institut M\u00e9diterran\u00e9en du Risque, de l'Environnement et du D\u00e9veloppement Durable\",\"url\":\"https:\\\/\\\/imredd.fr\\\/\",\"logo\":{\"@type\":\"ImageObject\",\"inLanguage\":\"en-GB\",\"@id\":\"https:\\\/\\\/imredd.fr\\\/#\\\/schema\\\/logo\\\/image\\\/\",\"url\":\"https:\\\/\\\/imredd.fr\\\/wp-content\\\/uploads\\\/2025\\\/07\\\/IMREDD-Logo-couleurs-transparent.png\",\"contentUrl\":\"https:\\\/\\\/imredd.fr\\\/wp-content\\\/uploads\\\/2025\\\/07\\\/IMREDD-Logo-couleurs-transparent.png\",\"width\":959,\"height\":164,\"caption\":\"IMREDD - Institut M\u00e9diterran\u00e9en du Risque, de l'Environnement et du D\u00e9veloppement Durable\"},\"image\":{\"@id\":\"https:\\\/\\\/imredd.fr\\\/#\\\/schema\\\/logo\\\/image\\\/\"},\"sameAs\":[\"http:\\\/\\\/facebook.com\\\/imredd.uca\",\"http:\\\/\\\/linkedin.com\\\/showcase\\\/imredd\"]}]}<\/script>\n<!-- \/ Yoast SEO Premium plugin. -->","yoast_head_json":{"title":"Alpimed CLIMA - IMREDD - Universit\u00e9 C\u00f4te d'Azur","robots":{"index":"index","follow":"follow","max-snippet":"max-snippet:-1","max-image-preview":"max-image-preview:large","max-video-preview":"max-video-preview:-1"},"canonical":"https:\/\/imredd.fr\/en\/project\/alpimed-climate\/","og_locale":"en_GB","og_type":"article","og_title":"Alpimed CLIMA","og_description":"Comprendre et agir sur les effets du changement climatique \u00e0 l\u2019\u00e9chelle de l\u2019aire transfrontali\u00e8re","og_url":"https:\/\/imredd.fr\/en\/project\/alpimed-climate\/","og_site_name":"IMREDD - Universit\u00e9 C\u00f4te d&#039;Azur","article_publisher":"http:\/\/facebook.com\/imredd.uca","article_modified_time":"2026-02-16T10:36:23+00:00","twitter_card":"summary_large_image","twitter_misc":{"Estimated reading time":"1 minute"},"schema":{"@context":"https:\/\/schema.org","@graph":[{"@type":"WebPage","@id":"https:\/\/imredd.fr\/projet\/alpimed-clima\/","url":"https:\/\/imredd.fr\/projet\/alpimed-clima\/","name":"Alpimed CLIMA - IMREDD - Universit\u00e9 C\u00f4te d'Azur","isPartOf":{"@id":"https:\/\/imredd.fr\/#website"},"primaryImageOfPage":{"@id":"https:\/\/imredd.fr\/projet\/alpimed-clima\/#primaryimage"},"image":{"@id":"https:\/\/imredd.fr\/projet\/alpimed-clima\/#primaryimage"},"thumbnailUrl":"https:\/\/imredd.fr\/wp-content\/uploads\/2026\/01\/featured-climat_logo.webp","datePublished":"2026-01-06T14:18:10+00:00","dateModified":"2026-02-16T10:36:23+00:00","breadcrumb":{"@id":"https:\/\/imredd.fr\/projet\/alpimed-clima\/#breadcrumb"},"inLanguage":"en-GB","potentialAction":[{"@type":"ReadAction","target":["https:\/\/imredd.fr\/projet\/alpimed-clima\/"]}]},{"@type":"ImageObject","inLanguage":"en-GB","@id":"https:\/\/imredd.fr\/projet\/alpimed-clima\/#primaryimage","url":"https:\/\/imredd.fr\/wp-content\/uploads\/2026\/01\/featured-climat_logo.webp","contentUrl":"https:\/\/imredd.fr\/wp-content\/uploads\/2026\/01\/featured-climat_logo.webp","width":900,"height":600},{"@type":"BreadcrumbList","@id":"https:\/\/imredd.fr\/projet\/alpimed-clima\/#breadcrumb","itemListElement":[{"@type":"ListItem","position":1,"name":"Accueil","item":"https:\/\/imredd.fr\/"},{"@type":"ListItem","position":2,"name":"Projets","item":"https:\/\/imredd.fr\/projet\/"},{"@type":"ListItem","position":3,"name":"Alpimed CLIMA"}]},{"@type":"WebSite","@id":"https:\/\/imredd.fr\/#website","url":"https:\/\/imredd.fr\/","name":"IMREDD - C\u00f4te d'Azur University","description":"Mediterranean Institute for Risk, Environment and Sustainable Development","publisher":{"@id":"https:\/\/imredd.fr\/#organization"},"potentialAction":[{"@type":"SearchAction","target":{"@type":"EntryPoint","urlTemplate":"https:\/\/imredd.fr\/?s={search_term_string}"},"query-input":{"@type":"PropertyValueSpecification","valueRequired":true,"valueName":"search_term_string"}}],"inLanguage":"en-GB"},{"@type":"Organization","@id":"https:\/\/imredd.fr\/#organization","name":"IMREDD - Mediterranean Institute for Risk, Environment and Sustainable Development","url":"https:\/\/imredd.fr\/","logo":{"@type":"ImageObject","inLanguage":"en-GB","@id":"https:\/\/imredd.fr\/#\/schema\/logo\/image\/","url":"https:\/\/imredd.fr\/wp-content\/uploads\/2025\/07\/IMREDD-Logo-couleurs-transparent.png","contentUrl":"https:\/\/imredd.fr\/wp-content\/uploads\/2025\/07\/IMREDD-Logo-couleurs-transparent.png","width":959,"height":164,"caption":"IMREDD - Institut M\u00e9diterran\u00e9en du Risque, de l'Environnement et du D\u00e9veloppement Durable"},"image":{"@id":"https:\/\/imredd.fr\/#\/schema\/logo\/image\/"},"sameAs":["http:\/\/facebook.com\/imredd.uca","http:\/\/linkedin.com\/showcase\/imredd"]}]}},"ptb_metabox":{"ptb_projet_descriptio":"<strong>Le projet CLIMA a la volont\u00e9 de comprendre et d\u2019agir sur les effets du changement climatique \u00e0 l\u2019\u00e9chelle de l\u2019aire transfrontali\u00e8re.\u00a0<\/strong>Le territoire ALPIMED comprend deux provinces italiennes (Cuneo et Imperia) et un d\u00e9partement fran\u00e7ais (Alpes Maritimes) impliquant au total 89 municipalit\u00e9s avec une population de\u00a089 143 habitants\u00a0en zone de montagne pour\u00a0une superficie de 3642 km\u00b2\u00a0et\u00a0131 020 habitants sur la zone urbaine de 512 km\u00b2. Il est compos\u00e9 d\u2019entit\u00e9s paysag\u00e8res remarquables et d\u2019une biodiversit\u00e9 parmi les plus riches d\u2019Europe ; 60% de sa surface est prot\u00e9g\u00e9e. Sa position climatique au sud de l\u2019Europe rend le territoire particuli\u00e8rement vuln\u00e9rable aux effets du changement climatique. M\u00eame si la prise de conscience du changement climatique et de ses cons\u00e9quences sur le milieu et l\u2019\u00e9conomie locale par les institutions, les acteurs et les habitants est r\u00e9elle, il est n\u00e9cessaire de se mobiliser pour accompagner la r\u00e9silience du territoire.\r\n<p class=\"Default\">Le projet CLIMA vise \u00e0 am\u00e9liorer la planification territoriale des institutions publiques pour l\u2019adaptation au changement\u00a0<b><\/b>climatique par l\u2019am\u00e9lioration de la connaissance \u00e0 la fois des ressources et des impacts qu\u2019elles subissent, l\u2019identification de solutions efficientes et p\u00e9rennes qui offrira des outils concrets aux acteurs, la sensibilisation et la mobilisation de tous qui accompagnera le n\u00e9cessaire changement de pratiques.<\/p>\r\n<p class=\"Default\">Dans le cadre de ce projet, l\u2019IMREDD intervient dans le WP3 d\u00e9di\u00e9 au d\u00e9veloppement d\u2019une strat\u00e9gie transfrontali\u00e8re commune pour faire face au changement climatique ainsi que dans le WP4 d\u00e9di\u00e9 \u00e0 la pr\u00e9vention du changement climatique.<\/p>\r\n<p class=\"Default\">Plus particuli\u00e8rement, dans le cadre du WP3, l\u2019objectif est d\u2019engager les \u00e9lus et les acteurs du territoire dans la lutte contre le changement climatique au travers d\u2019une m\u00e9thodologie participative et d\u2019un contenu partag\u00e9 dans une strat\u00e9gie transfrontali\u00e8re. Cette strat\u00e9gie permettra d\u2019assurer une p\u00e9rennit\u00e9 aux actions port\u00e9es par le partenariat et d\u2019engager les acteurs dans une d\u00e9marche commune d\u2019intervention au-del\u00e0 du Plan Climat Territorial. Ainsi l\u2019IMREDD participe \u00e0 \u00e9tablir l\u2019\u00e9tat des lieux des outils juridiques et techniques qui permettra \u00e0 la M\u00e9tropole Nice C\u00f4te d\u2019Azur d\u2019accompagner les acteurs de l\u2019aire transfrontali\u00e8re dans une strat\u00e9gie durable en faveur du climat et de r\u00e9silience du territoire face aux impacts du changement climatique.<\/p>\r\n<p class=\"Default\">L\u2019IMREDD contribue \u00e9galement, en partenariat avec la M\u00e9tropole Nice C\u00f4te d\u2019Azur et le Syndicat Mixte des Stations du Mercantour, \u00e0 conduire des exp\u00e9rimentations sur les stations de ski pour optimiser leur consommation d\u2019\u00e9nergie et r\u00e9fl\u00e9chir \u00e0 des solutions alternatives innovantes et plus vertueuses pour l\u2019environnement. L\u2019objectif est de d\u00e9velopper des stations intelligentes et exemplaires en diminuant leur impact carbone et en valorisant des fili\u00e8res d\u2019\u00e9nergies renouvelables locales.<\/p>\r\n[embed]https:\/\/youtu.be\/H9qZCo4i1UE?si=zvwx25130aM3Quak[\/embed]\r\n\r\n&nbsp;\r\n\r\n[embed]https:\/\/youtu.be\/Fx5rFel1Mvk?si=pStliDWd5ldNYIJ7[\/embed]","ptb_site_projet":["Site du projet","https:\/\/www.interreg-alcotra.eu\/fr"],"ptb_projet_related_partner":{"relType":"1","ids":"24989, 25847, 25848, 25846, 25024, 25031, 25830, 25845, 25851, 26885"},"ptb_projet_financeur_projet":{"relType":"1","ids":"25971"},"ptb_projet_project_related_post":{"relType":"2"},"ptb_projet_publi_scientif_en_lien":{"relType":"1"}},"ptb_taxonomy":{"statut_projet":[{"term_id":449,"name":"Projet achev\u00e9","slug":"projet-acheve","term_group":0,"term_taxonomy_id":449,"taxonomy":"statut_projet","description":"","parent":0,"count":7,"filter":"raw"}],"type_projet":[{"term_id":464,"name":"Projet collaboratif","slug":"projet-collaboratif","term_group":0,"term_taxonomy_id":464,"taxonomy":"type_projet","description":"","parent":0,"count":17,"filter":"raw"}]},"ptb_featured_image":{"url":"https:\/\/imredd.fr\/wp-content\/uploads\/2026\/01\/featured-climat_logo.webp","title":"featured-climat_logo","caption":""},"_links":{"self":[{"href":"https:\/\/imredd.fr\/en\/wp-json\/wp\/v2\/projet\/25970","targetHints":{"allow":["GET"]}}],"collection":[{"href":"https:\/\/imredd.fr\/en\/wp-json\/wp\/v2\/projet"}],"about":[{"href":"https:\/\/imredd.fr\/en\/wp-json\/wp\/v2\/types\/projet"}],"wp:featuredmedia":[{"embeddable":true,"href":"https:\/\/imredd.fr\/en\/wp-json\/wp\/v2\/media\/25973"}],"wp:attachment":[{"href":"https:\/\/imredd.fr\/en\/wp-json\/wp\/v2\/media?parent=25970"}],"wp:term":[{"taxonomy":"statut_projet","embeddable":true,"href":"https:\/\/imredd.fr\/en\/wp-json\/wp\/v2\/statut_projet?post=25970"},{"taxonomy":"type_projet","embeddable":true,"href":"https:\/\/imredd.fr\/en\/wp-json\/wp\/v2\/type_projet?post=25970"}],"curies":[{"name":"wp","href":"https:\/\/api.w.org\/{rel}","templated":true}]}}