{"id":25980,"date":"2026-01-06T15:36:12","date_gmt":"2026-01-06T14:36:12","guid":{"rendered":"https:\/\/imredd.fr\/?post_type=projet&#038;p=25980"},"modified":"2026-02-16T11:36:48","modified_gmt":"2026-02-16T10:36:48","slug":"risk-and-resilience","status":"publish","type":"projet","link":"https:\/\/imredd.fr\/en\/projet\/amve-risque-et-resilience\/","title":{"rendered":"AMVE - Risk and Resilience"},"excerpt":{"rendered":"<p>Setting up a natural risk management platform in 14 municipalities in southern Brazil<\/p>","protected":false},"featured_media":25981,"parent":0,"menu_order":0,"template":"","statut_projet":[449],"type_projet":[464],"class_list":["post-25980","projet","type-projet","status-publish","has-post-thumbnail","hentry","statut_projet-projet-acheve","type_projet-projet-collaboratif","has-post-title","has-post-date","has-post-category","has-post-tag","has-post-comment","has-post-author",""],"yoast_head":"<!-- This site is optimized with the Yoast SEO Premium plugin v27.4 (Yoast SEO v27.4) - https:\/\/yoast.com\/product\/yoast-seo-premium-wordpress\/ -->\n<title>AMVE - Risque et R\u00e9silience - IMREDD - Universit\u00e9 C\u00f4te d&#039;Azur<\/title>\n<meta name=\"robots\" content=\"index, follow, max-snippet:-1, max-image-preview:large, max-video-preview:-1\" \/>\n<link rel=\"canonical\" href=\"https:\/\/imredd.fr\/en\/project\/risk-and-resilience\/\" \/>\n<meta property=\"og:locale\" content=\"en_GB\" \/>\n<meta property=\"og:type\" content=\"article\" \/>\n<meta property=\"og:title\" content=\"AMVE - Risque et R\u00e9silience\" \/>\n<meta property=\"og:description\" content=\"Mise en place d\u2019une plateforme de gestion de risques naturels dans 14 communes du Sud du Br\u00e9sil\" \/>\n<meta property=\"og:url\" content=\"https:\/\/imredd.fr\/en\/project\/risk-and-resilience\/\" \/>\n<meta property=\"og:site_name\" content=\"IMREDD - Universit\u00e9 C\u00f4te d&#039;Azur\" \/>\n<meta property=\"article:publisher\" content=\"http:\/\/facebook.com\/imredd.uca\" \/>\n<meta property=\"article:modified_time\" content=\"2026-02-16T10:36:48+00:00\" \/>\n<meta name=\"twitter:card\" content=\"summary_large_image\" \/>\n<meta name=\"twitter:label1\" content=\"Estimated reading time\" \/>\n\t<meta name=\"twitter:data1\" content=\"1 minute\" \/>\n<script type=\"application\/ld+json\" class=\"yoast-schema-graph\">{\"@context\":\"https:\\\/\\\/schema.org\",\"@graph\":[{\"@type\":\"WebPage\",\"@id\":\"https:\\\/\\\/imredd.fr\\\/en\\\/project\\\/risk-and-resilience\\\/\",\"url\":\"https:\\\/\\\/imredd.fr\\\/en\\\/project\\\/risk-and-resilience\\\/\",\"name\":\"AMVE - Risque et R\u00e9silience - IMREDD - Universit\u00e9 C\u00f4te d&#039;Azur\",\"isPartOf\":{\"@id\":\"https:\\\/\\\/imredd.fr\\\/#website\"},\"primaryImageOfPage\":{\"@id\":\"https:\\\/\\\/imredd.fr\\\/en\\\/project\\\/risk-and-resilience\\\/#primaryimage\"},\"image\":{\"@id\":\"https:\\\/\\\/imredd.fr\\\/en\\\/project\\\/risk-and-resilience\\\/#primaryimage\"},\"thumbnailUrl\":\"https:\\\/\\\/imredd.fr\\\/wp-content\\\/uploads\\\/2026\\\/01\\\/featured-blumenau.webp\",\"datePublished\":\"2026-01-06T14:36:12+00:00\",\"dateModified\":\"2026-02-16T10:36:48+00:00\",\"breadcrumb\":{\"@id\":\"https:\\\/\\\/imredd.fr\\\/en\\\/project\\\/risk-and-resilience\\\/#breadcrumb\"},\"inLanguage\":\"en-GB\",\"potentialAction\":[{\"@type\":\"ReadAction\",\"target\":[\"https:\\\/\\\/imredd.fr\\\/en\\\/project\\\/risk-and-resilience\\\/\"]}]},{\"@type\":\"ImageObject\",\"inLanguage\":\"en-GB\",\"@id\":\"https:\\\/\\\/imredd.fr\\\/en\\\/project\\\/risk-and-resilience\\\/#primaryimage\",\"url\":\"https:\\\/\\\/imredd.fr\\\/wp-content\\\/uploads\\\/2026\\\/01\\\/featured-blumenau.webp\",\"contentUrl\":\"https:\\\/\\\/imredd.fr\\\/wp-content\\\/uploads\\\/2026\\\/01\\\/featured-blumenau.webp\",\"width\":900,\"height\":600},{\"@type\":\"BreadcrumbList\",\"@id\":\"https:\\\/\\\/imredd.fr\\\/en\\\/project\\\/risk-and-resilience\\\/#breadcrumb\",\"itemListElement\":[{\"@type\":\"ListItem\",\"position\":1,\"name\":\"Accueil\",\"item\":\"https:\\\/\\\/imredd.fr\\\/\"},{\"@type\":\"ListItem\",\"position\":2,\"name\":\"Projets\",\"item\":\"https:\\\/\\\/imredd.fr\\\/projet\\\/\"},{\"@type\":\"ListItem\",\"position\":3,\"name\":\"AMVE &#8211; Risque et R\u00e9silience\"}]},{\"@type\":\"WebSite\",\"@id\":\"https:\\\/\\\/imredd.fr\\\/#website\",\"url\":\"https:\\\/\\\/imredd.fr\\\/\",\"name\":\"IMREDD - Universit\u00e9 C\u00f4te d'Azur\",\"description\":\"Institut M\u00e9diterran\u00e9en du Risque, de l&#039;Environnement et du D\u00e9veloppement Durable\",\"publisher\":{\"@id\":\"https:\\\/\\\/imredd.fr\\\/#organization\"},\"potentialAction\":[{\"@type\":\"SearchAction\",\"target\":{\"@type\":\"EntryPoint\",\"urlTemplate\":\"https:\\\/\\\/imredd.fr\\\/?s={search_term_string}\"},\"query-input\":{\"@type\":\"PropertyValueSpecification\",\"valueRequired\":true,\"valueName\":\"search_term_string\"}}],\"inLanguage\":\"en-GB\"},{\"@type\":\"Organization\",\"@id\":\"https:\\\/\\\/imredd.fr\\\/#organization\",\"name\":\"IMREDD - Institut M\u00e9diterran\u00e9en du Risque, de l'Environnement et du D\u00e9veloppement Durable\",\"url\":\"https:\\\/\\\/imredd.fr\\\/\",\"logo\":{\"@type\":\"ImageObject\",\"inLanguage\":\"en-GB\",\"@id\":\"https:\\\/\\\/imredd.fr\\\/#\\\/schema\\\/logo\\\/image\\\/\",\"url\":\"https:\\\/\\\/imredd.fr\\\/wp-content\\\/uploads\\\/2025\\\/07\\\/IMREDD-Logo-couleurs-transparent.png\",\"contentUrl\":\"https:\\\/\\\/imredd.fr\\\/wp-content\\\/uploads\\\/2025\\\/07\\\/IMREDD-Logo-couleurs-transparent.png\",\"width\":959,\"height\":164,\"caption\":\"IMREDD - Institut M\u00e9diterran\u00e9en du Risque, de l'Environnement et du D\u00e9veloppement Durable\"},\"image\":{\"@id\":\"https:\\\/\\\/imredd.fr\\\/#\\\/schema\\\/logo\\\/image\\\/\"},\"sameAs\":[\"http:\\\/\\\/facebook.com\\\/imredd.uca\",\"http:\\\/\\\/linkedin.com\\\/showcase\\\/imredd\"]}]}<\/script>\n<!-- \/ Yoast SEO Premium plugin. -->","yoast_head_json":{"title":"AMVE - Risk and Resilience - IMREDD - University of C\u00f4te d'Azur","robots":{"index":"index","follow":"follow","max-snippet":"max-snippet:-1","max-image-preview":"max-image-preview:large","max-video-preview":"max-video-preview:-1"},"canonical":"https:\/\/imredd.fr\/en\/project\/risk-and-resilience\/","og_locale":"en_GB","og_type":"article","og_title":"AMVE - Risque et R\u00e9silience","og_description":"Mise en place d\u2019une plateforme de gestion de risques naturels dans 14 communes du Sud du Br\u00e9sil","og_url":"https:\/\/imredd.fr\/en\/project\/risk-and-resilience\/","og_site_name":"IMREDD - Universit\u00e9 C\u00f4te d&#039;Azur","article_publisher":"http:\/\/facebook.com\/imredd.uca","article_modified_time":"2026-02-16T10:36:48+00:00","twitter_card":"summary_large_image","twitter_misc":{"Estimated reading time":"1 minute"},"schema":{"@context":"https:\/\/schema.org","@graph":[{"@type":"WebPage","@id":"https:\/\/imredd.fr\/en\/project\/risk-and-resilience\/","url":"https:\/\/imredd.fr\/en\/project\/risk-and-resilience\/","name":"AMVE - Risk and Resilience - IMREDD - University of C\u00f4te d'Azur","isPartOf":{"@id":"https:\/\/imredd.fr\/#website"},"primaryImageOfPage":{"@id":"https:\/\/imredd.fr\/en\/project\/risk-and-resilience\/#primaryimage"},"image":{"@id":"https:\/\/imredd.fr\/en\/project\/risk-and-resilience\/#primaryimage"},"thumbnailUrl":"https:\/\/imredd.fr\/wp-content\/uploads\/2026\/01\/featured-blumenau.webp","datePublished":"2026-01-06T14:36:12+00:00","dateModified":"2026-02-16T10:36:48+00:00","breadcrumb":{"@id":"https:\/\/imredd.fr\/en\/project\/risk-and-resilience\/#breadcrumb"},"inLanguage":"en-GB","potentialAction":[{"@type":"ReadAction","target":["https:\/\/imredd.fr\/en\/project\/risk-and-resilience\/"]}]},{"@type":"ImageObject","inLanguage":"en-GB","@id":"https:\/\/imredd.fr\/en\/project\/risk-and-resilience\/#primaryimage","url":"https:\/\/imredd.fr\/wp-content\/uploads\/2026\/01\/featured-blumenau.webp","contentUrl":"https:\/\/imredd.fr\/wp-content\/uploads\/2026\/01\/featured-blumenau.webp","width":900,"height":600},{"@type":"BreadcrumbList","@id":"https:\/\/imredd.fr\/en\/project\/risk-and-resilience\/#breadcrumb","itemListElement":[{"@type":"ListItem","position":1,"name":"Accueil","item":"https:\/\/imredd.fr\/"},{"@type":"ListItem","position":2,"name":"Projets","item":"https:\/\/imredd.fr\/projet\/"},{"@type":"ListItem","position":3,"name":"AMVE &#8211; Risque et R\u00e9silience"}]},{"@type":"WebSite","@id":"https:\/\/imredd.fr\/#website","url":"https:\/\/imredd.fr\/","name":"IMREDD - C\u00f4te d'Azur University","description":"Mediterranean Institute for Risk, Environment and Sustainable Development","publisher":{"@id":"https:\/\/imredd.fr\/#organization"},"potentialAction":[{"@type":"SearchAction","target":{"@type":"EntryPoint","urlTemplate":"https:\/\/imredd.fr\/?s={search_term_string}"},"query-input":{"@type":"PropertyValueSpecification","valueRequired":true,"valueName":"search_term_string"}}],"inLanguage":"en-GB"},{"@type":"Organization","@id":"https:\/\/imredd.fr\/#organization","name":"IMREDD - Mediterranean Institute for Risk, Environment and Sustainable Development","url":"https:\/\/imredd.fr\/","logo":{"@type":"ImageObject","inLanguage":"en-GB","@id":"https:\/\/imredd.fr\/#\/schema\/logo\/image\/","url":"https:\/\/imredd.fr\/wp-content\/uploads\/2025\/07\/IMREDD-Logo-couleurs-transparent.png","contentUrl":"https:\/\/imredd.fr\/wp-content\/uploads\/2025\/07\/IMREDD-Logo-couleurs-transparent.png","width":959,"height":164,"caption":"IMREDD - Institut M\u00e9diterran\u00e9en du Risque, de l'Environnement et du D\u00e9veloppement Durable"},"image":{"@id":"https:\/\/imredd.fr\/#\/schema\/logo\/image\/"},"sameAs":["http:\/\/facebook.com\/imredd.uca","http:\/\/linkedin.com\/showcase\/imredd"]}]}},"ptb_metabox":{"ptb_projet_descriptio":"En partenariat avec l'AMVE (Association des Communes de la Moyenne Vall\u00e9e de l\u2019Itaja\u00ed), cette \u00e9tude exp\u00e9rimentale vise la mise en place d\u2019une plateforme de gestion de risques naturels dans les 14 communes de l\u2019\u00c9tat br\u00e9silien de Santa Catarina participantes \u2013 <strong>Api\u00fana, Ascurra, Benedito Novo, Blumenau, Botuver\u00e1, Brusque, Doutor Pedrinho, Gaspar, Guabiruba, Indaial, Pomerode, Rio dos Cedros, Rodeio e Timb\u00f3<\/strong>.\r\n\r\nLa mise en \u0153uvre d\u2019une plateforme de gestion de risques naturels n\u00e9cessite, au pr\u00e9alable, le renforcement des outils technologiques de d\u00e9tection et de suivi de l\u2019\u00e9v\u00e9nement dont disposent les acteurs qui interviennent dans la gestion des risques naturels. L\u2019IMREDD se propose\u00a0<strong>d\u2019exp\u00e9rimenter et de valider un ou plusieurs outil(s) m\u00e9thodologique(s)<\/strong>\u00a0permettant de caract\u00e9riser la d\u00e9tection et les moyens de suivi et de gestion d\u2019un \u00e9v\u00e9nement : faire un \u00ab \u00e9tat z\u00e9ro \u00bb et \u00eatre force de proposition pour progresser. Ensuite, en dupliquant au sein du Smart City Innovation Center les moyens n\u00e9cessaires \u00e0 la compr\u00e9hension et la gestion des risques, l\u2019IMREDD se propose, par l\u2019innovation, de progresser dans l\u2019aide \u00e0 la d\u00e9cision.\r\n<h3>Objectifs op\u00e9rationnels<\/h3>\r\n<ol>\r\n \t<li>Exp\u00e9rimenter et valider un outil m\u00e9thodologique permettant de caract\u00e9riser la d\u00e9tection et les moyens de suivi et de gestion d\u2019un \u00e9v\u00e9nement li\u00e9 \u00e0 un risque :\r\n<ul>\r\n \t<li>Faire un \u00ab \u00e9tat z\u00e9ro \u00bb et \u00eatre force de proposition pour progresser dans la d\u00e9tection et la prise de d\u00e9cision pour les services impliqu\u00e9s dans la gestion de crise.<\/li>\r\n \t<li>\u00c9tablir un liste des sources de donn\u00e9es brutes (de type cam\u00e9ras, capteur route, capteurs hydrom\u00e9triques, service d\u2019ouvrage d\u2019art pour les \u00e9boulements, etc\u2026) par typologie de risques.<\/li>\r\n \t<li>D\u00e9finir et utiliser ces sources de donn\u00e9es afin de les rendre intelligibles.<\/li>\r\n \t<li>D\u00e9finir des tableaux de bord afin de favoriser la compr\u00e9hension et la gestion des risques.<\/li>\r\n<\/ul>\r\n<\/li>\r\n \t<li>H\u00e9berger ou dupliquer au sein du Smart City Innovation Center de l\u2019IMREDD les tableaux de bord ainsi d\u00e9finis.<\/li>\r\n<\/ol>","ptb_projet_related_partner":{"relType":"1","ids":"25976, 25978, 26885"},"ptb_projet_financeur_projet":{"relType":"1"},"ptb_projet_project_related_post":{"relType":"2"},"ptb_projet_publi_scientif_en_lien":{"relType":"1"}},"ptb_taxonomy":{"statut_projet":[{"term_id":449,"name":"Projet achev\u00e9","slug":"projet-acheve","term_group":0,"term_taxonomy_id":449,"taxonomy":"statut_projet","description":"","parent":0,"count":7,"filter":"raw"}],"type_projet":[{"term_id":464,"name":"Projet collaboratif","slug":"projet-collaboratif","term_group":0,"term_taxonomy_id":464,"taxonomy":"type_projet","description":"","parent":0,"count":17,"filter":"raw"}]},"ptb_featured_image":{"url":"https:\/\/imredd.fr\/wp-content\/uploads\/2026\/01\/featured-blumenau.webp","title":"featured-blumenau","caption":""},"_links":{"self":[{"href":"https:\/\/imredd.fr\/en\/wp-json\/wp\/v2\/projet\/25980","targetHints":{"allow":["GET"]}}],"collection":[{"href":"https:\/\/imredd.fr\/en\/wp-json\/wp\/v2\/projet"}],"about":[{"href":"https:\/\/imredd.fr\/en\/wp-json\/wp\/v2\/types\/projet"}],"wp:featuredmedia":[{"embeddable":true,"href":"https:\/\/imredd.fr\/en\/wp-json\/wp\/v2\/media\/25981"}],"wp:attachment":[{"href":"https:\/\/imredd.fr\/en\/wp-json\/wp\/v2\/media?parent=25980"}],"wp:term":[{"taxonomy":"statut_projet","embeddable":true,"href":"https:\/\/imredd.fr\/en\/wp-json\/wp\/v2\/statut_projet?post=25980"},{"taxonomy":"type_projet","embeddable":true,"href":"https:\/\/imredd.fr\/en\/wp-json\/wp\/v2\/type_projet?post=25980"}],"curies":[{"name":"wp","href":"https:\/\/api.w.org\/{rel}","templated":true}]}}