{"id":26597,"date":"2026-01-09T19:38:29","date_gmt":"2026-01-09T18:38:29","guid":{"rendered":"https:\/\/imredd.fr\/?post_type=projet&#038;p=26597"},"modified":"2026-02-16T11:37:23","modified_gmt":"2026-02-16T10:37:23","slug":"smart-city-chair-philosophy-and-ethics","status":"publish","type":"projet","link":"https:\/\/imredd.fr\/en\/projet\/chaire-smart-city-philosophie-ethique\/","title":{"rendered":"Smart City Chair: Philosophy &amp; Ethics"},"excerpt":{"rendered":"<p>Thinking about the intelligent city by putting people back at the heart of technological and ethical issues.<\/p>","protected":false},"featured_media":26612,"parent":0,"menu_order":0,"template":"","statut_projet":[449],"type_projet":[463],"class_list":["post-26597","projet","type-projet","status-publish","has-post-thumbnail","hentry","statut_projet-projet-acheve","type_projet-chaire-partenariale","has-post-title","has-post-date","has-post-category","has-post-tag","has-post-comment","has-post-author",""],"yoast_head":"<!-- This site is optimized with the Yoast SEO Premium plugin v27.4 (Yoast SEO v27.4) - https:\/\/yoast.com\/product\/yoast-seo-premium-wordpress\/ -->\n<title>Chaire Smart City\u00a0: Philosophie &amp; \u00c9thique - IMREDD - Universit\u00e9 C\u00f4te d&#039;Azur<\/title>\n<meta name=\"robots\" content=\"index, follow, max-snippet:-1, max-image-preview:large, max-video-preview:-1\" \/>\n<link rel=\"canonical\" href=\"https:\/\/imredd.fr\/en\/project\/smart-city-chair-philosophy-and-ethics\/\" \/>\n<meta property=\"og:locale\" content=\"en_GB\" \/>\n<meta property=\"og:type\" content=\"article\" \/>\n<meta property=\"og:title\" content=\"Chaire Smart City\u00a0: Philosophie &amp; \u00c9thique\" \/>\n<meta property=\"og:description\" content=\"Penser la ville intelligente en repla\u00e7ant l\u2019humain au c\u0153ur des enjeux technologiques et \u00e9thiques.\" \/>\n<meta property=\"og:url\" content=\"https:\/\/imredd.fr\/en\/project\/smart-city-chair-philosophy-and-ethics\/\" \/>\n<meta property=\"og:site_name\" content=\"IMREDD - Universit\u00e9 C\u00f4te d&#039;Azur\" \/>\n<meta property=\"article:publisher\" content=\"http:\/\/facebook.com\/imredd.uca\" \/>\n<meta property=\"article:modified_time\" content=\"2026-02-16T10:37:23+00:00\" \/>\n<meta name=\"twitter:card\" content=\"summary_large_image\" \/>\n<meta name=\"twitter:label1\" content=\"Estimated reading time\" \/>\n\t<meta name=\"twitter:data1\" content=\"1 minute\" \/>\n<script type=\"application\/ld+json\" class=\"yoast-schema-graph\">{\"@context\":\"https:\\\/\\\/schema.org\",\"@graph\":[{\"@type\":\"WebPage\",\"@id\":\"https:\\\/\\\/imredd.fr\\\/projet\\\/chaire-smart-city-philosophie-ethique\\\/\",\"url\":\"https:\\\/\\\/imredd.fr\\\/projet\\\/chaire-smart-city-philosophie-ethique\\\/\",\"name\":\"Chaire Smart City\u00a0: Philosophie & \u00c9thique - IMREDD - Universit\u00e9 C\u00f4te d&#039;Azur\",\"isPartOf\":{\"@id\":\"https:\\\/\\\/imredd.fr\\\/#website\"},\"primaryImageOfPage\":{\"@id\":\"https:\\\/\\\/imredd.fr\\\/projet\\\/chaire-smart-city-philosophie-ethique\\\/#primaryimage\"},\"image\":{\"@id\":\"https:\\\/\\\/imredd.fr\\\/projet\\\/chaire-smart-city-philosophie-ethique\\\/#primaryimage\"},\"thumbnailUrl\":\"https:\\\/\\\/imredd.fr\\\/wp-content\\\/uploads\\\/2026\\\/01\\\/chaire-philo-featured.png\",\"datePublished\":\"2026-01-09T18:38:29+00:00\",\"dateModified\":\"2026-02-16T10:37:23+00:00\",\"breadcrumb\":{\"@id\":\"https:\\\/\\\/imredd.fr\\\/projet\\\/chaire-smart-city-philosophie-ethique\\\/#breadcrumb\"},\"inLanguage\":\"en-GB\",\"potentialAction\":[{\"@type\":\"ReadAction\",\"target\":[\"https:\\\/\\\/imredd.fr\\\/projet\\\/chaire-smart-city-philosophie-ethique\\\/\"]}]},{\"@type\":\"ImageObject\",\"inLanguage\":\"en-GB\",\"@id\":\"https:\\\/\\\/imredd.fr\\\/projet\\\/chaire-smart-city-philosophie-ethique\\\/#primaryimage\",\"url\":\"https:\\\/\\\/imredd.fr\\\/wp-content\\\/uploads\\\/2026\\\/01\\\/chaire-philo-featured.png\",\"contentUrl\":\"https:\\\/\\\/imredd.fr\\\/wp-content\\\/uploads\\\/2026\\\/01\\\/chaire-philo-featured.png\",\"width\":800,\"height\":600},{\"@type\":\"BreadcrumbList\",\"@id\":\"https:\\\/\\\/imredd.fr\\\/projet\\\/chaire-smart-city-philosophie-ethique\\\/#breadcrumb\",\"itemListElement\":[{\"@type\":\"ListItem\",\"position\":1,\"name\":\"Accueil\",\"item\":\"https:\\\/\\\/imredd.fr\\\/\"},{\"@type\":\"ListItem\",\"position\":2,\"name\":\"Projets\",\"item\":\"https:\\\/\\\/imredd.fr\\\/projet\\\/\"},{\"@type\":\"ListItem\",\"position\":3,\"name\":\"Chaire Smart City\u00a0: Philosophie &#038; \u00c9thique\"}]},{\"@type\":\"WebSite\",\"@id\":\"https:\\\/\\\/imredd.fr\\\/#website\",\"url\":\"https:\\\/\\\/imredd.fr\\\/\",\"name\":\"IMREDD - Universit\u00e9 C\u00f4te d'Azur\",\"description\":\"Institut M\u00e9diterran\u00e9en du Risque, de l&#039;Environnement et du D\u00e9veloppement Durable\",\"publisher\":{\"@id\":\"https:\\\/\\\/imredd.fr\\\/#organization\"},\"potentialAction\":[{\"@type\":\"SearchAction\",\"target\":{\"@type\":\"EntryPoint\",\"urlTemplate\":\"https:\\\/\\\/imredd.fr\\\/?s={search_term_string}\"},\"query-input\":{\"@type\":\"PropertyValueSpecification\",\"valueRequired\":true,\"valueName\":\"search_term_string\"}}],\"inLanguage\":\"en-GB\"},{\"@type\":\"Organization\",\"@id\":\"https:\\\/\\\/imredd.fr\\\/#organization\",\"name\":\"IMREDD - Institut M\u00e9diterran\u00e9en du Risque, de l'Environnement et du D\u00e9veloppement Durable\",\"url\":\"https:\\\/\\\/imredd.fr\\\/\",\"logo\":{\"@type\":\"ImageObject\",\"inLanguage\":\"en-GB\",\"@id\":\"https:\\\/\\\/imredd.fr\\\/#\\\/schema\\\/logo\\\/image\\\/\",\"url\":\"https:\\\/\\\/imredd.fr\\\/wp-content\\\/uploads\\\/2025\\\/07\\\/IMREDD-Logo-couleurs-transparent.png\",\"contentUrl\":\"https:\\\/\\\/imredd.fr\\\/wp-content\\\/uploads\\\/2025\\\/07\\\/IMREDD-Logo-couleurs-transparent.png\",\"width\":959,\"height\":164,\"caption\":\"IMREDD - Institut M\u00e9diterran\u00e9en du Risque, de l'Environnement et du D\u00e9veloppement Durable\"},\"image\":{\"@id\":\"https:\\\/\\\/imredd.fr\\\/#\\\/schema\\\/logo\\\/image\\\/\"},\"sameAs\":[\"http:\\\/\\\/facebook.com\\\/imredd.uca\",\"http:\\\/\\\/linkedin.com\\\/showcase\\\/imredd\"]}]}<\/script>\n<!-- \/ Yoast SEO Premium plugin. -->","yoast_head_json":{"title":"Smart City Chair: Philosophy &amp; Ethics - IMREDD - Universit\u00e9 C\u00f4te d'Azur","robots":{"index":"index","follow":"follow","max-snippet":"max-snippet:-1","max-image-preview":"max-image-preview:large","max-video-preview":"max-video-preview:-1"},"canonical":"https:\/\/imredd.fr\/en\/project\/smart-city-chair-philosophy-and-ethics\/","og_locale":"en_GB","og_type":"article","og_title":"Chaire Smart City\u00a0: Philosophie & \u00c9thique","og_description":"Penser la ville intelligente en repla\u00e7ant l\u2019humain au c\u0153ur des enjeux technologiques et \u00e9thiques.","og_url":"https:\/\/imredd.fr\/en\/project\/smart-city-chair-philosophy-and-ethics\/","og_site_name":"IMREDD - Universit\u00e9 C\u00f4te d&#039;Azur","article_publisher":"http:\/\/facebook.com\/imredd.uca","article_modified_time":"2026-02-16T10:37:23+00:00","twitter_card":"summary_large_image","twitter_misc":{"Estimated reading time":"1 minute"},"schema":{"@context":"https:\/\/schema.org","@graph":[{"@type":"WebPage","@id":"https:\/\/imredd.fr\/projet\/chaire-smart-city-philosophie-ethique\/","url":"https:\/\/imredd.fr\/projet\/chaire-smart-city-philosophie-ethique\/","name":"Smart City Chair: Philosophy &amp; Ethics - IMREDD - Universit\u00e9 C\u00f4te d'Azur","isPartOf":{"@id":"https:\/\/imredd.fr\/#website"},"primaryImageOfPage":{"@id":"https:\/\/imredd.fr\/projet\/chaire-smart-city-philosophie-ethique\/#primaryimage"},"image":{"@id":"https:\/\/imredd.fr\/projet\/chaire-smart-city-philosophie-ethique\/#primaryimage"},"thumbnailUrl":"https:\/\/imredd.fr\/wp-content\/uploads\/2026\/01\/chaire-philo-featured.png","datePublished":"2026-01-09T18:38:29+00:00","dateModified":"2026-02-16T10:37:23+00:00","breadcrumb":{"@id":"https:\/\/imredd.fr\/projet\/chaire-smart-city-philosophie-ethique\/#breadcrumb"},"inLanguage":"en-GB","potentialAction":[{"@type":"ReadAction","target":["https:\/\/imredd.fr\/projet\/chaire-smart-city-philosophie-ethique\/"]}]},{"@type":"ImageObject","inLanguage":"en-GB","@id":"https:\/\/imredd.fr\/projet\/chaire-smart-city-philosophie-ethique\/#primaryimage","url":"https:\/\/imredd.fr\/wp-content\/uploads\/2026\/01\/chaire-philo-featured.png","contentUrl":"https:\/\/imredd.fr\/wp-content\/uploads\/2026\/01\/chaire-philo-featured.png","width":800,"height":600},{"@type":"BreadcrumbList","@id":"https:\/\/imredd.fr\/projet\/chaire-smart-city-philosophie-ethique\/#breadcrumb","itemListElement":[{"@type":"ListItem","position":1,"name":"Accueil","item":"https:\/\/imredd.fr\/"},{"@type":"ListItem","position":2,"name":"Projets","item":"https:\/\/imredd.fr\/projet\/"},{"@type":"ListItem","position":3,"name":"Chaire Smart City\u00a0: Philosophie &#038; \u00c9thique"}]},{"@type":"WebSite","@id":"https:\/\/imredd.fr\/#website","url":"https:\/\/imredd.fr\/","name":"IMREDD - C\u00f4te d'Azur University","description":"Mediterranean Institute for Risk, Environment and Sustainable Development","publisher":{"@id":"https:\/\/imredd.fr\/#organization"},"potentialAction":[{"@type":"SearchAction","target":{"@type":"EntryPoint","urlTemplate":"https:\/\/imredd.fr\/?s={search_term_string}"},"query-input":{"@type":"PropertyValueSpecification","valueRequired":true,"valueName":"search_term_string"}}],"inLanguage":"en-GB"},{"@type":"Organization","@id":"https:\/\/imredd.fr\/#organization","name":"IMREDD - Mediterranean Institute for Risk, Environment and Sustainable Development","url":"https:\/\/imredd.fr\/","logo":{"@type":"ImageObject","inLanguage":"en-GB","@id":"https:\/\/imredd.fr\/#\/schema\/logo\/image\/","url":"https:\/\/imredd.fr\/wp-content\/uploads\/2025\/07\/IMREDD-Logo-couleurs-transparent.png","contentUrl":"https:\/\/imredd.fr\/wp-content\/uploads\/2025\/07\/IMREDD-Logo-couleurs-transparent.png","width":959,"height":164,"caption":"IMREDD - Institut M\u00e9diterran\u00e9en du Risque, de l'Environnement et du D\u00e9veloppement Durable"},"image":{"@id":"https:\/\/imredd.fr\/#\/schema\/logo\/image\/"},"sameAs":["http:\/\/facebook.com\/imredd.uca","http:\/\/linkedin.com\/showcase\/imredd"]}]}},"ptb_metabox":{"ptb_projet_descriptio":"A l\u2019heure de l\u2019homme connect\u00e9, en qu\u00eate d\u2019espaces virtuels sur lesquels projeter de nouveaux d\u00e9sirs, il s\u2019agit de poser, face \u00e0 des demandes bien r\u00e9elles, les infrastructures qui pourront r\u00e9pondre \u00e0 des besoins in\u00e9dits, am\u00e9liorer l\u2019habitat et par voie de cons\u00e9quence fa\u00e7onner le citoyen du futur afin d\u2019am\u00e9liorer le vivre ensemble au c\u0153ur des villes et repenser leur gouvernance.\r\n\r\nPour l\u2019homme d\u2019aujourd\u2019hui,\u00a0la \u00ab\u00a0ville de demain\u00a0\u00bb ou Smart City sera m\u00e9connaissable, m\u00e9tamorphos\u00e9e parce qu\u2019elle souhaite r\u00e9pondre aux nouveaux d\u00e9fis et rendre la ville intelligente en anticipant sur l\u2019am\u00e9nagement du territoire et la mise en place de structures modernes et fonctionnelles. N\u00e9anmoins cette r\u00e9volution de l\u2019habitat et des technosciences ne peut se dispenser d\u2019une r\u00e9flexion philosophique parce qu\u2019il s\u2019agit de reconsid\u00e9rer \u2013 dans un \u00ab futur proche \u00bb \u2013 la place de l\u2019homme au c\u0153ur de ces agglom\u00e9rations qui, pour l\u2019heure, constituent surtout des espaces ou les enjeux \u00e9conomiques et industriels sont consid\u00e9rables.\r\n\r\n[embed]https:\/\/youtu.be\/mr6LdrMSZBw?si=68BnLaExdeOUFxfH[\/embed]","ptb_projet_related_partner":{"relType":"1","ids":"26606, 26598, 26605, 26608, 26607, 26611, 25262, 26885"},"ptb_projet_financeur_projet":{"relType":"1"},"ptb_projet_project_related_post":{"relType":"2","ids":"94"},"ptb_projet_publi_scientif_en_lien":{"relType":"1"}},"ptb_taxonomy":{"statut_projet":[{"term_id":449,"name":"Projet achev\u00e9","slug":"projet-acheve","term_group":0,"term_taxonomy_id":449,"taxonomy":"statut_projet","description":"","parent":0,"count":7,"filter":"raw"}],"type_projet":[{"term_id":463,"name":"Chaire partenariale","slug":"chaire-partenariale","term_group":0,"term_taxonomy_id":463,"taxonomy":"type_projet","description":"","parent":0,"count":4,"filter":"raw"}]},"ptb_featured_image":{"url":"https:\/\/imredd.fr\/wp-content\/uploads\/2026\/01\/chaire-philo-featured.png","title":"chair-philo-featured","caption":""},"_links":{"self":[{"href":"https:\/\/imredd.fr\/en\/wp-json\/wp\/v2\/projet\/26597","targetHints":{"allow":["GET"]}}],"collection":[{"href":"https:\/\/imredd.fr\/en\/wp-json\/wp\/v2\/projet"}],"about":[{"href":"https:\/\/imredd.fr\/en\/wp-json\/wp\/v2\/types\/projet"}],"wp:featuredmedia":[{"embeddable":true,"href":"https:\/\/imredd.fr\/en\/wp-json\/wp\/v2\/media\/26612"}],"wp:attachment":[{"href":"https:\/\/imredd.fr\/en\/wp-json\/wp\/v2\/media?parent=26597"}],"wp:term":[{"taxonomy":"statut_projet","embeddable":true,"href":"https:\/\/imredd.fr\/en\/wp-json\/wp\/v2\/statut_projet?post=26597"},{"taxonomy":"type_projet","embeddable":true,"href":"https:\/\/imredd.fr\/en\/wp-json\/wp\/v2\/type_projet?post=26597"}],"curies":[{"name":"wp","href":"https:\/\/api.w.org\/{rel}","templated":true}]}}